{"id":294,"date":"2021-06-30T19:31:06","date_gmt":"2021-07-01T00:31:06","guid":{"rendered":"https:\/\/www.salud101.cc\/?page_id=294"},"modified":"2023-12-19T09:15:45","modified_gmt":"2023-12-19T14:15:45","slug":"dano-por-vacuas-covid-19","status":"publish","type":"page","link":"https:\/\/www.salud101.cc\/index.php\/dano-por-vacuas-covid-19\/","title":{"rendered":"Da\u00f1o por Vacunas COVID-19"},"content":{"rendered":"\n<p>Aca encontrar\u00e1 pacientes que reportan eventos adversos por ser conejillos de indias de las grandes farmac\u00e9uticas. Este listado es solo una peque\u00f1a muestra y lo seguire actualizando.<\/p>\n\n\n\n<p>\u00daltima actualizaci\u00f3n: 19. Diciembre 2023<\/p>\n\n\n\n<p>Pero antes, si sufriste un da\u00f1o a consecuencia de la vacuna puedes reportarlo en el <a href=\"https:\/\/www.icandecide.org\/report-a-covid-19-vaccine-injury\/\">Informed Consent Action Network<\/a>.<\/p>\n\n\n\n<h3 class=\"wp-block-heading\" id=\"lisa-shaw-la-presentadora-de-la-bbc-de-44-anos-murio-de-un-coagulo-de-sangre-despues-de-recibir-la-vacuna-astrazeneca-covid-dice-su-familia\">Lisa Shaw, la presentadora de la BBC, de 44 a\u00f1os, muri\u00f3 de un co\u00e1gulo de sangre despu\u00e9s de recibir la vacuna AstraZeneca Covid, dice su familia<\/h3>\n\n\n\n<p>Una presentadora de la BBC &#8220;BRILLANTE&#8221; muri\u00f3 despu\u00e9s de sufrir un co\u00e1gulo de sangre despu\u00e9s de la vacuna AstraZeneca Covid, dijo hoy su familia.<\/p>\n\n\n\n<p>La madre de 44 a\u00f1os, que trabajaba para BBC Newcastle, desarroll\u00f3 dolores de cabeza &#8220;severos&#8221; una semana despu\u00e9s de recibir la vacuna de Covid y cay\u00f3 gravemente enferma unos d\u00edas despu\u00e9s, dijo su familia en un comunicado.<\/p>\n\n\n\n<p><a href=\"https:\/\/www.thesun.co.uk\/tv\/15088900\/lisa-shaw-dead-44-bbc-presenter-covid-vaccine-astrazeneca\/\">https:\/\/www.thesun.co.uk\/tv\/15088900\/lisa-shaw-dead-44-bbc-presenter-covid-vaccine-astrazeneca\/<\/a><\/p>\n\n\n\n<p><a href=\"https:\/\/corona-blog.net\/2021\/06\/29\/mutter-47-eines-5-jaehrigen-stirbt-nach-corona-impfung-trotz-notoperation\/\">Madre (47) de un ni\u00f1o de 5 a\u00f1os muere despu\u00e9s de una vacunaci\u00f3n corona a pesar de una cirug\u00eda de emergencia<\/a><\/p>\n\n\n\n<p><a href=\"https:\/\/corona-blog.net\/2021\/06\/29\/man-glaubt-den-menschen-vertraut-darauf-dass-der-impfstoff-erforscht-ist-jonas-35-wurde-mit-astrazeneca-geimpft\/\">&#8220;Se cree en la gente, y se conf\u00eda en que la vacuna ha sido investigada&#8221; &#8211; Jonas 35 fue vacunado con AstraZeneca<\/a> (Trombosis en la pierna derecha y embolia de pulm\u00f3n)<\/p>\n\n\n\n<p><a href=\"https:\/\/corona-blog.net\/2021\/06\/29\/vom-impfbefuerworter-zum-impfzweifler-mario-liegt-nach-seiner-biontech-impfung-auf-der-intensivstation\/\">De defensor de la vacunaci\u00f3n a esc\u00e9ptico de la vacunaci\u00f3n: Mario est\u00e1 en la unidad de cuidados intensivos despu\u00e9s de su vacunaci\u00f3n BioNTech (Pfizer)<\/a><\/p>\n\n\n\n<p><a href=\"https:\/\/corona-blog.net\/2021\/06\/29\/12-jahre-altes-maedchen-freut-sich-an-der-impfstoffstudie-teilzunehmen-nun-sitzt-maddie-im-rollstuhl\/\">Una ni\u00f1a de 12 a\u00f1os est\u00e1 emocionada de participar en el estudio de la vacuna; ahora Maddie est\u00e1 en silla de ruedas<\/a><\/p>\n\n\n\n<p>El Senador Ron Johnson de Wisconsin, USA, reporta en su <a href=\"https:\/\/twitter.com\/SenRonJohnson\">Twitter varios casos<\/a><\/p>\n\n\n\n<figure class=\"wp-block-image size-large\"><img loading=\"lazy\" decoding=\"async\" width=\"1024\" height=\"728\" src=\"https:\/\/www.salud101.cc\/wp-content\/uploads\/2021\/06\/image-1024x728.png\" alt=\"\" class=\"wp-image-295\" srcset=\"https:\/\/www.salud101.cc\/wp-content\/uploads\/2021\/06\/image-1024x728.png 1024w, https:\/\/www.salud101.cc\/wp-content\/uploads\/2021\/06\/image-300x213.png 300w, https:\/\/www.salud101.cc\/wp-content\/uploads\/2021\/06\/image-768x546.png 768w, https:\/\/www.salud101.cc\/wp-content\/uploads\/2021\/06\/image.png 1280w\" sizes=\"auto, (max-width: 1024px) 100vw, 1024px\" \/><figcaption class=\"wp-element-caption\">Caso en Nueva Delhi &#8211; India<\/figcaption><\/figure>\n\n\n\n<figure class=\"wp-block-image size-large\"><img loading=\"lazy\" decoding=\"async\" width=\"995\" height=\"1024\" src=\"https:\/\/www.salud101.cc\/wp-content\/uploads\/2021\/07\/image-995x1024.png\" alt=\"\" class=\"wp-image-303\" srcset=\"https:\/\/www.salud101.cc\/wp-content\/uploads\/2021\/07\/image-995x1024.png 995w, https:\/\/www.salud101.cc\/wp-content\/uploads\/2021\/07\/image-292x300.png 292w, https:\/\/www.salud101.cc\/wp-content\/uploads\/2021\/07\/image-768x790.png 768w, https:\/\/www.salud101.cc\/wp-content\/uploads\/2021\/07\/image.png 1080w\" sizes=\"auto, (max-width: 995px) 100vw, 995px\" \/><figcaption class=\"wp-element-caption\">https:\/\/twitter.com\/peterspann<\/figcaption><\/figure>\n\n\n\n<p><a href=\"https:\/\/rumble.com\/vj9yy9-deaths-from-vaccine-top-6k-as-fda-issues-warning-after-spike-in-cases-of-fa.html\">Las muertes por vacunas superan los 6K mientras la FDA emite una advertencia tras un aumento en los casos de inflamaci\u00f3n card\u00edaca fatal<\/a><\/p>\n\n\n\n<figure class=\"wp-block-embed is-type-wp-embed is-provider-rumble-com wp-block-embed-rumble-com\"><div class=\"wp-block-embed__wrapper\">\n<iframe loading=\"lazy\" class=\"wp-embedded-content\" sandbox=\"allow-scripts\" security=\"restricted\" title=\"Deaths from vaccine top 6K as FDA issues warning after spike in cases of fatal heart inflammation\" src=\"https:\/\/rumble.com\/embed\/vgnssz\/?pub=4#?secret=guCGzDMCwq\" data-secret=\"guCGzDMCwq\" width=\"1440\" height=\"1080\" frameborder=\"0\"><\/iframe>\n<\/div><\/figure>\n\n\n\n<p>Video tomado de Martin Rutter &#8211; GemeInsam Die Plandemie &amp; GreatReset. Se informaron millones de efectos secundarios oficiales. <\/p>\n\n\n\n<figure class=\"wp-block-embed is-type-wp-embed is-provider-bitchute wp-block-embed-bitchute\"><div class=\"wp-block-embed__wrapper\">\n<iframe loading=\"lazy\" class=\"wp-embedded-content\" sandbox=\"allow-scripts\" security=\"restricted\" title=\"Moderna Reactions!!! This is the Moderna Jab!!! Please don&#039;t vaccinate!!!\" width=\"459\" height=\"344\" src=\"https:\/\/www.bitchute.com\/embed\/InKqRescd9tn\/?feature=oembed#?secret=EX6oKuHU7O\" data-secret=\"EX6oKuHU7O\" frameborder=\"0\"><\/iframe>\n<\/div><\/figure>\n\n\n\n<p>Video tomado de Impfschaden Corona. La voz es de la hija que graba el video en un vacunatorio. Despu\u00e9s de la detecci\u00f3n inicial y al recibir el consentimiento informado, a la mujer se le administr\u00f3 con una dosis de vacuna a las 9.20am, el 26 de junio de 2021.<\/p>\n\n\n\n<figure class=\"wp-block-embed is-type-wp-embed is-provider-bitchute wp-block-embed-bitchute\"><div class=\"wp-block-embed__wrapper\">\n<iframe loading=\"lazy\" class=\"wp-embedded-content\" sandbox=\"allow-scripts\" security=\"restricted\" title=\"57-y-o woman in Miri, Sarawak, Malaysia, died immediately after receiving the first needle!\" width=\"459\" height=\"344\" src=\"https:\/\/www.bitchute.com\/embed\/GhJjPoIUve2W\/?feature=oembed#?secret=v4kKlXdHmQ\" data-secret=\"v4kKlXdHmQ\" frameborder=\"0\"><\/iframe>\n<\/div><\/figure>\n\n\n\n<h2 class=\"wp-block-heading\" id=\"despues-de-la-vacunacion-covid-sarah-knappik-debe-ser-atendida-de-urgencia\">Despu\u00e9s de la vacunaci\u00f3n COVID: Sarah Knappik debe ser atendida de urgencia<\/h2>\n\n\n\n<p>Durante 3 meses la modelo ha estado en silencio por sus tareas de mam\u00e1, pero ahora Sarah Knappik ha informado que despu\u00e9s de su segunda vacunaci\u00f3n COVID estaba tan mal que tuvo que llamar a la ambulancia.<\/p>\n\n\n\n<p><a href=\"https:\/\/www.t-online.de\/unterhaltung\/stars\/id_90403984\/sarah-knappik-notarzt-einsatz-nach-zweiter-corona-impfung.html\">https:\/\/www.t-online.de\/unterhaltung\/stars\/id_90403984\/sarah-knappik-notarzt-einsatz-nach-zweiter-corona-impfung.html<\/a><\/p>\n\n\n\n<h2 class=\"wp-block-heading\" id=\"la-escuela-de-mi-hijo-hizo-que-le-pusieran-la-vacuna-covid-ahora-tiene-una-afeccion-cardiaca\">La escuela de mi hijo hizo que le pusieran la vacuna COVID, ahora tiene una afecci\u00f3n card\u00edaca<\/h2>\n\n\n\n<p>Un estudiante de 17 a\u00f1os, que se recuper\u00f3 de COVID pero que deb\u00eda recibir la vacuna para poder asistir a la escuela y jugar f\u00fatbol, desarroll\u00f3 una afecci\u00f3n card\u00edaca poco despu\u00e9s de recibir la vacuna Pfizer.<\/p>\n\n\n\n<figure class=\"wp-block-embed is-type-wp-embed is-provider-children-039-s-health-defense wp-block-embed-children-039-s-health-defense\"><div class=\"wp-block-embed__wrapper\">\n<blockquote class=\"wp-embedded-content\" data-secret=\"mvVOevS3mc\"><a href=\"https:\/\/childrenshealthdefense.org\/defender\/teen-heart-condition-pfizer-covid-vaccine-fabio-berlingieri-fox-friends\/\">Dad: My Son\u2019s School Made Him Get a COVID Vaccine, Now He Has a Heart Condition<\/a><\/blockquote><iframe loading=\"lazy\" class=\"wp-embedded-content\" sandbox=\"allow-scripts\" security=\"restricted\" style=\"position: absolute; clip: rect(1px, 1px, 1px, 1px);\" title=\"&#8220;Dad: My Son\u2019s School Made Him Get a COVID Vaccine, Now He Has a Heart Condition&#8221; &#8212; Children&#039;s Health Defense\" src=\"https:\/\/childrenshealthdefense.org\/defender\/teen-heart-condition-pfizer-covid-vaccine-fabio-berlingieri-fox-friends\/embed\/#?secret=ioJSL9XNyN#?secret=mvVOevS3mc\" data-secret=\"mvVOevS3mc\" width=\"600\" height=\"338\" frameborder=\"0\" marginwidth=\"0\" marginheight=\"0\" scrolling=\"no\"><\/iframe>\n<\/div><\/figure>\n\n\n\n<h2 class=\"wp-block-heading\" id=\"la-familia-demanda-respuestas-mientras-padre-de-dos-hijos-de-57-anos-lucha-por-su-vida-en-un-respirador-con-sindrome-de-guillain-barre-potencialmente-mortal-despues-de-recibir-un-pinchazo-covid-de-astrazeneca\">La familia demanda respuestas mientras padre de dos hijos, de 57 a\u00f1os, lucha por su vida en un respirador con s\u00edndrome de Guillain-Barr\u00e9 potencialmente mortal despu\u00e9s de recibir un pinchazo covid de AstraZeneca<\/h2>\n\n\n\n<p>La familia de un padre de dos ni\u00f1os exige respuestas mientras \u00e9l lucha por su vida con un s\u00edndrome potencialmente fatal despu\u00e9s de recibir el jab de AztraZeneca Covid.<\/p>\n\n\n\n<p>Anthony Shingler, de 57 a\u00f1os, de Northwood en Stoke-on-Trent, qued\u00f3 &#8216;paralizado&#8217; despu\u00e9s de recibir su primera dosis del jab hace tres meses en marzo.<\/p>\n\n\n\n<p>Desde entonces, le diagnosticaron el s\u00edndrome de Guillain-Barr\u00e9, que es una afecci\u00f3n muy rara y grave que afecta los nervios del cuerpo.<\/p>\n\n\n\n<p><a href=\"https:\/\/www.dailymail.co.uk\/news\/article-9760519\/Family-demand-answers-father-fights-life-ventilator-having-AstraZeneca-jab.html\">https:\/\/www.dailymail.co.uk\/news\/article-9760519\/Family-demand-answers-father-fights-life-ventilator-having-AstraZeneca-jab.html<\/a><\/p>\n\n\n\n<h2 class=\"wp-block-heading\" id=\"alarma-por-las-vacunas-pfizer-murio-un-nino-de-trece-anos-tras-recibir-una-dosis-contra-la-covid-en-michigan\">Alarma por las vacunas Pfizer: muri\u00f3 un ni\u00f1o de trece a\u00f1os tras recibir una dosis contra la COVID en Michigan<\/h2>\n\n\n\n<p>Jacob Clynick fue vacunado en una tienda, sinti\u00f3 dolores de est\u00f3mago y dos d\u00edas despu\u00e9s falleci\u00f3 mientras dorm\u00eda.<\/p>\n\n\n\n<p><a href=\"https:\/\/www.clarin.com\/internacional\/alarma-vacunas-pfizer-murio-nino-trece-anos-recibir-dosis-covid-michigan_0_j0cAwtcAu.html\">https:\/\/www.clarin.com\/internacional\/alarma-vacunas-pfizer-murio-nino-trece-anos-recibir-dosis-covid-michigan_0_j0cAwtcAu.html<\/a><\/p>\n\n\n\n<h2 class=\"wp-block-heading\" id=\"murio-a-los-32-anos-tras-recibir-la-vacuna-de-astrazeneca-y-su-esposa-pide-ayuda\">Muri\u00f3 a los 32 a\u00f1os tras recibir la vacuna de AstraZeneca y su esposa pide ayuda<\/h2>\n\n\n\n<p>Solo 10 d\u00edas despu\u00e9s de la primera dosis debi\u00f3 ser trasladado de urgencia a un hospital. Hoy su viuda reclama apoyo.<\/p>\n\n\n\n<p><a href=\"https:\/\/www.clarin.com\/internacional\/covid-murio-32-anos-recibir-vacuna-astrazeneca-esposa-pide-ayuda_0_DWLhABN4n.html\">https:\/\/www.clarin.com\/internacional\/covid-murio-32-anos-recibir-vacuna-astrazeneca-esposa-pide-ayuda_0_DWLhABN4n.html<\/a><\/p>\n\n\n\n<h2 class=\"wp-block-heading\" id=\"los-ultimos-datos-del-sistema-de-reportes-adversos-de-la-cdc-vaers-muestran-que-las-lesiones-reportadas-superan-las-400-000-despues-de-las-vacunas-covid\">Los \u00faltimos datos del sistema de reportes adversos de la CDC, VAERS, muestran que las lesiones reportadas superan las 400,000 despu\u00e9s de las vacunas COVID<\/h2>\n\n\n\n<p>Los datos de VAERS publicados hoy por los CDC mostraron un total de 441,931 informes de eventos adversos de todos los grupos de edad despu\u00e9s de las vacunas COVID, incluidas 6,985 muertes y 34,065 lesiones graves entre el 14 de diciembre de 2020 y el 25 de junio de 2021.<\/p>\n\n\n\n<figure class=\"wp-block-embed is-type-wp-embed is-provider-children-039-s-health-defense wp-block-embed-children-039-s-health-defense\"><div class=\"wp-block-embed__wrapper\">\n<blockquote class=\"wp-embedded-content\" data-secret=\"BRP2GA9Ok9\"><a href=\"https:\/\/childrenshealthdefense.org\/defender\/cdc-vaers-injuries-400000-following-covid-vaccines\/\">Latest CDC VAERS Data Show Reported Injuries Surpass 400,000 Following COVID Vaccines<\/a><\/blockquote><iframe loading=\"lazy\" class=\"wp-embedded-content\" sandbox=\"allow-scripts\" security=\"restricted\" style=\"position: absolute; clip: rect(1px, 1px, 1px, 1px);\" title=\"&#8220;Latest CDC VAERS Data Show Reported Injuries Surpass 400,000 Following COVID Vaccines&#8221; &#8212; Children&#039;s Health Defense\" src=\"https:\/\/childrenshealthdefense.org\/defender\/cdc-vaers-injuries-400000-following-covid-vaccines\/embed\/#?secret=2XJEcm2LsV#?secret=BRP2GA9Ok9\" data-secret=\"BRP2GA9Ok9\" width=\"600\" height=\"338\" frameborder=\"0\" marginwidth=\"0\" marginheight=\"0\" scrolling=\"no\"><\/iframe>\n<\/div><\/figure>\n\n\n\n<h2 class=\"wp-block-heading\" id=\"la-cdc-manipulo-los-datos-del-estudio-para-demostrar-que-las-vacunas-covid-19-son-seguras-para-las-mujeres-embarazadas-cuando-en-realidad-4-de-cada-5-sufrieron-un-aborto-espontaneo\">La CDC manipul\u00f3 los datos del estudio para demostrar que las vacunas Covid-19 son seguras para las mujeres embarazadas cuando en realidad 4 de cada 5 sufrieron un aborto espont\u00e1neo<\/h2>\n\n\n\n<p>Los datos han sido manipulados por cient\u00edficos que llevan a cabo un estudio en el mundo real para la CDC para demostrar que las vacunas Covid-19 son seguras para su uso durante el embarazo; sin embargo, un an\u00e1lisis de los hallazgos reales muestra que 4 de cada 5 mujeres embarazadas vacunadas sufrieron un aborto espont\u00e1neo. <\/p>\n\n\n\n<p><a href=\"https:\/\/dailyexpose.co.uk\/2021\/07\/06\/cdc-manipulated-study-data-to-show-the-covid-19-vaccines-are-safe-for-pregnant-women-when-in-reality-4-in-5-suffered-a-miscarriage\/\">https:\/\/dailyexpose.co.uk\/2021\/07\/06\/cdc-manipulated-study-data-to-show-the-covid-19-vaccines-are-safe-for-pregnant-women-when-in-reality-4-in-5-suffered-a-miscarriage\/<\/a><\/p>\n\n\n\n<h2 class=\"wp-block-heading\" id=\"miles-de-vuelos-cancelados-debido-a-que-los-pilotos-vacunados-caen-enfermos-o-mueren\">Miles de vuelos cancelados debido a que los Pilotos vacunados caen enfermos o mueren<\/h2>\n\n\n\n<p><a href=\"https:\/\/thecoloradoherald.com\/2021\/thousands-of-flights-cancelled-as-vaccinated-pilots-fall-ill-or-die\/\">https:\/\/thecoloradoherald.com\/2021\/thousands-of-flights-cancelled-as-vaccinated-pilots-fall-ill-or-die\/<\/a><\/p>\n\n\n\n<h2 class=\"wp-block-heading\" id=\"fuerte-acumulacion-de-inflamacion-despues-de-la-vacunacion\">Fuerte acumulaci\u00f3n de inflamaci\u00f3n despu\u00e9s de la vacunaci\u00f3n<\/h2>\n\n\n\n<p>El cirujano ortop\u00e9dico, Dr. Jarozlav Belsky, informa un fuerte aumento de inflamaciones \u00f3seas en implantes de personas que han recibido una vacuna COVID. A primera vista, no parece haber ninguna conexi\u00f3n, pero si se examina m\u00e1s de cerca, s\u00ed. Descubrimos lo que PEI y los medios no quieren ver.<\/p>\n\n\n\n<p><a href=\"https:\/\/corona-blog.net\/2021\/07\/03\/dr-jarozlav-belsky-starke-haeufung-von-entzuendungen-nach-der-impfung\/\">https:\/\/corona-blog.net\/2021\/07\/03\/dr-jarozlav-belsky-starke-haeufung-von-entzuendungen-nach-der-impfung\/<\/a><\/p>\n\n\n\n<h2 class=\"wp-block-heading\" id=\"nuevo-estudio-vincula-dolor-agudo-de-pecho-en-soldados-varones-con-las-vacunas-de-arnm\">Nuevo estudio vincula &#8220;dolor agudo de pecho&#8221; en soldados varones con las vacunas de ARNm<\/h2>\n\n\n\n<p>Se han publicado m\u00e1s investigaciones que destacan los efectos secundarios m\u00e1s problem\u00e1ticos relacionados con las inyecciones de COVID-19. La semana pasada, publicamos nuestra \u00faltima actualizaci\u00f3n sobre casos raros de inflamaci\u00f3n card\u00edaca que se han relacionado con los pinchazos de ARNm COVID, incluidas las vacunas de Pfizer-BioNTech y Moderna. Despu\u00e9s de una reuni\u00f3n secreta apresurada con su consejo asesor sobre la seguridad de las vacunas, la FDA lanz\u00f3 a rega\u00f1adientes una advertencia pidiendo a los pacientes que experimentan estos s\u00edntomas que busquen ayuda inmediatamente.<\/p>\n\n\n\n<p><a href=\"https:\/\/www.zerohedge.com\/covid-19\/new-study-shows-dangerous-hearth-inflammation-likely-tied-pfizer-moderna-jabs\">https:\/\/www.zerohedge.com\/covid-19\/new-study-shows-dangerous-hearth-inflammation-likely-tied-pfizer-moderna-jabs<\/a><\/p>\n\n\n\n<h2 class=\"wp-block-heading\" id=\"la-fda-confirma-que-las-vacunas-pfizer-y-moderna-pueden-causar-inflamacion-del-corazon\">La FDA confirma que las vacunas Pfizer y Moderna pueden causar inflamaci\u00f3n del coraz\u00f3n<\/h2>\n\n\n\n<p>La agencia reguladora de alimentos y medicamentos de EE. UU. (FDA) anunci\u00f3 el jueves 24 de junio que las vacunas contra el Virus del Partido Comunista Chino (PCCh) (COVID-19) de los laboratorios Pfizer y Moderna ahora llevar\u00e1n la advertencia de que uno de sus efectos adversos es inflamaci\u00f3n del coraz\u00f3n, miocarditis y pericarditis.<\/p>\n\n\n\n<p><a href=\"https:\/\/thebl.com\/health\/fda-confirms-pfizer-and-moderna-vaccines-can-cause-heart-inflammation.html\">https:\/\/thebl.com\/health\/fda-confirms-pfizer-and-moderna-vaccines-can-cause-heart-inflammation.html<\/a><\/p>\n\n\n\n<h2 class=\"wp-block-heading\" id=\"instituto-paul-ehrlich-1028-muertes-despues-de-la-vacunacion-corona-en-alemania\">Instituto Paul Ehrlich: 1028 muertes despu\u00e9s de la vacunaci\u00f3n corona en Alemania<\/h2>\n\n\n\n<p>Se produjeron reacciones adversas graves en 10,578 casos sospechosos despu\u00e9s de la vacunaci\u00f3n. 1028 personas murieron. La causa exacta de la muerte no est\u00e1 clara.<\/p>\n\n\n\n<p><a href=\"https:\/\/www.berliner-zeitung.de\/news\/paul-ehrlich-institut-1028-todesfaelle-nach-corona-impfung-in-deutschland-li.172421.amp\">https:\/\/www.berliner-zeitung.de\/news\/paul-ehrlich-institut-1028-todesfaelle-nach-corona-impfung-in-deutschland-li.172421.amp<\/a><\/p>\n\n\n\n<h2 class=\"wp-block-heading\" id=\"las-vacunas-pfizer-contra-el-covid-destruyen-todos-los-sistemas-del-cuerpo-humano-asi-lo-advierten-expertos-en-salud-israelies\">Las vacunas Pfizer contra el Covid &#8220;destruyen todos los sistemas del cuerpo humano&#8221;, asi lo advierten expertos en salud israel\u00edes<\/h2>\n\n\n\n<p>El Comit\u00e9 del Pueblo de Israel (IPC), un grupo de expertos en salud israel\u00edes liderado por ciudadanos, ha publicado su informe de abril emitiendo una advertencia urgente de que la vacuna Pfizer \/ BioNTech da\u00f1a pr\u00e1cticamente todos los sistemas del cuerpo.<\/p>\n\n\n\n<p><a href=\"https:\/\/dailyexpose.co.uk\/2021\/07\/23\/pfizer-covid-vaccines-destroy-every-system-of-the-human-body-warns-israeli-health-experts\/\">https:\/\/dailyexpose.co.uk\/2021\/07\/23\/pfizer-covid-vaccines-destroy-every-system-of-the-human-body-warns-israeli-health-experts\/<\/a><\/p>\n\n\n\n<h2 class=\"wp-block-heading\" id=\"nuevo-documento-de-registros-de-va-de-covid-19-informa-de-reacciones-adversas-a-la-vacuna-entre-veteranos-y-retiene-los-informes-detallados\">Nuevo documento de registros de VA de COVID-19 informa de reacciones adversas a la vacuna entre veteranos y retiene los informes detallados<\/h2>\n\n\n\n<p>(Washington, DC) Judicial Watch anunci\u00f3 hoy que recibi\u00f3 75 p\u00e1ginas de registros del Departamento de Asuntos de Veteranos que detallan las reacciones adversas que tuvieron los veteranos a las vacunas COVID-19. En abril de 2021, Veteran\u2019s Health Services inform\u00f3 de 895 reacciones graves que incluyeron: 20 paros card\u00edacos, 36 accidentes cerebrovasculares, 15 casos de trombosis venosa profunda, 10 ataques card\u00edacos y 19 embolias pulmonares. Tambi\u00e9n informaron m\u00e1s de 26.000 reacciones menos graves. La agencia retuvo los detalles del informe individual, citando supuesta privacidad y problemas relacionados.<\/p>\n\n\n\n<p><a href=\"https:\/\/www.judicialwatch.org\/press-releases\/vaccine-veterans-crt\/\">https:\/\/www.judicialwatch.org\/press-releases\/vaccine-veterans-crt\/<\/a><\/p>\n\n\n\n<h2 class=\"wp-block-heading\" id=\"video-que-explica-como-las-vacunas-de-arnm-producen-coagulacion-en-la-sangre-y-como-detectarla-con-la-prueba-de-dimero-d-por-el-dr-charles-hoffe\">Video que explica como las vacunas de ARNm producen coagulacion en la sangre y como detectarla con la prueba de Dimero-D, por el Dr. Charles Hoffe<\/h2>\n\n\n\n<figure class=\"wp-block-embed is-type-wp-embed is-provider-bitchute wp-block-embed-bitchute\"><div class=\"wp-block-embed__wrapper\">\n<iframe loading=\"lazy\" class=\"wp-embedded-content\" sandbox=\"allow-scripts\" security=\"restricted\" title=\"How mRNA shots produce blood-clotting and how to detect it with the D-dimer test - Dr Charles Hoffe\" width=\"459\" height=\"344\" src=\"https:\/\/www.bitchute.com\/embed\/1FPuZvAuMBO8\/?feature=oembed#?secret=sdB5cucZRj\" data-secret=\"sdB5cucZRj\" frameborder=\"0\"><\/iframe>\n<\/div><\/figure>\n\n\n\n<h2 class=\"wp-block-heading\" id=\"medico-canadiense-el-62-de-los-pacientes-vacunados-contra-covid-tienen-dano-cardiaco-permanente\">M\u00e9dico canadiense: el 62% de los pacientes vacunados contra COVID tienen da\u00f1o card\u00edaco permanente<\/h2>\n\n\n\n<p><a href=\"https:\/\/healthimpactnews.com\/2021\/canadian-doctor-62-of-patients-vaccinated-for-covid-have-permanent-heart-damage\/\">https:\/\/healthimpactnews.com\/2021\/canadian-doctor-62-of-patients-vaccinated-for-covid-have-permanent-heart-damage\/<\/a><\/p>\n\n\n\n<h2 class=\"wp-block-heading\" id=\"informe-britanico-urgente-pide-el-cese-completo-de-las-vacunas-covid-en-humanos\">Informe brit\u00e1nico &#8220;urgente&#8221; pide el cese completo de las vacunas COVID en humanos<\/h2>\n\n\n\n<p>Un &#8220;informe preliminar urgente de los datos de la tarjeta amarilla&#8221; emitido por Evidence-Based Medicine Consultancy Ltd, con sede en el Reino Unido, presentado a la Agencia Reguladora de Medicamentos y Productos Sanitarios (MHRA) afirma que &#8220;la MHRA ahora tiene pruebas m\u00e1s que suficientes sobre el sistema de la tarjeta amarilla declarar que las vacunas COVID-19 no son seguras para su uso en humanos &#8220;.<\/p>\n\n\n\n<p><a href=\"https:\/\/americasfrontlinedoctors.org\/frontlinenews\/urgent-british-report-calls-for-complete-cessation-of-covid-vaccines-in-humans\/\">https:\/\/americasfrontlinedoctors.org\/frontlinenews\/urgent-british-report-calls-for-complete-cessation-of-covid-vaccines-in-humans\/<\/a><\/p>\n\n\n\n<h2 class=\"wp-block-heading\" id=\"juan-pablo-medina-podria-perder-una-pierna-creen-que-fue-por-la-vacuna\">Juan Pablo Medina podr\u00eda perder una pierna, \u00a1creen que fue por la vacuna!<\/h2>\n\n\n\n<p><strong>Juan Pablo Medina<\/strong>, de 43 a\u00f1os, quien dio vida a \u201cDiego Olvera\u201d en la serie y pel\u00edcula&nbsp;<strong>La casa de las flores<\/strong>, de Netflix, se encuentra debati\u00e9ndose&nbsp;<strong>entre la vida y la muerte<\/strong>, ya que fue&nbsp;<strong>hospitalizado de emergencia<\/strong>&nbsp;desde hace<strong>&nbsp;dos semanas<\/strong>&nbsp;a causa de una&nbsp;<strong>trombosis venosa<\/strong>, al sur de la CDMX.<\/p>\n\n\n\n<p><a href=\"https:\/\/www.tvnotas.com.mx\/noticias-espectaculos-mexico\/juan-pablo-medina-podria-perder-una-pierna-por-trombosis-creen-que-fue\">https:\/\/www.tvnotas.com.mx\/noticias-espectaculos-mexico\/juan-pablo-medina-podria-perder-una-pierna-por-trombosis-creen-que-fue<\/a><\/p>\n\n\n\n<h2 class=\"wp-block-heading\" id=\"la-vacuna-de-pfizer-de-covid19-ahora-esta-relacionada-con-casos-raros-de-inflamacion-ocular-segun-un-estudio-israeli-multicentrico-revisada-por-pares-y-publicado-por-la-revista-de-oftalmologia-retina\">La vacuna de Pfizer de COVID19 ahora est\u00e1 relacionada con &#8220;casos raros de inflamaci\u00f3n ocular&#8221;, seg\u00fan un estudio israel\u00ed multic\u00e9ntrico revisada por pares y publicado por la revista de oftalmolog\u00eda Retina<\/h2>\n\n\n\n<p>Veintiun personas desarrollaron uve\u00edtis anterior y dos desarrollaron s\u00edndrome de puntos blancos evanescentes m\u00faltiples (MEWDS).<\/p>\n\n\n\n<p>La vacuna contra el coronavirus de Pfizer puede estar relacionada con una forma de inflamaci\u00f3n ocular llamada uve\u00edtis, seg\u00fan un estudio israel\u00ed multic\u00e9ntrico dirigido por el profesor Zohar Habot-Wilner del Centro M\u00e9dico Sourasky de Tel Aviv.<\/p>\n\n\n\n<p><a href=\"https:\/\/www.jpost.com\/health-science\/pfizer-covid-19-vaccine-linked-to-rare-cases-of-eye-inflammation-study-675839\">https:\/\/www.jpost.com\/health-science\/pfizer-covid-19-vaccine-linked-to-rare-cases-of-eye-inflammation-study-675839<\/a><\/p>\n\n\n\n<h2 class=\"wp-block-heading\" id=\"larry-dietrich-periodista-retirado-de-syracuse-ny-de-64-anos-muerto-12-semanas-despues-de-la-segunda-inyeccion-de-arnm-de-moderna\">Larry Dietrich: periodista retirado de Syracuse (NY) de 64 a\u00f1os muerto 12 semanas despu\u00e9s de la segunda inyecci\u00f3n de ARNm de Moderna<\/h2>\n\n\n\n<p>SYRACUSE, NUEVA YORK &#8211; Un ex periodista y editor de un peri\u00f3dico de 64 a\u00f1os muri\u00f3 en lo que se est\u00e1 convirtiendo en un patr\u00f3n inquietante en el norte del estado de Nueva York.<\/p>\n\n\n\n<figure class=\"wp-block-embed is-type-wp-embed is-provider-the-covid-blog wp-block-embed-the-covid-blog\"><div class=\"wp-block-embed__wrapper\">\n<blockquote class=\"wp-embedded-content\" data-secret=\"Z6Vfq578vX\"><a href=\"https:\/\/thecovidblog.com\/2021\/08\/03\/larry-dietrich-64-year-old-syracuse-ny-retired-journalist-dead-12-weeks-after-second-moderna-mrna-injection\/\">Larry Dietrich: 64-year-old Syracuse (NY) retired journalist dead 12 weeks after second Moderna mRNA injection<\/a><\/blockquote><iframe loading=\"lazy\" class=\"wp-embedded-content\" sandbox=\"allow-scripts\" security=\"restricted\" style=\"position: absolute; clip: rect(1px, 1px, 1px, 1px);\" title=\"&#8220;Larry Dietrich: 64-year-old Syracuse (NY) retired journalist dead 12 weeks after second Moderna mRNA injection&#8221; &#8212; The COVID Blog\u00ae\" src=\"https:\/\/thecovidblog.com\/2021\/08\/03\/larry-dietrich-64-year-old-syracuse-ny-retired-journalist-dead-12-weeks-after-second-moderna-mrna-injection\/embed\/#?secret=KQfILaD3HN#?secret=Z6Vfq578vX\" data-secret=\"Z6Vfq578vX\" width=\"600\" height=\"338\" frameborder=\"0\" marginwidth=\"0\" marginheight=\"0\" scrolling=\"no\"><\/iframe>\n<\/div><\/figure>\n\n\n\n<h2 class=\"wp-block-heading\" id=\"el-lanzador-de-27-anos-de-zhongrilong-se-desmayo-repentinamente-durante-un-juego-a-dias-de-vacunarse-y-fallecio\">El lanzador de 27 a\u00f1os de Zhongrilong se desmay\u00f3 repentinamente durante un juego a d\u00edas de vacunarse y falleci\u00f3<\/h2>\n\n\n\n<p>El jugador de b\u00e9isbol profesional japon\u00e9s Yusuke Kinoshita cay\u00f3 al suelo a mitad de la pr\u00e1ctica a principios de julio. Despu\u00e9s de casi un mes de hospitalizaci\u00f3n, los medios japoneses informaron el d\u00eda 6 que Yusuke Kinoshita falleci\u00f3 el d\u00eda 3 y fue vacunado a fines de junio. Queda por aclarar si la causa de la muerte est\u00e1 relacionada con la nueva vacuna contra la neumon\u00eda coronaria.<\/p>\n\n\n\n<figure class=\"wp-block-embed is-type-wp-embed is-provider-archyde wp-block-embed-archyde\"><div class=\"wp-block-embed__wrapper\">\n<blockquote class=\"wp-embedded-content\" data-secret=\"Fxgqr2SGpl\"><a href=\"https:\/\/www.archyde.com\/the-27-year-old-pitcher-of-zhongrilong-fainted-suddenly-after-playing-the-vaccine-and-passed-away-sports\/\">The 27-year-old pitcher of Zhongrilong fainted suddenly after playing the vaccine and passed away | Sports |<\/a><\/blockquote><iframe loading=\"lazy\" class=\"wp-embedded-content\" sandbox=\"allow-scripts\" security=\"restricted\" style=\"position: absolute; clip: rect(1px, 1px, 1px, 1px);\" title=\"&#8220;The 27-year-old pitcher of Zhongrilong fainted suddenly after playing the vaccine and passed away | Sports |&#8221; &#8212; Archyde\" src=\"https:\/\/www.archyde.com\/the-27-year-old-pitcher-of-zhongrilong-fainted-suddenly-after-playing-the-vaccine-and-passed-away-sports\/embed\/#?secret=6nxHQzwyMA#?secret=Fxgqr2SGpl\" data-secret=\"Fxgqr2SGpl\" width=\"600\" height=\"338\" frameborder=\"0\" marginwidth=\"0\" marginheight=\"0\" scrolling=\"no\"><\/iframe>\n<\/div><\/figure>\n\n\n\n<h2 class=\"wp-block-heading\" id=\"fallece-de-un-infarto-el-jefe-de-urgencias-del-hospital-de-salamanca-rafael-borras\">Fallece de un infarto el jefe de Urgencias del Hospital de Salamanca, Rafael Borr\u00e1s<\/h2>\n\n\n\n<figure class=\"wp-block-embed is-type-wp-embed is-provider-el-adelantado-de-segovia wp-block-embed-el-adelantado-de-segovia\"><div class=\"wp-block-embed__wrapper\">\n<blockquote class=\"wp-embedded-content\" data-secret=\"BG5r5D9ke1\"><a href=\"https:\/\/www.eladelantado.com\/castilla-y-leon\/fallece-de-un-infarto-el-jefe-del-servicio-de-urgencias-del-hospital-de-salamanca-rafael-borras\/\">Fallece de un infarto el jefe de Urgencias del Hospital de Salamanca, Rafael Borr\u00e1s<\/a><\/blockquote><iframe loading=\"lazy\" class=\"wp-embedded-content\" sandbox=\"allow-scripts\" security=\"restricted\" style=\"position: absolute; clip: rect(1px, 1px, 1px, 1px);\" title=\"\u00abFallece de un infarto el jefe de Urgencias del Hospital de Salamanca, Rafael Borr\u00e1s\u00bb \u2014 El Adelantado de Segovia\" src=\"https:\/\/www.eladelantado.com\/castilla-y-leon\/fallece-de-un-infarto-el-jefe-del-servicio-de-urgencias-del-hospital-de-salamanca-rafael-borras\/embed\/#?secret=fNTZBC2PUw#?secret=BG5r5D9ke1\" data-secret=\"BG5r5D9ke1\" width=\"600\" height=\"338\" frameborder=\"0\" marginwidth=\"0\" marginheight=\"0\" scrolling=\"no\"><\/iframe>\n<\/div><\/figure>\n\n\n\n<h2 class=\"wp-block-heading\" id=\"hallan-muerto-al-disenador-griego-nassos-katris-el-padre-le-pusieron-la-vacuna-y-se-sintio-bien\">Hallan muerto al dise\u00f1ador griego Nassos Katris. El padre: &#8220;Le pusieron la vacuna y se sinti\u00f3 bien&#8221;<\/h2>\n\n\n\n<p>\u201cRecibi\u00f3 la vacuna AstraZeneca y fue encontrado muerto en su cama al d\u00eda siguiente. No ten\u00eda enfermedades \u201d.<\/p>\n\n\n\n<p><a href=\"https:\/\/www.theitaliantribune.it\/trovato-morto-lo-stilista-greco-nassos-katris-il-padre-ha-fatto-il-vaccino-e-si-sentiva-bene\/\">https:\/\/www.theitaliantribune.it\/trovato-morto-lo-stilista-greco-nassos-katris-il-padre-ha-fatto-il-vaccino-e-si-sentiva-bene\/<\/a><\/p>\n\n\n\n<h2 class=\"wp-block-heading\" id=\"los-medicos-comparten-sus-propias-historias-de-terror-sobre-las-lesiones-causadas-por-las-vacunas\">Los m\u00e9dicos comparten SUS PROPIAS historias de terror sobre las lesiones causadas por las vacunas<\/h2>\n\n\n\n<p>Medscape ha lanzado un nuevo portal donde los m\u00e9dicos pueden compartir sus propias historias personales sobre los eventos adversos de las vacunas. Y ya hay m\u00e1s de 1.000 entradas, muchas de las cuales contienen historias de terror sobre c\u00f3mo las inyecciones qu\u00edmicas est\u00e1n destruyendo la vida de las personas.<\/p>\n\n\n\n<p><a href=\"https:\/\/humansarefree.com\/2021\/08\/doctors-vaccine-injury-stories.html\">https:\/\/humansarefree.com\/2021\/08\/doctors-vaccine-injury-stories.html<\/a><\/p>\n\n\n\n<p><a href=\"https:\/\/www.medscape.com\/sites\/public\/covid-19\/vaccine-insights\/how-concerned-are-you-about-vaccine-related-adverse-events\">https:\/\/www.medscape.com\/sites\/public\/covid-19\/vaccine-insights\/how-concerned-are-you-about-vaccine-related-adverse-events<\/a><\/p>\n\n\n\n<h2 class=\"wp-block-heading\" id=\"vacuna-biontech-aprobacion-de-emergencia-para-ninos-los-efectos-secundarios-son-peores-que-en-los-adultos\">Vacuna BioNTech: aprobaci\u00f3n de emergencia para ni\u00f1os; los efectos secundarios son peores que en los adultos<\/h2>\n\n\n\n<p>Tambi\u00e9n en Europa, los ni\u00f1os ahora pueden recibir oficialmente la vacuna BioNTech Corona. Como parte de la expansi\u00f3n de la aprobaci\u00f3n de emergencia, la agencia farmac\u00e9utica estadounidense FDA ha publicado documentos sobre efectos y efectos secundarios: estos \u00faltimos ocurren oficialmente en hasta el 90 por ciento de los vacunados.<\/p>\n\n\n\n<p><a href=\"https:\/\/www.epochtimes.de\/politik\/analyse-politik\/biontech-impfstoff-notzulassung-fuer-kinder-nebenwirkungen-schlimmer-als-bei-erwachsenen-a3525638.html\">https:\/\/www.epochtimes.de\/politik\/analyse-politik\/biontech-impfstoff-notzulassung-fuer-kinder-nebenwirkungen-schlimmer-als-bei-erwachsenen-a3525638.html<\/a><\/p>\n\n\n\n<h2 class=\"wp-block-heading\" id=\"israel-las-personas-que-se-vacunaron-tempranamente-tienen-muchas-mas-probabilidades-de-desarrollar-covid-19\">Israel: las personas que se vacunaron tempranamente tienen muchas m\u00e1s probabilidades de desarrollar COVID-19<\/h2>\n\n\n\n<p>Los \u00faltimos estudios de Israel muestran que las personas vacunadas contra Corona en una etapa temprana tienen una protecci\u00f3n significativamente menor contra la posible enfermedad COVID-19. Se dice que las personas que fueron vacunadas en enero est\u00e1n protegidas solo en un 16 por ciento.<\/p>\n\n\n\n<p><a href=\"https:\/\/de.rt.com\/der-nahe-osten\/121926-israel-fruhgeimpfte-erkranken-wesentlich-haufiger\/\">https:\/\/de.rt.com\/der-nahe-osten\/121926-israel-fruhgeimpfte-erkranken-wesentlich-haufiger\/<\/a><\/p>\n\n\n\n<h2 class=\"wp-block-heading\" id=\"la-ema-relaciona-la-vacuna-de-janssen-con-trombocitopenia-inmune-mareos-y-tinnitus\">La EMA relaciona la vacuna de Janssen con trombocitopenia inmune, mareos y tinnitus<\/h2>\n\n\n\n<p>Desde la&nbsp;<a rel=\"noreferrer noopener\" href=\"https:\/\/www.ema.europa.eu\/en\" target=\"_blank\">Agencia Europea de Medicamentos (EMA)<\/a>, a trav\u00e9s de su Comit\u00e9 para la Evaluaci\u00f3n de Riesgos en Farmacovigilancia (PRAC), se ha actualizado este viernes la informaci\u00f3n disponible sobre la seguridad de las vacunas contra la covid-19, y en especial la de&nbsp;<a rel=\"noreferrer noopener\" href=\"https:\/\/www.janssen.com\/es\" target=\"_blank\">Janssen<\/a>. Considera que existe una relaci\u00f3n causal entre su administraci\u00f3n y casos notificados de&nbsp;<strong>trombocitopenia inmune, mareos y tinnitus<\/strong>.<\/p>\n\n\n\n<p><a href=\"https:\/\/www.elmundo.es\/ciencia-y-salud\/salud\/2021\/08\/06\/610d4795fc6c83011d8b4665.html\">https:\/\/www.elmundo.es\/ciencia-y-salud\/salud\/2021\/08\/06\/610d4795fc6c83011d8b4665.html<\/a><\/p>\n\n\n\n<h2 class=\"wp-block-heading\" id=\"marilio-costa-leite-48-anos-murio-despues-de-tomar-la-vacuna-de-pfizer\">Mar\u00edlio Costa Leite (48 a\u00f1os) muri\u00f3 despu\u00e9s de tomar la Vacuna de Pfizer<\/h2>\n\n\n\n<p>Los familiares de Mar\u00edlio Costa Leite, desaparecido el domingo 18 de julio durante un Cross country Trail, en Marco de Canaveses, Portugal, fueron hallados fallecidos el martes 20 de julio, y su familia dice \u201cque la vacuna contra Covid-19 pudo haber salido del deportista debilitado \u201d.<\/p>\n\n\n\n<p><a href=\"https:\/\/australiannationalreview.com\/covid-19-deaths-and-injuries\/marilio-costa-leite-48-years-old-died-after-taking-pfizer-vax\/\">https:\/\/australiannationalreview.com\/covid-19-deaths-and-injuries\/marilio-costa-leite-48-years-old-died-after-taking-pfizer-vax\/<\/a><\/p>\n\n\n\n<h2 class=\"wp-block-heading\" id=\"patologo-jefe-aleman-suena-alarmado-por-lesiones-fatales-por-la-vacuna\">Pat\u00f3logo jefe alem\u00e1n suena alarmado por lesiones fatales por la vacuna<\/h2>\n\n\n\n<p>El director del Instituto de Patolog\u00eda de la Universidad de Heidelberg, Peter Schirmacher, ha realizado m\u00e1s de cuarenta autopsias en personas que hab\u00edan fallecido dos semanas despu\u00e9s de su vacunaci\u00f3n. Schirmacher expres\u00f3 su alarma por sus hallazgos.<\/p>\n\n\n\n<figure class=\"wp-block-embed is-type-wp-embed is-provider-free-west-media wp-block-embed-free-west-media\"><div class=\"wp-block-embed__wrapper\">\n<blockquote class=\"wp-embedded-content\" data-secret=\"uphGverNJz\"><a href=\"https:\/\/freewestmedia.com\/2021\/08\/03\/german-chief-pathologist-sounds-alarm-on-fatal-vaccine-injuries\/\">German chief pathologist sounds alarm on fatal vaccine injuries<\/a><\/blockquote><iframe loading=\"lazy\" class=\"wp-embedded-content\" sandbox=\"allow-scripts\" security=\"restricted\" style=\"position: absolute; clip: rect(1px, 1px, 1px, 1px);\" title=\"&#8220;German chief pathologist sounds alarm on fatal vaccine injuries&#8221; &#8212; Free West Media\" src=\"https:\/\/freewestmedia.com\/2021\/08\/03\/german-chief-pathologist-sounds-alarm-on-fatal-vaccine-injuries\/embed\/#?secret=ZGvpsaJI9D#?secret=uphGverNJz\" data-secret=\"uphGverNJz\" width=\"600\" height=\"338\" frameborder=\"0\" marginwidth=\"0\" marginheight=\"0\" scrolling=\"no\"><\/iframe>\n<\/div><\/figure>\n\n\n\n<h2 class=\"wp-block-heading\" id=\"informe-de-israel-y-australia-reporta-que-95-99-de-los-hospitalizados-estan-completamente-vacunados\">Informe de Israel y Australia reporta que 95-99% de los hospitalizados est\u00e1n completamente vacunados<\/h2>\n\n\n\n<p>Los informes que salen de Israel afirman que los hospitales se est\u00e1n llenando de personas vacunadas, el 95 por ciento de las cuales sufren enfermedades graves y est\u00e1n completamente vacunadas.<\/p>\n\n\n\n<p><a href=\"https:\/\/healthimpactnews.com\/2021\/israel-australia-report-95-99-hospitalized-are-fully-vaccinated\/\">https:\/\/healthimpactnews.com\/2021\/israel-australia-report-95-99-hospitalized-are-fully-vaccinated\/<\/a><\/p>\n\n\n\n<h2 class=\"wp-block-heading\" id=\"prensa\">Prensa<\/h2>\n\n\n\n<figure class=\"wp-block-image size-large\"><img loading=\"lazy\" decoding=\"async\" width=\"1024\" height=\"768\" src=\"https:\/\/www.salud101.cc\/wp-content\/uploads\/2021\/08\/image-3-1024x768.png\" alt=\"\" class=\"wp-image-448\" srcset=\"https:\/\/www.salud101.cc\/wp-content\/uploads\/2021\/08\/image-3-1024x768.png 1024w, https:\/\/www.salud101.cc\/wp-content\/uploads\/2021\/08\/image-3-300x225.png 300w, https:\/\/www.salud101.cc\/wp-content\/uploads\/2021\/08\/image-3-768x576.png 768w, https:\/\/www.salud101.cc\/wp-content\/uploads\/2021\/08\/image-3.png 1280w\" sizes=\"auto, (max-width: 1024px) 100vw, 1024px\" \/><\/figure>\n\n\n\n<figure class=\"wp-block-image size-large\"><img loading=\"lazy\" decoding=\"async\" width=\"1024\" height=\"768\" src=\"https:\/\/www.salud101.cc\/wp-content\/uploads\/2021\/08\/image-4-1024x768.png\" alt=\"\" class=\"wp-image-449\" srcset=\"https:\/\/www.salud101.cc\/wp-content\/uploads\/2021\/08\/image-4-1024x768.png 1024w, https:\/\/www.salud101.cc\/wp-content\/uploads\/2021\/08\/image-4-300x225.png 300w, https:\/\/www.salud101.cc\/wp-content\/uploads\/2021\/08\/image-4-768x576.png 768w, https:\/\/www.salud101.cc\/wp-content\/uploads\/2021\/08\/image-4.png 1280w\" sizes=\"auto, (max-width: 1024px) 100vw, 1024px\" \/><\/figure>\n\n\n\n<h2 class=\"wp-block-heading\" id=\"la-fda-emite-una-advertencia-de-black-box-para-los-pinchazos-los-problemas-cardiacos-graves-aumentan-en-numero\">La FDA emite una &#8220;ADVERTENCIA de black box&#8221; para los pinchazos, los problemas card\u00edacos GRAVES aumentan en n\u00famero<\/h2>\n\n\n\n<p><a href=\"https:\/\/www.redvoicemedia.com\/2021\/08\/fda-issues-black-box-warning-to-jabs-serious-heart-issues-explode-in-number\/\">https:\/\/www.redvoicemedia.com\/2021\/08\/fda-issues-black-box-warning-to-jabs-serious-heart-issues-explode-in-number\/<\/a><\/p>\n\n\n\n<h2 class=\"wp-block-heading\" id=\"cifras-alarmantes-de-israel-los-ataques-cardiacos-y-los-paros-cardiacos-explotan-en-los-jovenes-que-han-sido-vacunados\">Cifras alarmantes de Israel: los ataques card\u00edacos y los paros card\u00edacos explotan en los j\u00f3venes que han sido vacunados<\/h2>\n\n\n\n<p>Hay hechos preocupantes que anunci\u00f3 el profesor Retsef Levi de la Sloan School of Management en el mundialmente famoso MIT en Massachusetts (EE. UU.), Basado en un estudio israel\u00ed publicado recientemente. Como resultado de las vacunaciones de Covid en Israel (el 60 por ciento de la poblaci\u00f3n ya est\u00e1 completamente vacunada, m\u00e1s del 80 por ciento una vez), hay consecuencias y da\u00f1os cada vez m\u00e1s graves con relevancia cl\u00ednica o incluso de cuidados intensivos.<\/p>\n\n\n\n<p>Por ejemplo, se registr\u00f3 un aumento del 25 por ciento en el paro card\u00edaco y los ataques card\u00edacos entre los vacunados de 16 a 29 a\u00f1os. Los ataques card\u00edacos aumentaron hasta en un 83,6 por ciento en las mujeres vacunadas en el grupo de edad de 20 a 29 a\u00f1os. Seg\u00fan el estudio citado por Levi, este aumento est\u00e1 \u201cclaramente relacionado\u201d con la campa\u00f1a de vacunaci\u00f3n. El da\u00f1o colateral y los &#8220;efectos secundarios&#8221; aceptados por la pol\u00edtica de la corona son un foco de trabajo para el estad\u00edstico m\u00e9dico del MIT, Levi, quien es considerado una capacidad internacional en este sentido.<\/p>\n\n\n\n<figure class=\"wp-block-embed is-type-wp-embed is-provider-report-24 wp-block-embed-report-24\"><div class=\"wp-block-embed__wrapper\">\n<blockquote class=\"wp-embedded-content\" data-secret=\"HUcGkcutaN\"><a href=\"https:\/\/report24.news\/alarmierende-zahlen-aus-israel-infarkte-und-herzstillstaende-bei-juengeren-geimpften-explodieren\/\">Alarmierende Zahlen aus Israel: Infarkte und Herzstillst\u00e4nde bei j\u00fcngeren Geimpften explodieren<\/a><\/blockquote><iframe loading=\"lazy\" class=\"wp-embedded-content\" sandbox=\"allow-scripts\" security=\"restricted\" style=\"position: absolute; clip: rect(1px, 1px, 1px, 1px);\" title=\"&#8222;Alarmierende Zahlen aus Israel: Infarkte und Herzstillst\u00e4nde bei j\u00fcngeren Geimpften explodieren&#8220; &#8212; Report24\" src=\"https:\/\/report24.news\/alarmierende-zahlen-aus-israel-infarkte-und-herzstillstaende-bei-juengeren-geimpften-explodieren\/embed\/#?secret=kj64qE8Ykx#?secret=HUcGkcutaN\" data-secret=\"HUcGkcutaN\" width=\"600\" height=\"338\" frameborder=\"0\" marginwidth=\"0\" marginheight=\"0\" scrolling=\"no\"><\/iframe>\n<\/div><\/figure>\n\n\n\n<h2 class=\"wp-block-heading\" id=\"inyecciones-de-covid-vinculadas-a-2-millones-de-heridos-21-766-muertes-en-europa-informes-de-la-ue\">Inyecciones de COVID vinculadas a 2 millones de heridos, 21,766 muertes en Europa, informes de la UE<\/h2>\n\n\n\n<p>Se han informado m\u00e1s de 2 millones de eventos adversos y 21,000 muertes en una base de datos de reacciones a medicamentos de la Uni\u00f3n Europea (UE) luego del uso de inyecciones de COVID disponibles actualmente.<\/p>\n\n\n\n<p><a href=\"https:\/\/www.lifesitenews.com\/news\/covid-shots-linked-to-2-million-injuries-21766-deaths-in-europe-eu-reports\/\">https:\/\/www.lifesitenews.com\/news\/covid-shots-linked-to-2-million-injuries-21766-deaths-in-europe-eu-reports\/<\/a><\/p>\n\n\n\n<h2 class=\"wp-block-heading\" id=\"un-estudio-del-mundo-real-relaciona-pfizer-vax-con-un-alto-riesgo-de-miocarditis\">Un estudio del mundo real relaciona Pfizer Vax con un alto riesgo de miocarditis<\/h2>\n\n\n\n<p>Se descubri\u00f3 que la vacuna de ARNm de Pfizer COVID-19 estaba asociada con un riesgo tres veces mayor de miocarditis, seg\u00fan un estudio de casos y controles del mundo real de Israel.<\/p>\n\n\n\n<p><a href=\"https:\/\/www.medpagetoday.com\/infectiousdisease\/covid19vaccine\/94213\">https:\/\/www.medpagetoday.com\/infectiousdisease\/covid19vaccine\/94213<\/a><\/p>\n\n\n\n<p><a href=\"https:\/\/www.nejm.org\/doi\/full\/10.1056\/NEJMoa2110475\">https:\/\/www.nejm.org\/doi\/full\/10.1056\/NEJMoa2110475<\/a><\/p>\n\n\n\n<h2 class=\"wp-block-heading\" id=\"denham-hitchcock-reportero-de-seven-news-es-trasladado-de-urgencia-al-hospital-con-una-inflamacion-extremadamente-rara-del-corazon-despues-de-recibir-la-inyeccion-de-pfizer-covid\">Denham Hitchcock, reportero de Seven News, es trasladado de urgencia al hospital con una inflamaci\u00f3n extremadamente rara del coraz\u00f3n despu\u00e9s de recibir la inyecci\u00f3n de Pfizer Covid<\/h2>\n\n\n\n<figure class=\"wp-block-image size-full\"><img loading=\"lazy\" decoding=\"async\" width=\"636\" height=\"382\" src=\"https:\/\/www.salud101.cc\/wp-content\/uploads\/2021\/09\/image-1.png\" alt=\"\" class=\"wp-image-499\" srcset=\"https:\/\/www.salud101.cc\/wp-content\/uploads\/2021\/09\/image-1.png 636w, https:\/\/www.salud101.cc\/wp-content\/uploads\/2021\/09\/image-1-300x180.png 300w\" sizes=\"auto, (max-width: 636px) 100vw, 636px\" \/><\/figure>\n\n\n\n<p><a href=\"https:\/\/www.dailymail.co.uk\/news\/article-9927973\/Seven-News-reporter-Denham-Hitchcock-rushed-hospital-Pfizer-Covid-heart-effect.html\">https:\/\/www.dailymail.co.uk\/news\/article-9927973\/Seven-News-reporter-Denham-Hitchcock-rushed-hospital-Pfizer-Covid-heart-effect.html<\/a><\/p>\n\n\n\n<h2 class=\"wp-block-heading\" id=\"testimonio-de-brittany-galvin-la-vacuna-moderna-arruino-mi-vida\">Testimonio de Brittany Galvin: &#8220;La vacuna (Moderna) arruin\u00f3 mi vida&#8221;<\/h2>\n\n\n\n<figure class=\"wp-block-video\"><video height=\"406\" style=\"aspect-ratio: 720 \/ 406;\" width=\"720\" controls src=\"https:\/\/www.salud101.cc\/wp-content\/uploads\/2021\/09\/CV_vax_testimony_B.Galvin-hb.mp4\"><\/video><\/figure>\n\n\n\n<h2 class=\"wp-block-heading\" id=\"el-diputado-australiano-victor-dominello-diagnosticado-con-paralisis-de-bell-despues-de-la-vacuna-astrazeneca-en-una-conferencia-de-prensa-en-vivo\">El diputado australiano Victor Dominello diagnosticado con par\u00e1lisis de Bell despu\u00e9s de la vacuna AstraZeneca en una conferencia de prensa en vivo<\/h2>\n\n\n\n<figure class=\"wp-block-image size-full\"><img loading=\"lazy\" decoding=\"async\" width=\"750\" height=\"685\" src=\"https:\/\/www.salud101.cc\/wp-content\/uploads\/2021\/09\/image.png\" alt=\"\" class=\"wp-image-497\" srcset=\"https:\/\/www.salud101.cc\/wp-content\/uploads\/2021\/09\/image.png 750w, https:\/\/www.salud101.cc\/wp-content\/uploads\/2021\/09\/image-300x274.png 300w\" sizes=\"auto, (max-width: 750px) 100vw, 750px\" \/><\/figure>\n\n\n\n<p><a href=\"https:\/\/pharmaceuticalfraud.com\/2021-08-24-dominello-diagnosed-with-bells-palsy-astrazeneca-vaccine.html\">https:\/\/pharmaceuticalfraud.com\/2021-08-24-dominello-diagnosed-with-bells-palsy-astrazeneca-vaccine.html<\/a><\/p>\n\n\n\n<h2 class=\"wp-block-heading\" id=\"cientificos-estadounidenses-confirman-oxido-de-grafeno-toxico-y-mas-en-inyecciones-de-covid\">Cient\u00edficos estadounidenses confirman \u00f3xido de grafeno t\u00f3xico y m\u00e1s en inyecciones de Covid<\/h2>\n\n\n\n<p>El Dr. Young es bioqu\u00edmico, microbi\u00f3logo y nutricionista cl\u00ednico. \u00c9l y su equipo de cient\u00edficos han confirmado lo que encontraron los investigadores de <a href=\"https:\/\/www.laquintacolumna.net\/\">La Quinta Columna<\/a>: contenido nanomet\u00e1lico t\u00f3xico que es magnetot\u00f3xico, citot\u00f3xico y genot\u00f3xico para plantas, insectos, aves, animales y humanos, toda la vida en el planeta. Una de las &#8220;vacunas&#8221; incluso conten\u00eda par\u00e1sitos potencialmente mortales. Tomados en conjunto, los componentes de la &#8220;vacuna&#8221;, que incluyen \u00f3xido de grafeno entre muchos otros y que pueden estar influenciados por fuentes de radiaci\u00f3n externas a nosotros, crean una <a href=\"https:\/\/www.thelibertybeacon.com\/dr-robert-young-finds-graphene-oxide-in-all-four-vaccines-and-other-disturbing-ingredients\/\">sustancia qu\u00edmica t\u00f3xica<\/a> y una sopa radiante dentro de nuestros cuerpos. Cualquiera que reciba una inyecci\u00f3n de Covid est\u00e1 poniendo seriamente en riesgo su vida.<\/p>\n\n\n\n<p><a href=\"https:\/\/dailyexpose.co.uk\/2021\/08\/30\/american-scientists-confirm-toxic-graphene-oxide-and-more-in-covid-injections\/\">https:\/\/dailyexpose.co.uk\/2021\/08\/30\/american-scientists-confirm-toxic-graphene-oxide-and-more-in-covid-injections\/<\/a><\/p>\n\n\n\n<figure class=\"wp-block-embed is-type-wp-embed is-provider-rumble-com wp-block-embed-rumble-com\"><div class=\"wp-block-embed__wrapper\">\n<iframe loading=\"lazy\" class=\"wp-embedded-content\" sandbox=\"allow-scripts\" security=\"restricted\" title=\"Microscopy Expert: Vials Contain Graphene Oxide, Parasites, Stainless Steel\" src=\"https:\/\/rumble.com\/embed\/vj8hnc\/?pub=qao6r#?secret=7ObwNiwQ95\" data-secret=\"7ObwNiwQ95\" width=\"1920\" height=\"1080\" frameborder=\"0\"><\/iframe>\n<\/div><\/figure>\n\n\n\n<h2 class=\"wp-block-heading\" id=\"el-gobierno-de-nueva-zelanda-confirma-que-una-mujer-murio-a-causa-de-la-vacuna-pfizer\">El gobierno de Nueva Zelanda confirma que una mujer muri\u00f3 a causa de la vacuna Pfizer<\/h2>\n\n\n\n<p>El Ministerio de Salud de Nueva Zelanda inform\u00f3 lo que creen que es la <a href=\"https:\/\/www.smh.com.au\/world\/oceania\/new-zealand-woman-dies-after-pfizer-covid-vaccine-20210830-p58n46.html\">primera muerte del pa\u00eds relacionada con la vacuna<\/a> contra el coronavirus de Wuhan de Pfizer-BioNTech (COVID-19).<\/p>\n\n\n\n<p><a href=\"  https:\/\/www.survivethenews.com\/new-zealand-government-confirms-woman-died-from-the-pfizer-vaccine\/\">https:\/\/www.survivethenews.com\/new-zealand-government-confirms-woman-died-from-the-pfizer-vaccine\/<\/a><\/p>\n\n\n\n<h2 class=\"wp-block-heading\" id=\"vasos-de-sangre-reventados-coagulos-de-sangre-alrededor-del-cuerpo-despues-de-la-inyeccion-de-pfizer\">Vasos de sangre reventados (co\u00e1gulos de sangre) alrededor del cuerpo despu\u00e9s de la inyecci\u00f3n de PFIZER<\/h2>\n\n\n\n<figure class=\"wp-block-embed is-type-wp-embed is-provider-bitchute wp-block-embed-bitchute\"><div class=\"wp-block-embed__wrapper\">\n<iframe loading=\"lazy\" class=\"wp-embedded-content\" sandbox=\"allow-scripts\" security=\"restricted\" title=\"Busted Blood Vessels (Blood Clots) Around the Body After the Pfizer Shot\" width=\"459\" height=\"344\" src=\"https:\/\/www.bitchute.com\/embed\/7FNheFfeko5b\/?feature=oembed#?secret=nZG2EzJP3P\" data-secret=\"nZG2EzJP3P\" frameborder=\"0\"><\/iframe>\n<\/div><\/figure>\n\n\n\n<h2 class=\"wp-block-heading\" id=\"jugadora-de-voleibol-italiana-asegura-que-sufre-pericarditis-por-la-vacuna\">Jugadora de voleibol italiana asegura que sufre pericarditis por la vacuna<\/h2>\n\n\n\n<p><strong>Francesca Marcon, jugadora del Volley B\u00e9rgamo<\/strong>&nbsp;(Primera Divisi\u00f3n femenina),&nbsp;<strong>asegur\u00f3 que se le detect\u00f3 una pericarditis despu\u00e9s de que se vacunara contra el coronavirus<\/strong>, lo que le impidi\u00f3 comenzar los entrenamientos junto al resto de sus compa\u00f1eras, y se pregunt\u00f3 &#8220;qui\u00e9n va a pagar el precio&#8221; por este efecto colateral.<\/p>\n\n\n\n<p><a href=\"https:\/\/www.marca.com\/otros-deportes\/2021\/08\/21\/6120fd15ca47412b328b45ac.html\">https:\/\/www.marca.com\/otros-deportes\/2021\/08\/21\/6120fd15ca47412b328b45ac.html<\/a><\/p>\n\n\n\n<h2 class=\"wp-block-heading\" id=\"mujer-de-74-anos-muere-tras-recibir-la-dosis-de-refuerzo-chile\">Mujer de 74 a\u00f1os muere tras recibir la dosis de refuerzo (Chile)<\/h2>\n\n\n\n<figure class=\"wp-block-video\"><video height=\"480\" style=\"aspect-ratio: 848 \/ 480;\" width=\"848\" controls src=\"https:\/\/www.salud101.cc\/wp-content\/uploads\/2021\/09\/InShot_20210828_014858069.mp4\"><\/video><\/figure>\n\n\n\n<h2 class=\"wp-block-heading\" id=\"medico-del-ejercito-revela-que-mas-soldados-mueren-por-la-vacuna-que-por-covid\">M\u00e9dico del ej\u00e9rcito revela que m\u00e1s soldados mueren por la vacuna que por COVID<\/h2>\n\n\n\n<figure class=\"wp-block-embed is-type-wp-embed is-provider-bitchute wp-block-embed-bitchute\"><div class=\"wp-block-embed__wrapper\">\n<iframe loading=\"lazy\" class=\"wp-embedded-content\" sandbox=\"allow-scripts\" security=\"restricted\" title=\"Army Doctor Reveals More Soldiers have died from the Vaccine than died from COVID\" width=\"459\" height=\"344\" src=\"https:\/\/www.bitchute.com\/embed\/E9eiHFonIwXZ\/?feature=oembed#?secret=EHkPU0csBr\" data-secret=\"EHkPU0csBr\" frameborder=\"0\"><\/iframe>\n<\/div><\/figure>\n\n\n\n<h2 class=\"wp-block-heading\" id=\"informe-en-video-de-australia-sobre-los-danos-de-las-vacunas-covid\">Informe en video de Australia sobre los da\u00f1os de las vacunas COVID<\/h2>\n\n\n\n<figure class=\"wp-block-embed is-type-wp-embed is-provider-bitchute wp-block-embed-bitchute\"><div class=\"wp-block-embed__wrapper\">\n<div class=\"ifw-player\" data-video-id=\"611c35f4455384592c89faed\"><\/div><script src=\"https:\/\/infowarsmedia.com\/js\/player.js\" async=\"\"><\/script>\n<\/div><\/figure>\n\n\n\n<h2 class=\"wp-block-heading\" id=\"mas-de-100-jovenes-de-ontario-enviados-al-hospital-por-problemas-cardiacos-relacionados-con-las-vacunas-informe\">M\u00e1s de 100 j\u00f3venes de Ontario enviados al hospital por problemas card\u00edacos relacionados con las vacunas: Informe<\/h2>\n\n\n\n<p>Un informe publicado discretamente la semana pasada por Public Health Ontario (PHO) cuenta la cantidad de personas en la provincia que se han presentado al hospital con inflamaci\u00f3n del coraz\u00f3n despu\u00e9s de la vacunaci\u00f3n con ARNm, y se inclina fuertemente hacia los j\u00f3venes.<\/p>\n\n\n\n<p><a href=\"https:\/\/torontosun.com\/news\/provincial\/over-100-ontario-youth-have-been-sent-to-hospital-for-vaccine-related-heart-problems\">https:\/\/torontosun.com\/news\/provincial\/over-100-ontario-youth-have-been-sent-to-hospital-for-vaccine-related-heart-problems<\/a><\/p>\n\n\n\n<h2 class=\"wp-block-heading\" id=\"un-estudiante-deportista-hospitalizado-con-miocarditis-quiere-informar-a-otros-jovenes-deportistas-de-los-riesgos\">Un estudiante deportista hospitalizado con miocarditis quiere informar a otros j\u00f3venes deportistas de los riesgos<\/h2>\n\n\n\n<figure class=\"wp-block-video\"><video height=\"1024\" style=\"aspect-ratio: 576 \/ 1024;\" width=\"576\" controls src=\"https:\/\/www.salud101.cc\/wp-content\/uploads\/2021\/09\/202109-VaccineSide1.mp4\"><\/video><\/figure>\n\n\n\n<h2 class=\"wp-block-heading\" id=\"miocarditis-asociada-a-la-vacunacion-de-arnm-del-sars-cov-2-en-ninos-de-12-a-17-anos\">Miocarditis asociada a la \u201cvacunaci\u00f3n\u201d de ARNm del SARS-CoV-2 en ni\u00f1os de 12 a 17 a\u00f1os<\/h2>\n\n\n\n<p><strong>Conclusiones:<\/strong> La tasa de Evento Adverso Cardiaco, CAE posterior a la vacunaci\u00f3n fue m\u00e1s alta en ni\u00f1os de 12 a 15 a\u00f1os despu\u00e9s de la segunda dosis . Para los ni\u00f1os de 12 a 17 a\u00f1os sin comorbilidades m\u00e9dicas. La incidencia de Eventos Adversos Cardiacos, CAE, excede la tasa de hospitalizaci\u00f3n por COVID-19 esperada. <\/p>\n\n\n\n<p><a href=\"https:\/\/rifnote.com\/2021\/09\/11\/a-new-study-from-university-of-california-found-that-teenage-boys-are-more-at-risk-from-vaccines-than-covid-6-times-more-likely-to-suffer-from-heart-problems-from-the-vaccine-than-be-hospitalized-fro\/\">https:\/\/rifnote.com\/2021\/09\/11\/a-new-study-from-university-of-california-found-that-teenage-boys-are-more-at-risk-from-vaccines-than-covid-6-times-more-likely-to-suffer-from-heart-problems-from-the-vaccine-than-be-hospitalized-fro\/<\/a><\/p>\n\n\n\n<figure class=\"wp-block-embed is-type-wp-embed is-provider-embed wp-block-embed-embed\"><div class=\"wp-block-embed__wrapper\">\n<blockquote class=\"wp-embedded-content\" data-secret=\"BbOhBC29w3\">Miocarditis asociada a la &#8220;vacunaci\u00f3n&#8221; de ARNm del SARS-CoV-2 en ni\u00f1os de 12 a 17 a\u00f1osConclusiones: La tasa de Evento Adverso Cardiaco, CAE posterior a la vacunaci\u00f3n fue m\u00e1s alta en ni\u00f1os de 12 a 15 a\u00f1os despu\u00e9s de la segunda dosis . Para los ni\u00f1os de 12 a 17 a\u00f1os sin comorbilidades m\u00e9dicas. La incidencia de Eventos Adversos Cardiacos,&hellip;<a href=\"https:\/\/red.cienciaysaludnatural.com\/muro\/p\/804\/\"> Read more<\/a>&#8211; red.CienciaySaludNatural.com (@red.CienciaySaludNatural.com) <a href=\"https:\/\/red.cienciaysaludnatural.com\/muro\/p\/804\/\">12\/09\/2021<\/a><\/blockquote><iframe loading=\"lazy\" class=\"wp-embedded-content\" sandbox=\"allow-scripts\" security=\"restricted\" style=\"position: absolute; clip: rect(1px, 1px, 1px, 1px);\" title=\"Embedded Activity Item\" src=\"https:\/\/red.cienciaysaludnatural.com\/miembros\/heaven\/activity\/804\/?embed=true#?secret=x9S4jIlDnZ#?secret=BbOhBC29w3\" data-secret=\"BbOhBC29w3\" width=\"600\" height=\"338\" frameborder=\"0\" marginwidth=\"0\" marginheight=\"0\" scrolling=\"no\"><\/iframe>\n<\/div><\/figure>\n\n\n\n<h2 class=\"wp-block-heading\" id=\"reporte-cdc-del-sistema-openvaers\">Reporte CDC del Sistema OpenVAERS<\/h2>\n\n\n\n<figure class=\"wp-block-image size-large\"><img loading=\"lazy\" decoding=\"async\" width=\"1024\" height=\"576\" src=\"https:\/\/www.salud101.cc\/wp-content\/uploads\/2021\/09\/image-3-1024x576.png\" alt=\"\" class=\"wp-image-522\" srcset=\"https:\/\/www.salud101.cc\/wp-content\/uploads\/2021\/09\/image-3-1024x576.png 1024w, https:\/\/www.salud101.cc\/wp-content\/uploads\/2021\/09\/image-3-300x169.png 300w, https:\/\/www.salud101.cc\/wp-content\/uploads\/2021\/09\/image-3-768x432.png 768w, https:\/\/www.salud101.cc\/wp-content\/uploads\/2021\/09\/image-3.png 1200w\" sizes=\"auto, (max-width: 1024px) 100vw, 1024px\" \/><\/figure>\n\n\n\n<figure class=\"wp-block-embed is-type-rich is-provider-twitter wp-block-embed-twitter\"><div class=\"wp-block-embed__wrapper\">\n<blockquote class=\"twitter-tweet\" data-width=\"550\" data-dnt=\"true\"><p lang=\"en\" dir=\"ltr\">New VAERS numbers are out.<br><br>701,559 Adverse Events<br>60,741 Hospitalizations<br>80,393 Urgent Care<br>6,637 Heart Attacks<br>5,765 Myocarditis<br>1,862 Miscarriages<br>19,210 Disabled<br>14,925 Deaths<br><br>100% Safe and Effective <a href=\"https:\/\/t.co\/HW2mQ15RPv\">https:\/\/t.co\/HW2mQ15RPv<\/a><\/p>&mdash; CommonSense (@CommonS07025819) <a href=\"https:\/\/twitter.com\/CommonS07025819\/status\/1439524996838158336?ref_src=twsrc%5Etfw\">September 19, 2021<\/a><\/blockquote><script async src=\"https:\/\/platform.twitter.com\/widgets.js\" charset=\"utf-8\"><\/script>\n<\/div><\/figure>\n\n\n\n<h2 class=\"wp-block-heading\" id=\"paralisis-facial-por-vacuna-en-francia\">Paralisis facial por vacuna en Francia<\/h2>\n\n\n\n<figure class=\"wp-block-video\"><video height=\"960\" style=\"aspect-ratio: 540 \/ 960;\" width=\"540\" controls src=\"https:\/\/www.salud101.cc\/wp-content\/uploads\/2021\/09\/FrenchVaxxident1.mp4\"><\/video><\/figure>\n\n\n\n<h2 class=\"wp-block-heading\" id=\"bajo-sospecha-nuevos-efectos-secundarios-de-las-vacunas-de-pfizer-moderna-astrazeneca-y-janssen\">Bajo sospecha nuevos efectos secundarios de las vacunas de Pfizer, Moderna, AstraZeneca y Janssen<\/h2>\n\n\n\n<figure class=\"wp-block-image size-large\"><img loading=\"lazy\" decoding=\"async\" width=\"1024\" height=\"576\" src=\"https:\/\/www.salud101.cc\/wp-content\/uploads\/2021\/09\/image-4-1024x576.png\" alt=\"\" class=\"wp-image-526\" srcset=\"https:\/\/www.salud101.cc\/wp-content\/uploads\/2021\/09\/image-4-1024x576.png 1024w, https:\/\/www.salud101.cc\/wp-content\/uploads\/2021\/09\/image-4-300x169.png 300w, https:\/\/www.salud101.cc\/wp-content\/uploads\/2021\/09\/image-4-768x432.png 768w, https:\/\/www.salud101.cc\/wp-content\/uploads\/2021\/09\/image-4.png 1200w\" sizes=\"auto, (max-width: 1024px) 100vw, 1024px\" \/><\/figure>\n\n\n\n<p><a href=\"https:\/\/as.com\/diarioas\/2021\/09\/18\/actualidad\/1631946253_409528.html\">https:\/\/as.com\/diarioas\/2021\/09\/18\/actualidad\/1631946253_409528.html<\/a><\/p>\n\n\n\n<h2 class=\"wp-block-heading\" id=\"jeremy-chardy-lamento-haberme-vacunado-ahora-tengo-una-serie-de-problemas\">Jeremy Chardy: &#8220;Lamento haberme vacunado, ahora tengo una serie de problemas&#8221;<\/h2>\n\n\n\n<p>El ex No. 25 del mundo Jeremy Chardy dice que tiene una &#8220;serie de problemas&#8221; despu\u00e9s de recibir la vacuna COVID-19 y que su temporada 2021 ha terminado. Este verano, Chardy, de 34 a\u00f1os, decidi\u00f3 vacunarse y no le fue bien.<\/p>\n\n\n\n<p><a href=\"https:\/\/www.tennisworldusa.org\/tennis\/news\/Tennis_Interviews\/102836\/jeremy-chardy-i-regret-getting-vaccinated-i-have-series-of-problems-now\/\">https:\/\/www.tennisworldusa.org\/tennis\/news\/Tennis_Interviews\/102836\/jeremy-chardy-i-regret-getting-vaccinated-i-have-series-of-problems-now\/<\/a><\/p>\n\n\n\n<h2 class=\"wp-block-heading\" id=\"una-medica-terriblemente-afectada-despues-de-recibir-la-vacuna-de-pfizer-suplica-ayuda-a-los-principales-funcionarios-de-salud-publica-estadounidenses-y-no-obtiene-ninguna-respuesta\">Una m\u00e9dica &#8216;terriblemente afectada&#8217; despu\u00e9s de recibir la vacuna de Pfizer suplica ayuda a los principales funcionarios de salud p\u00fablica estadounidenses y no obtiene ninguna respuesta<\/h2>\n\n\n\n<p>Danice Hertz, una m\u00e9dica de 64 a\u00f1os que se encuentra &#8220;terriblemente enferma&#8221; e &#8220;incapacitada&#8221; despu\u00e9s de recibir la &#8216;vacuna contra el COVID de Pfizer&#8217;, afirma que las agencias de salud de EE.UU est\u00e1n ignorando&nbsp;miles de eventos adversos.<\/p>\n\n\n\n<p><a href=\"https:\/\/trikooba.com\/una-medica-terriblemente-afectada-despues-de-recibir-la-vacuna-de-pfizer-suplica-ayuda-a-los-principales-funcionarios-de-salud-publica-estadounidenses-y-no-obtiene-ninguna-respuesta\/\">https:\/\/trikooba.com\/una-medica-terriblemente-afectada-despues-de-recibir-la-vacuna-de-pfizer-suplica-ayuda-a-los-principales-funcionarios-de-salud-publica-estadounidenses-y-no-obtiene-ninguna-respuesta\/<\/a><\/p>\n\n\n\n<p><a href=\"https:\/\/www.redvoicemedia.com\/2021\/09\/doctor-reveals-pfizer-vaccine-left-her-horribly-ill-and-incapacitated\/\">https:\/\/www.redvoicemedia.com\/2021\/09\/doctor-reveals-pfizer-vaccine-left-her-horribly-ill-and-incapacitated\/<\/a><\/p>\n\n\n\n<h2 class=\"wp-block-heading\" id=\"openvaers-hasta-el-17-de-septiembre-2021\">OpenVAERS hasta el 17 de Septiembre 2021<\/h2>\n\n\n\n<p><strong>726.923 NOTIFICACIONES DE EVENTOS ADVERSOS POST- INOCULACI\u00d3N EN EEUU<\/strong><\/p>\n\n\n\n<p><strong>15.386 muertes<\/strong><br>66.642 hospitalizados<br>82.854 consultas de urgencias<br>114.127 consultas m\u00e9dicas no urgentes<br>6.378 anafilaxia<br>8.626 par\u00e1lisis de bell<br>2.121 abortos espont\u00e1neos<br>7.267 Infartos agudos de miocardio<br>6.812 miocarditis y pericarditis<br>20.789 discapacitados<br>3.231 trombocitopenia<br>8.153 herpes<\/p>\n\n\n\n<p><a href=\"https:\/\/openvaers.com\/covid-data\">https:\/\/openvaers.com\/covid-data<\/a><\/p>\n\n\n\n<p>El famoso actor de la serie Sexo en Nueva York, WILLIE GARSON, se vacuna y muere cinco meses despu\u00e9s con s\u00f3lo 57 a\u00f1os<\/p>\n\n\n\n<ul class=\"wp-block-list\">\n<li>15 de abril: se inyecta la segunda dosis<\/li>\n\n\n\n<li>21 de septiembre: muere<\/li>\n<\/ul>\n\n\n\n<figure class=\"wp-block-image size-large\"><img loading=\"lazy\" decoding=\"async\" width=\"739\" height=\"1024\" src=\"https:\/\/www.salud101.cc\/wp-content\/uploads\/2021\/09\/image-5-739x1024.png\" alt=\"\" class=\"wp-image-533\" srcset=\"https:\/\/www.salud101.cc\/wp-content\/uploads\/2021\/09\/image-5-739x1024.png 739w, https:\/\/www.salud101.cc\/wp-content\/uploads\/2021\/09\/image-5-217x300.png 217w, https:\/\/www.salud101.cc\/wp-content\/uploads\/2021\/09\/image-5.png 750w\" sizes=\"auto, (max-width: 739px) 100vw, 739px\" \/><\/figure>\n\n\n\n<figure class=\"wp-block-image size-full\"><img loading=\"lazy\" decoding=\"async\" width=\"750\" height=\"907\" src=\"https:\/\/www.salud101.cc\/wp-content\/uploads\/2021\/09\/image-6.png\" alt=\"\" class=\"wp-image-534\" srcset=\"https:\/\/www.salud101.cc\/wp-content\/uploads\/2021\/09\/image-6.png 750w, https:\/\/www.salud101.cc\/wp-content\/uploads\/2021\/09\/image-6-248x300.png 248w\" sizes=\"auto, (max-width: 750px) 100vw, 750px\" \/><\/figure>\n\n\n\n<h2 class=\"wp-block-heading\" id=\"volodymyr-salo-estudiante-ucraniano-de-19-anos-recibe-una-inyeccion-de-arnm-de-pfizer-a-espaldas-de-su-familia-muerto-siete-horas-despues\">Volodymyr Salo: estudiante ucraniano de 19 a\u00f1os recibe una inyecci\u00f3n de ARNm de Pfizer a espaldas de su familia, muerto siete horas despu\u00e9s<\/h2>\n\n\n\n<p>LVIV, UCRANIA &#8211; Un estudiante de filolog\u00eda de 19 a\u00f1os muri\u00f3 despu\u00e9s de desafiar las objeciones filos\u00f3ficas y religiosas de su familia.<\/p>\n\n\n\n<figure class=\"wp-block-embed is-type-wp-embed is-provider-the-covid-blog wp-block-embed-the-covid-blog\"><div class=\"wp-block-embed__wrapper\">\n<blockquote class=\"wp-embedded-content\" data-secret=\"mAg4Y6YJTD\"><a href=\"https:\/\/thecovidblog.com\/2021\/09\/25\/volodymyr-salo-19-year-old-ukrainian-student-gets-pfizer-mrna-injection-behind-his-familys-back-dead-seven-hours-later\/\">Volodymyr Salo: 19-year-old Ukrainian student gets Pfizer mRNA injection behind his family&#8217;s back, dead seven hours later<\/a><\/blockquote><iframe loading=\"lazy\" class=\"wp-embedded-content\" sandbox=\"allow-scripts\" security=\"restricted\" style=\"position: absolute; clip: rect(1px, 1px, 1px, 1px);\" title=\"&#8220;Volodymyr Salo: 19-year-old Ukrainian student gets Pfizer mRNA injection behind his family&#8217;s back, dead seven hours later&#8221; &#8212; The COVID Blog\u00ae\" src=\"https:\/\/thecovidblog.com\/2021\/09\/25\/volodymyr-salo-19-year-old-ukrainian-student-gets-pfizer-mrna-injection-behind-his-familys-back-dead-seven-hours-later\/embed\/#?secret=KEVUFEmNIP#?secret=mAg4Y6YJTD\" data-secret=\"mAg4Y6YJTD\" width=\"600\" height=\"338\" frameborder=\"0\" marginwidth=\"0\" marginheight=\"0\" scrolling=\"no\"><\/iframe>\n<\/div><\/figure>\n\n\n\n<h2 class=\"wp-block-heading\" id=\"eudra-vigilance-setiembre-2021\">Eudra Vigilance Setiembre 2021<\/h2>\n\n\n\n<figure class=\"wp-block-image size-large\"><img loading=\"lazy\" decoding=\"async\" width=\"1024\" height=\"774\" src=\"https:\/\/www.salud101.cc\/wp-content\/uploads\/2021\/09\/image-7-1024x774.png\" alt=\"\" class=\"wp-image-538\" srcset=\"https:\/\/www.salud101.cc\/wp-content\/uploads\/2021\/09\/image-7-1024x774.png 1024w, https:\/\/www.salud101.cc\/wp-content\/uploads\/2021\/09\/image-7-300x227.png 300w, https:\/\/www.salud101.cc\/wp-content\/uploads\/2021\/09\/image-7-768x581.png 768w, https:\/\/www.salud101.cc\/wp-content\/uploads\/2021\/09\/image-7.png 1050w\" sizes=\"auto, (max-width: 1024px) 100vw, 1024px\" \/><\/figure>\n\n\n\n<h2 class=\"wp-block-heading\" id=\"vacunas-y-muerte-subita-del-lactante-analisis-de-la-base-de-datos-vaers-1990-2019-y-revision-de-la-literatura-medica\">Vacunas y muerte s\u00fabita del lactante: an\u00e1lisis de la base de datos VAERS 1990-2019 y revisi\u00f3n de la literatura m\u00e9dica<\/h2>\n\n\n\n<ul class=\"wp-block-list\">\n<li>Puede producirse toxicidad aditiva o sin\u00e9rgica tras la vacunaci\u00f3n multivalente.<\/li>\n\n\n\n<li>Las muertes infantiles posteriores a la vacunaci\u00f3n a menudo se clasifican err\u00f3neamente como SMSL (Sindrome de Muerte Subita en Lactantes) o asfixia en la cama.<\/li>\n\n\n\n<li>De todos los casos de SMSL notificados despu\u00e9s de la vacunaci\u00f3n, el 75% ocurri\u00f3 dentro de los 7 d\u00edas (p &lt;0,00001).<\/li>\n\n\n\n<li>Las citocinas inflamatorias de la m\u00e9dula del lactante act\u00faan como neuromoduladores y provocan apneas prolongadas.<\/li>\n\n\n\n<li>Los adyuvantes que atraviesan la BBB pueden inducir una desorganizaci\u00f3n fatal del control respiratorio.<\/li>\n<\/ul>\n\n\n\n<p>Este estudio encontr\u00f3 que una proporci\u00f3n sustancial de muertes infantiles y casos de SMSL ocurrieron en la proximidad temporal de la administraci\u00f3n de la vacuna. El exceso de muertes durante estos primeros per\u00edodos posteriores a la vacunaci\u00f3n fue estad\u00edsticamente significativo (p &lt;0,00001). Se han propuesto varias teor\u00edas con respecto al mecanismo patog\u00e9nico detr\u00e1s de estos eventos fatales, incluido el papel de las citocinas inflamatorias inducidas por la vacuna como neuromoduladores en la m\u00e9dula del lactante antes de una respuesta anormal a la acumulaci\u00f3n de di\u00f3xido de carbono; desorganizaci\u00f3n fatal del control respiratorio inducida por adyuvantes que atraviesan la barrera hematoencef\u00e1lica; y toxicidad bioqu\u00edmica o sin\u00e9rgica debido a m\u00faltiples vacunas administradas al mismo tiempo.<\/p>\n\n\n\n<p><a href=\"https:\/\/www.sciencedirect.com\/science\/article\/pii\/S2214750021001268\">https:\/\/www.sciencedirect.com\/science\/article\/pii\/S2214750021001268<\/a><\/p>\n\n\n\n<div data-wp-interactive=\"core\/file\" class=\"wp-block-file\"><object data-wp-bind--hidden=\"!state.hasPdfPreview\" hidden class=\"wp-block-file__embed\" data=\"https:\/\/www.salud101.cc\/wp-content\/uploads\/2021\/08\/Vaccines-and-sudden-infant-death.pdf\" type=\"application\/pdf\" style=\"width:100%;height:600px\" aria-label=\"Embed of Vaccines-and-sudden-infant-death.\"><\/object><a id=\"wp-block-file--media-f360abb6-e5d0-4a7f-a7a4-b1b45d04f582\" href=\"https:\/\/www.salud101.cc\/wp-content\/uploads\/2021\/08\/Vaccines-and-sudden-infant-death.pdf\">Vaccines-and-sudden-infant-death<\/a><a href=\"https:\/\/www.salud101.cc\/wp-content\/uploads\/2021\/08\/Vaccines-and-sudden-infant-death.pdf\" class=\"wp-block-file__button wp-element-button\" download aria-describedby=\"wp-block-file--media-f360abb6-e5d0-4a7f-a7a4-b1b45d04f582\">Download<\/a><\/div>\n\n\n\n<h2 class=\"wp-block-heading\" id=\"la-proteina-de-espiga-inducida-por-las-vacunas-covid-inhibe-la-reparacion-del-adn-y-esta-relacionada-con-el-cancer-segun-un-importante-estudio-sueco\">La prote\u00edna de espiga inducida por las vacunas COVID inhibe la reparaci\u00f3n del ADN y est\u00e1 relacionada con el c\u00e1ncer, seg\u00fan un importante estudio sueco<\/h2>\n\n\n\n<p><a href=\"https:\/\/greatgameindia.com\/spike-protein-inhibits-dna-repair\/\">https:\/\/greatgameindia.com\/spike-protein-inhibits-dna-repair\/<\/a><\/p>\n\n\n\n<h2 class=\"wp-block-heading\" id=\"las-directrices-del-gobierno-del-reino-unido-admiten-que-un-alto-porcentaje-de-todos-los-ninos-hospitalizados-padecen-miocarditis-debido-a-las-inyecciones-de-covid\">Las directrices del gobierno del Reino Unido admiten que un alto porcentaje de todos los ni\u00f1os hospitalizados padecen miocarditis debido a las inyecciones de Covid<\/h2>\n\n\n\n<p><a href=\"https:\/\/dailyexpose.uk\/2021\/12\/03\/uk-government-guidance-admits-high-percentage-of-all-hospitalised-children-are-suffering-myocarditis-due-to-covid-injections\/\">https:\/\/dailyexpose.uk\/2021\/12\/03\/uk-government-guidance-admits-high-percentage-of-all-hospitalised-children-are-suffering-myocarditis-due-to-covid-injections\/<\/a><\/p>\n\n\n\n<figure class=\"wp-block-image size-large\"><img loading=\"lazy\" decoding=\"async\" width=\"640\" height=\"1024\" src=\"https:\/\/www.salud101.cc\/wp-content\/uploads\/2021\/12\/image-1-640x1024.png\" alt=\"\" class=\"wp-image-579\" srcset=\"https:\/\/www.salud101.cc\/wp-content\/uploads\/2021\/12\/image-1-640x1024.png 640w, https:\/\/www.salud101.cc\/wp-content\/uploads\/2021\/12\/image-1-188x300.png 188w, https:\/\/www.salud101.cc\/wp-content\/uploads\/2021\/12\/image-1-768x1229.png 768w, https:\/\/www.salud101.cc\/wp-content\/uploads\/2021\/12\/image-1.png 800w\" sizes=\"auto, (max-width: 640px) 100vw, 640px\" \/><\/figure>\n\n\n\n<figure class=\"wp-block-image size-full\"><img loading=\"lazy\" decoding=\"async\" width=\"720\" height=\"1025\" src=\"https:\/\/www.salud101.cc\/wp-content\/uploads\/2021\/12\/image-2.png\" alt=\"\" class=\"wp-image-581\" srcset=\"https:\/\/www.salud101.cc\/wp-content\/uploads\/2021\/12\/image-2.png 720w, https:\/\/www.salud101.cc\/wp-content\/uploads\/2021\/12\/image-2-211x300.png 211w\" sizes=\"auto, (max-width: 720px) 100vw, 720px\" \/><\/figure>\n\n\n\n<h2 class=\"wp-block-heading\" id=\"riesgos-de-miocarditis-pericarditis-y-arritmias-cardiacas-asociadas-con-la-vacunacion-covid-19-o-la-infeccion-por-sars-cov-2\">Riesgos de miocarditis, pericarditis y arritmias card\u00edacas asociadas con la vacunaci\u00f3n COVID-19 o la infecci\u00f3n por SARS-CoV-2<\/h2>\n\n\n\n<p>Aunque la miocarditis y la pericarditis no se observaron como eventos adversos en los ensayos de la vacuna contra la enfermedad por coronavirus 2019 (COVID-19), ha habido numerosos informes de casos sospechosos despu\u00e9s de la vacunaci\u00f3n en la poblaci\u00f3n general.<\/p>\n\n\n\n<p><a href=\"https:\/\/www.nature.com\/articles\/s41591-021-01630-0\">https:\/\/www.nature.com\/articles\/s41591-021-01630-0<\/a><\/p>\n\n\n\n<h2 class=\"wp-block-heading\" id=\"reino-unido-con-mayores-tasas-de-mortalidad-infantil-desde-que-comenzo-la-vacunacion\">Reino Unido con mayores tasas de mortalidad infantil desde que comenz\u00f3 la vacunaci\u00f3n<\/h2>\n\n\n\n<p>Las muertes infantiles han aumentado desde que los brit\u00e1nicos comenzaron a vacunar a los adolescentes de 12 a\u00f1os o m\u00e1s. El an\u00e1lisis de riesgo-beneficio plantea serias dudas sobre la administraci\u00f3n del f\u00e1rmaco experimental a este grupo de edad.<\/p>\n\n\n\n<figure class=\"wp-block-embed is-type-wp-embed is-provider-tkp-at wp-block-embed-tkp-at\"><div class=\"wp-block-embed__wrapper\">\n<blockquote class=\"wp-embedded-content\" data-secret=\"9aT96kxuuM\"><a href=\"https:\/\/tkp.at\/2021\/12\/11\/grossbritannien-mit-hoeherer-sterblichkeit-bei-kindern-seit-impfbeginn\/\">Gro\u00dfbritannien mit h\u00f6herer Sterblichkeit bei Kindern seit Impfbeginn<\/a><\/blockquote><iframe loading=\"lazy\" class=\"wp-embedded-content\" sandbox=\"allow-scripts\" security=\"restricted\" style=\"position: absolute; clip: rect(1px, 1px, 1px, 1px);\" title=\"&#8222;Gro\u00dfbritannien mit h\u00f6herer Sterblichkeit bei Kindern seit Impfbeginn&#8220; &#8212; tkp.at\" src=\"https:\/\/tkp.at\/2021\/12\/11\/grossbritannien-mit-hoeherer-sterblichkeit-bei-kindern-seit-impfbeginn\/embed\/#?secret=hN7JHjJVQp#?secret=9aT96kxuuM\" data-secret=\"9aT96kxuuM\" width=\"600\" height=\"338\" frameborder=\"0\" marginwidth=\"0\" marginheight=\"0\" scrolling=\"no\"><\/iframe>\n<\/div><\/figure>\n\n\n\n<h2 class=\"wp-block-heading\" id=\"miocarditis-asociada-a-la-vacunacion-con-arnm-del-sars-cov-2-en-ninos-de-12-a-17-anos-analisis-estratificado-de-una-base-de-datos-nacional\">Miocarditis asociada a la vacunaci\u00f3n con ARNm del SARS-CoV-2 en ni\u00f1os de 12 a 17 a\u00f1os: an\u00e1lisis estratificado de una base de datos nacional<\/h2>\n\n\n\n<p><a href=\"https:\/\/www.medrxiv.org\/content\/10.1101\/2021.08.30.21262866v1\">https:\/\/www.medrxiv.org\/content\/10.1101\/2021.08.30.21262866v1<\/a><\/p>\n\n\n\n<h2 class=\"wp-block-heading\" id=\"resumen-10712-las-vacunas-mrna-covid-aumentan-drasticamente-los-marcadores-inflamatorios-endoteliales-y-el-riesgo-de-sca-medido-por-la-prueba-cardiaca-puls-una-advertencia\">Resumen 10712: Las vacunas Mrna COVID aumentan dr\u00e1sticamente los marcadores inflamatorios endoteliales y el riesgo de SCA medido por la prueba card\u00edaca PULS: una advertencia<\/h2>\n\n\n\n<p>Concluimos que las vacunas de ARNm aumentan dr\u00e1sticamente la inflamaci\u00f3n en el endotelio y la infiltraci\u00f3n de c\u00e9lulas T del m\u00fasculo card\u00edaco y pueden explicar las observaciones de aumento de trombosis, miocardiopat\u00eda y otros eventos vasculares despu\u00e9s de la vacunaci\u00f3n.<\/p>\n\n\n\n<p><a href=\"https:\/\/www.ahajournals.org\/doi\/10.1161\/circ.144.suppl_1.10712\">https:\/\/www.ahajournals.org\/doi\/10.1161\/circ.144.suppl_1.10712<\/a><\/p>\n\n\n\n<h2 class=\"wp-block-heading\" id=\"guy-hatchard-el-documento-de-pfizer-concede-que-hay-un-gran-aumento-en-los-tipos-de-reacciones-adversas-en-su-vacuna\">Guy Hatchard: El documento de Pfizer concede que hay un gran aumento en los tipos de reacciones adversas en su vacuna<\/h2>\n\n\n\n<ul class=\"wp-block-list\">\n<li>Un documento publicado por Pfizer aparentemente como resultado de una orden judicial de Libertad de Informaci\u00f3n en los EE. UU. Revela una amplia gama de efectos adversos de vacunas previamente desconocidos recopilados de fuentes oficiales de todo el mundo.<\/li>\n\n\n\n<li>Pfizer reconoce que se trata de &#8220;un gran aumento&#8221; en los informes de eventos adversos y que incluso este enorme volumen no se informa.<\/li>\n\n\n\n<li>Se enumeran m\u00e1s de 100 enfermedades, muchas de ellas muy graves.<\/li>\n\n\n\n<li>Este documento fue compilado por Pfizer en los primeros d\u00edas del lanzamiento de la vacuna en Nueva Zelanda, pero posiblemente no fue entregado a nuestro gobierno.<\/li>\n<\/ul>\n\n\n\n<p><a href=\"https:\/\/dailytelegraph.co.nz\/news\/pfizer-document-concedes-that-there-is-a-large-increase-in-types-of-adverse-event-reaction-to-its-vaccine\/\">https:\/\/dailytelegraph.co.nz\/news\/pfizer-document-concedes-that-there-is-a-large-increase-in-types-of-adverse-event-reaction-to-its-vaccine\/<\/a><\/p>\n\n\n\n<h2 class=\"wp-block-heading\" id=\"la-dra-jessica-rose-sobre-las-reacciones-adversas-a-las-vacunas-c-19-desde-miocarditis-hasta-problemas-para-la-salud-reproductiva-de-las-mujeres\">La Dra. Jessica Rose sobre las reacciones adversas a las vacunas C-19, desde miocarditis hasta problemas para la salud reproductiva de las mujeres<\/h2>\n\n\n\n<p><a href=\"https:\/\/www.rebelnews.com\/dr_jessica_rose_vaers_myocarditis_to_womens_reproductive_health\">https:\/\/www.rebelnews.com\/dr_jessica_rose_vaers_myocarditis_to_womens_reproductive_health<\/a><\/p>\n\n\n\n<h2 class=\"wp-block-heading\" id=\"sindrome-de-inmunodeficiencia-adquirida-por-vacuna-vaids-deberiamos-anticiparnos-a-ver-esta-erosion-inmunologica-mas-ampliamente\">S\u00edndrome de inmunodeficiencia adquirida por vacuna (VAIDS): &#8216;Deber\u00edamos anticiparnos a ver esta erosi\u00f3n inmunol\u00f3gica m\u00e1s ampliamente&#8217;<\/h2>\n\n\n\n<p><a href=\"https:\/\/americasfrontlinedoctors.org\/news\/post\/vaccine-acquired-immune-deficiency-syndrome-vaids-we-should-anticipate-seeing-this-immune-erosion-more-widely\/\">https:\/\/americasfrontlinedoctors.org\/news\/post\/vaccine-acquired-immune-deficiency-syndrome-vaids-we-should-anticipate-seeing-this-immune-erosion-more-widely\/<\/a><\/p>\n\n\n\n<h2 class=\"wp-block-heading\" id=\"jugadores-de-la-fifa-muriendo-repentinamente-atletas-colapsando-con-ataques-al-corazon-350-casos-en-2021\">Jugadores de la FIFA muriendo repentinamente, atletas colapsando con ataques al coraz\u00f3n: 350 casos en 2021<\/h2>\n\n\n\n<p><a href=\"https:\/\/diariodevallarta.com\/jugadores-de-la-fifa-muriendo-repentinamente-atletas-colapsando-con-ataques-al-corazon-350-casos-en-2021\/\">https:\/\/diariodevallarta.com\/jugadores-de-la-fifa-muriendo-repentinamente-atletas-colapsando-con-ataques-al-corazon-350-casos-en-2021\/<\/a><\/p>\n\n\n\n<h2 class=\"wp-block-heading\" id=\"informe-del-instituto-paul-ehrlich-alemania-sobre-casos-sospechosos-de-efectos-secundarios-y-complicaciones-despues-de-la-vacunacion-contra-covid-19\">Informe del Instituto Paul Ehrlich (Alemania) sobre casos sospechosos de efectos secundarios y complicaciones despu\u00e9s de la vacunaci\u00f3n contra COVID-19<\/h2>\n\n\n\n<p><a href=\"https:\/\/www.pei.de\/DE\/newsroom\/dossier\/coronavirus\/sicherheitsbericht-covid-19-impfstoffe-aktuell.html\">https:\/\/www.pei.de\/DE\/newsroom\/dossier\/coronavirus\/sicherheitsbericht-covid-19-impfstoffe-aktuell.html<\/a><\/p>\n\n\n\n<h2 class=\"wp-block-heading\" id=\"un-informe-sobre-eventos-adversos-de-miocarditis-en-el-sistema-de-notificacion-vaers-de-eeuu-asociado-a-los-productos-biologicos-inyectables-covid-19-vacunas\">Un informe sobre eventos adversos de miocarditis en el sistema de notificaci\u00f3n VAERS de EEUU asociado a los productos biol\u00f3gicos inyectables COVID-19 (vacunas)<\/h2>\n\n\n\n<p>Este estudio fue retirado por el editor, no por los autores, aparentemente a raiz de presiones y amenazas legales. Pude consguir el estudio completo con ayuda del Dr. Paul Alexander. <\/p>\n\n\n\n<div data-wp-interactive=\"core\/file\" class=\"wp-block-file\"><object data-wp-bind--hidden=\"!state.hasPdfPreview\" hidden class=\"wp-block-file__embed\" data=\"http:\/\/www.salud101.cc\/wp-content\/uploads\/2021\/12\/Paper-A-Report-on-Myocarditis-Adverse-Events.pdf\" type=\"application\/pdf\" style=\"width:100%;height:600px\" aria-label=\"Embed of Paper-A-Report-on-Myocarditis-Adverse-Events.\"><\/object><a id=\"wp-block-file--media-81df8b09-7c30-4253-b486-a31d02d1fec8\" href=\"http:\/\/www.salud101.cc\/wp-content\/uploads\/2021\/12\/Paper-A-Report-on-Myocarditis-Adverse-Events.pdf\">Paper-A-Report-on-Myocarditis-Adverse-Events<\/a><a href=\"http:\/\/www.salud101.cc\/wp-content\/uploads\/2021\/12\/Paper-A-Report-on-Myocarditis-Adverse-Events.pdf\" class=\"wp-block-file__button wp-element-button\" download aria-describedby=\"wp-block-file--media-81df8b09-7c30-4253-b486-a31d02d1fec8\">Download<\/a><\/div>\n\n\n\n<p><a href=\"https:\/\/www.sciencedirect.com\/science\/article\/pii\/S0146280621002267?via%3Dihub\">https:\/\/www.sciencedirect.com\/science\/article\/pii\/S0146280621002267?via%3Dihub<\/a><\/p>\n\n\n\n<p><a href=\"https:\/\/palexander.substack.com\/p\/this-myocarditis-paper-by-mccullough\">https:\/\/palexander.substack.com\/p\/this-myocarditis-paper-by-mccullough<\/a><\/p>\n\n\n\n<h2 class=\"wp-block-heading\" id=\"2-ninos-mueren-de-una-inflamacion-inusual-del-corazon-poco-despues-de-recibir-la-vacuna-de-pfizer-segun-un-nuevo-estudio\">2 ni\u00f1os mueren de una inflamaci\u00f3n inusual del coraz\u00f3n poco despu\u00e9s de recibir la vacuna de Pfizer seg\u00fan un nuevo estudio<\/h2>\n\n\n\n<p><a href=\"https:\/\/greatgameindia.com\/unusual-heart-inflammation-pfizer-vaccine\">https:\/\/greatgameindia.com\/unusual-heart-inflammation-pfizer-vaccine<\/a><a href=\"https:\/\/greatgameindia.com\/unusual-heart-inflammation-pfizer-vaccine\/\">\/<\/a><\/p>\n\n\n\n<h2 class=\"wp-block-heading\" id=\"informes-vaers\">Informes VAERS<\/h2>\n\n\n\n<p><a href=\"https:\/\/jamanetwork.com\/journals\/jama\/fullarticle\/2788346\">https:\/\/jamanetwork.com\/journals\/jama\/fullarticle\/2788346<\/a><\/p>\n\n\n\n<figure class=\"wp-block-image size-large\"><img loading=\"lazy\" decoding=\"async\" width=\"1024\" height=\"926\" src=\"https:\/\/www.salud101.cc\/wp-content\/uploads\/2022\/02\/image-1024x926.png\" alt=\"\" class=\"wp-image-673\" srcset=\"https:\/\/www.salud101.cc\/wp-content\/uploads\/2022\/02\/image-1024x926.png 1024w, https:\/\/www.salud101.cc\/wp-content\/uploads\/2022\/02\/image-300x271.png 300w, https:\/\/www.salud101.cc\/wp-content\/uploads\/2022\/02\/image-768x695.png 768w, https:\/\/www.salud101.cc\/wp-content\/uploads\/2022\/02\/image.png 1280w\" sizes=\"auto, (max-width: 1024px) 100vw, 1024px\" \/><\/figure>\n\n\n\n<h2 class=\"wp-block-heading\" id=\"audiencias-y-testimonios-de-denunciantes-en-eeuu-senador-ron-johnson\">Audiencias y testimonios de denunciantes en EEUU (Senador Ron Johnson)<\/h2>\n\n\n\n<p><a href=\"https:\/\/rumble.com\/vte2zn-usa-hearingswhistle-blowers-testimonysen-ron-johnson.html\">https:\/\/rumble.com\/vte2zn-usa-hearingswhistle-blowers-testimonysen-ron-johnson.html<\/a><\/p>\n\n\n\n<h2 class=\"wp-block-heading\" id=\"francia-un-nino-de-13-anos-casi-se-queda-ciego-despues-de-la-vacunacion-pfizer-no-se-quiere-responsabilizar\">Francia: un ni\u00f1o de 13 a\u00f1os casi se queda ciego despu\u00e9s de la vacunaci\u00f3n, Pfizer no se quiere responsabilizar<\/h2>\n\n\n\n<p>Un ni\u00f1o de 13 a\u00f1os que perdi\u00f3 casi por completo la vista despu\u00e9s de ser vacunado quiere justicia y reparaci\u00f3n. Pero los fabricantes de vacunas lo tienen claro: Pfizer no quiere ser responsable y considera que el estado franc\u00e9s tiene la obligaci\u00f3n de pagar da\u00f1os y perjuicios. Se hace referencia al contrato con la UE, que exime de cualquier responsabilidad al fabricante de la vacuna.<\/p>\n\n\n\n<figure class=\"wp-block-embed is-type-wp-embed is-provider-report-24 wp-block-embed-report-24\"><div class=\"wp-block-embed__wrapper\">\n<blockquote class=\"wp-embedded-content\" data-secret=\"HHmNp7nrK9\"><a href=\"https:\/\/report24.news\/frankreich-13-jaehriger-bub-nach-impfung-fast-erblindet-pfizer-will-nicht-haften\/\">Frankreich: 13-j\u00e4hriger Bub nach Impfung fast erblindet, Pfizer will nicht haften<\/a><\/blockquote><iframe loading=\"lazy\" class=\"wp-embedded-content\" sandbox=\"allow-scripts\" security=\"restricted\" style=\"position: absolute; clip: rect(1px, 1px, 1px, 1px);\" title=\"&#8222;Frankreich: 13-j\u00e4hriger Bub nach Impfung fast erblindet, Pfizer will nicht haften&#8220; &#8212; Report24\" src=\"https:\/\/report24.news\/frankreich-13-jaehriger-bub-nach-impfung-fast-erblindet-pfizer-will-nicht-haften\/embed\/#?secret=MpJQrrPk1X#?secret=HHmNp7nrK9\" data-secret=\"HHmNp7nrK9\" width=\"600\" height=\"338\" frameborder=\"0\" marginwidth=\"0\" marginheight=\"0\" scrolling=\"no\"><\/iframe>\n<\/div><\/figure>\n\n\n\n<h2 class=\"wp-block-heading\">ARD, TV P\u00fablica Alemana, informe sobre da\u00f1os por vacuna COVID<\/h2>\n\n\n\n<p>Despu\u00e9s de informar sobre da\u00f1os de la vacunaci\u00f3n, ARD (primer canal de la TV p\u00fablica alemana) es inundada con testimonios de afectados.<br>El 23 de marzo, la revista ARD &#8220;plusminus&#8221; public\u00f3 un video (<a href=\"https:\/\/www.daserste.de\/information\/wirtschaft-boerse\/plusminus\/videos\/plusminus-maerz-impfschaeden-video-100.html\">https:\/\/www.daserste.de\/information\/wirtschaft-boerse\/plusminus\/videos\/plusminus-maerz-impfschaeden-video-100.html<\/a>) sobre da\u00f1os despu\u00e9s de vacunaci\u00f3n Covid. Un desarrollo positivo: este paso muestra que los efectos secundarios y las complicaciones causadas por las controvertidas vacunas en Alemania ya no pueden ser silenciados ni siquiera por los medios del sistema. La respuesta fue correspondientemente positiva. Sin embargo, algo no se esperaba ARD: en la columna de comentarios del art\u00edculo, las personas ahora est\u00e1n ocupadas informando sobre sus propias experiencias negativas con las vacunas.<\/p>\n\n\n\n<p>Las experiencias que las personas describen en los comentarios del art\u00edculo son impactantes: aunque es posible que las conexiones causales con la vacunaci\u00f3n no se hayan confirmado oficialmente, pero debido a la presi\u00f3n pol\u00edtica, los m\u00e9dicos rara vez se atreven a considerar abiertamente a la vacuna como la causa. Llama la atenci\u00f3n el contexto temporal de los s\u00edntomas descritos de la vacuna del Covid; los supuestos efectos secundarios descritos tambi\u00e9n coinciden con los efectos conocidos de la vacuna. La mayor\u00eda de las personas que mandan sus comentarios no recibieron apoyo ni de los m\u00e9dicos ni de las autoridades. Encontrar\u00e1 algunos comentarios a continuaci\u00f3n, todas las contribuciones se pueden leer en esta p\u00e1gina.<\/p>\n\n\n\n<p><a href=\"https:\/\/www.daserste.de\/information\/wirtschaft-boerse\/plusminus\/videos\/plusminus-maerz-impfschaeden-video-100.html\">https:\/\/www.daserste.de\/information\/wirtschaft-boerse\/plusminus\/videos\/plusminus-maerz-impfschaeden-video-100.html<\/a><\/p>\n\n\n\n<h2 class=\"wp-block-heading\">El mundo del tenis se estremeci\u00f3 cuando QUINCE jugadores &#8220;totalmente vacunados&#8221; no pudieron terminar el Abierto de Miami<\/h2>\n\n\n\n<p>Los fan\u00e1ticos del tenis est\u00e1n molestos y el mundo del deporte se tambalea despu\u00e9s de que un n\u00famero sin precedentes de jugadores se retiraron o se retiraron del Abierto de Miami esta semana. Un total de 15 jugadores no pudieron terminar, incluidos los favoritos masculino y femenino para ganar.<\/p>\n\n\n\n<figure class=\"wp-block-embed is-type-wp-embed is-provider-x-1-f-514-the-liberty-daily wp-block-embed-x-1-f-514-the-liberty-daily\"><div class=\"wp-block-embed__wrapper\">\n<blockquote class=\"wp-embedded-content\" data-secret=\"GOs1JJc8iB\"><a href=\"https:\/\/thelibertydaily.com\/buried-bombshell-tennis-world-rocked-as-fifteen-fully-vaccinated-players-unable-to-finish-miami-open\/\">Buried Bombshell: Tennis World Rocked as FIFTEEN &#8220;Fully Vaccinated&#8221; Players Unable to Finish Miami Open<\/a><\/blockquote><iframe loading=\"lazy\" class=\"wp-embedded-content\" sandbox=\"allow-scripts\" security=\"restricted\" style=\"position: absolute; clip: rect(1px, 1px, 1px, 1px);\" title=\"&#8220;Buried Bombshell: Tennis World Rocked as FIFTEEN &#8220;Fully Vaccinated&#8221; Players Unable to Finish Miami Open&#8221; &#8212; &#x1f514; The Liberty Daily\" src=\"https:\/\/thelibertydaily.com\/buried-bombshell-tennis-world-rocked-as-fifteen-fully-vaccinated-players-unable-to-finish-miami-open\/embed\/#?secret=KCMBnmon9f#?secret=GOs1JJc8iB\" data-secret=\"GOs1JJc8iB\" width=\"600\" height=\"338\" frameborder=\"0\" marginwidth=\"0\" marginheight=\"0\" scrolling=\"no\"><\/iframe>\n<\/div><\/figure>\n\n\n\n<h2 class=\"wp-block-heading\">El presentador brasile\u00f1o Rafael Silva recibi\u00f3 su tercera dosis el 28 de diciembre, recientemente colaps\u00f3 en vivo al aire<\/h2>\n\n\n\n<p>Se ha informado que tuvo cinco ataques al coraz\u00f3n en el camino al hospital.<\/p>\n\n\n\n<figure class=\"wp-block-video\"><video height=\"352\" style=\"aspect-ratio: 640 \/ 352;\" width=\"640\" controls src=\"https:\/\/www.salud101.cc\/wp-content\/uploads\/2022\/04\/IMG_2300.mp4\"><\/video><\/figure>\n\n\n\n<h2 class=\"wp-block-heading\">ACTUALIZACI\u00d3N: Un asombroso 769 atletas se han derrumbado mientras compet\u00edan durante el a\u00f1o pasado<\/h2>\n\n\n\n<p>\u201cPromedio de la edad de los jugadores que sufren un paro card\u00edaco es S\u00d3LO 23\u201d<\/p>\n\n\n\n<figure class=\"wp-block-embed is-type-wp-embed is-provider-the-gateway-pundit wp-block-embed-the-gateway-pundit\"><div class=\"wp-block-embed__wrapper\">\nhttps:\/\/www.thegatewaypundit.com\/2022\/04\/update-jaw-dropping-769-athletes-collapsed-competing-past-year-avg-age-players-suffering-cardiac-arrest-just-23-video\/\n<\/div><\/figure>\n\n\n\n<p><\/p>\n\n\n\n<h2 class=\"wp-block-heading\">El 17 % de los adolescentes tuvo s\u00edntomas card\u00edacos despu\u00e9s de su segunda inyecci\u00f3n de ARNm de Pfizer<\/h2>\n\n\n\n<p>Seg\u00fan muestra un nuevo art\u00edculo revisado por pares el 1 por ciento ten\u00eda ECG anormales; 1 de cada 1000 ten\u00eda miocarditis o arritmias significativas.<\/p>\n\n\n\n<p>Investigadores en Taiw\u00e1n se han sumado a la imagen cada vez m\u00e1s negativa del impacto que las vacunas mRNA Covid tienen en los corazones de los hombres j\u00f3venes.<\/p>\n\n\n\n<p><a href=\"https:\/\/alexberenson.substack.com\/p\/urgent-17-percent-of-teenagers-had?utm_source=substack&amp;utm_medium=email\">https:\/\/alexberenson.substack.com\/p\/urgent-17-percent-of-teenagers-had?utm_source=substack&amp;utm_medium=email<\/a><\/p>\n\n\n\n<p><\/p>\n\n\n\n<h2 class=\"wp-block-heading\">Los refuerzos de COVID desencadenan met\u00e1stasis<\/h2>\n\n\n\n<p>Las investigaciones demuestran que la prote\u00edna de la espiga del SARS-CoV-2 anula el 90 por ciento del mecanismo de reparaci\u00f3n del ADN en los linfocitos, un tipo de gl\u00f3bulo blanco que ayuda al organismo a combatir las infecciones y las enfermedades cr\u00f3nicas, incluido el c\u00e1ncer.<\/p>\n\n\n\n<p><a href=\"https:\/\/es.theepochtimes.com\/los-refuerzos-de-covid-desencadenan-metastasis_1083763.html\">https:\/\/es.theepochtimes.com\/los-refuerzos-de-covid-desencadenan-metastasis_1083763.html<\/a><\/p>\n\n\n\n<p><\/p>\n\n\n\n<h2 class=\"wp-block-heading\">Exceso de muertes por encima del promedio de 5 a\u00f1os en m\u00e1s del 20% en Inglaterra y Gales durante la \u00faltima semana de 2022<\/h2>\n\n\n\n<p><a href=\"https:\/\/www.ons.gov.uk\/peoplepopulationandcommunity\/birthsdeathsandmarriages\/deaths\/bulletins\/deathsregisteredweeklyinenglandandwalesprovisional\/latest\">https:\/\/www.ons.gov.uk\/peoplepopulationandcommunity\/birthsdeathsandmarriages\/deaths\/bulletins\/deathsregisteredweeklyinenglandandwalesprovisional\/latest<\/a><\/p>\n\n\n\n<p><\/p>\n\n\n\n<h2 class=\"wp-block-heading\">Los incidentes card\u00edacos en personas de 15 a 44 a\u00f1os se duplican desde el lanzamiento de la vacuna en Australia<\/h2>\n\n\n\n<p>El australiano Alan Hashem estaba observando datos en l\u00ednea y not\u00f3 un extenso informe de lesiones y muertes por vacunas en una p\u00e1gina de Facebook de residentes australianos. Fue la primera persona en Australia en comenzar a reportar lesiones con un exreportero HSH en agosto de 2021. Sus videos sobre lesiones se vieron m\u00e1s de 4 millones de veces antes de que Facebook e Instagram los eliminaran.<\/p>\n\n\n\n<p><a href=\"https:\/\/www.americaoutloud.com\/cardiac-incidents-for-15-44-year-olds-double-since-vaccine-rollout-in-australia\/\">https:\/\/www.americaoutloud.com\/cardiac-incidents-for-15-44-year-olds-double-since-vaccine-rollout-in-australia\/<\/a><\/p>\n\n\n\n<p><\/p>\n\n\n\n<h2 class=\"wp-block-heading\">Los CDC finalmente publicaron sus an\u00e1lisis de monitoreo de seguridad VAERS para vacunas COVID a trav\u00e9s de un FOIA<\/h2>\n\n\n\n<p>Y ahora est\u00e1 claro por qu\u00e9 intentaron ocultarlos.<\/p>\n\n\n\n<figure class=\"wp-block-image size-large\"><img loading=\"lazy\" decoding=\"async\" width=\"1024\" height=\"644\" src=\"https:\/\/www.salud101.cc\/wp-content\/uploads\/2023\/01\/image-1024x644.png\" alt=\"\" class=\"wp-image-719\" srcset=\"https:\/\/www.salud101.cc\/wp-content\/uploads\/2023\/01\/image-1024x644.png 1024w, https:\/\/www.salud101.cc\/wp-content\/uploads\/2023\/01\/image-300x189.png 300w, https:\/\/www.salud101.cc\/wp-content\/uploads\/2023\/01\/image-768x483.png 768w, https:\/\/www.salud101.cc\/wp-content\/uploads\/2023\/01\/image.png 1080w\" sizes=\"auto, (max-width: 1024px) 100vw, 1024px\" \/><\/figure>\n\n\n\n<figure class=\"wp-block-embed is-type-wp-embed is-provider-dailyclout wp-block-embed-dailyclout\"><div class=\"wp-block-embed__wrapper\">\n<blockquote class=\"wp-embedded-content\" data-secret=\"3fbTBxuYTX\"><a href=\"https:\/\/dailyclout.io\/cdc-finally-released-its-vaers-safety-monitoring-analyses-for-covid-vaccines-via-foia\/\">CDC Finally Released Its VAERS Safety Monitoring Analyses for COVID Vaccines via FOIA<\/a><\/blockquote><iframe loading=\"lazy\" class=\"wp-embedded-content\" sandbox=\"allow-scripts\" security=\"restricted\" style=\"position: absolute; clip: rect(1px, 1px, 1px, 1px);\" title=\"&#8220;CDC Finally Released Its VAERS Safety Monitoring Analyses for COVID Vaccines via FOIA&#8221; &#8212; DailyClout\" src=\"https:\/\/dailyclout.io\/cdc-finally-released-its-vaers-safety-monitoring-analyses-for-covid-vaccines-via-foia\/embed\/#?secret=ny0KsOHpSs#?secret=3fbTBxuYTX\" data-secret=\"3fbTBxuYTX\" width=\"600\" height=\"338\" frameborder=\"0\" marginwidth=\"0\" marginheight=\"0\" scrolling=\"no\"><\/iframe>\n<\/div><\/figure>\n\n\n\n<p><\/p>\n\n\n\n<h2 class=\"wp-block-heading\">Canad\u00e1 paga casi $2.8 millones en da\u00f1os causados por las inyecciones de COVID-19<\/h2>\n\n\n\n<p>El gobierno liberal liderado por Justin Trudeau pag\u00f3 casi $2.8 millones en compensaci\u00f3n por las lesiones sufridas como resultado de los pinchazos experimentales de Covid-19.<\/p>\n\n\n\n<p>Hubo un total de 1,299 reclamos presentados al Programa de Apoyo para Lesiones por Vacunas (VISP) entre junio de 2021 y el 1 de diciembre de 2022.<\/p>\n\n\n\n<figure class=\"wp-block-embed is-type-wp-embed is-provider-the-gateway-pundit wp-block-embed-the-gateway-pundit\"><div class=\"wp-block-embed__wrapper\">\nhttps:\/\/www.thegatewaypundit.com\/2023\/01\/safe-effective-canada-pays-almost-2-8-million-damages-caused-covid-19-jabs\/\n<\/div><\/figure>\n\n\n\n<p><\/p>\n\n\n\n<h2 class=\"wp-block-heading\">El onc\u00f3logo del Reino Unido advierte sobre los c\u00e1nceres que se desarrollan r\u00e1pidamente despu\u00e9s de la vacunaci\u00f3n contra Covid: &#8220;Tengo la experiencia suficiente para saber que no son coincidencias&#8221;<\/h2>\n\n\n\n<p>El Dr. Angus Dalgleish, un renombrado onc\u00f3logo que ejerce en el Reino Unido, escribi\u00f3 recientemente una carta abierta al editor en jefe de la revista m\u00e9dica The BMJ, instando a la revista a que los efectos nocivos de las inyecciones de Covid se &#8220;aireen y debatan de inmediato&#8221; porque los c\u00e1nceres y otras enfermedades est\u00e1n progresando r\u00e1pidamente entre las personas &#8220;impulsadas&#8221;.<\/p>\n\n\n\n<figure class=\"wp-block-embed is-type-wp-embed is-provider-the-expose wp-block-embed-the-expose\"><div class=\"wp-block-embed__wrapper\">\n<blockquote class=\"wp-embedded-content\" data-secret=\"DVO7Nqzkur\"><a href=\"https:\/\/expose-news.com\/2022\/12\/05\/uk-oncologist-warns-of-cancers-post-vax\/\">UK oncologist warns of cancers rapidly developing post-Covid vaccination &#8211; \u201cI am experienced enough to know that these are not coincidental\u201d<\/a><\/blockquote><iframe loading=\"lazy\" class=\"wp-embedded-content\" sandbox=\"allow-scripts\" security=\"restricted\" style=\"position: absolute; clip: rect(1px, 1px, 1px, 1px);\" title=\"&#8220;UK oncologist warns of cancers rapidly developing post-Covid vaccination &#8211; \u201cI am experienced enough to know that these are not coincidental\u201d&#8221; &#8212; The Expose\" src=\"https:\/\/expose-news.com\/2022\/12\/05\/uk-oncologist-warns-of-cancers-post-vax\/embed\/#?secret=bhJ4tNZWz2#?secret=DVO7Nqzkur\" data-secret=\"DVO7Nqzkur\" width=\"600\" height=\"338\" frameborder=\"0\" marginwidth=\"0\" marginheight=\"0\" scrolling=\"no\"><\/iframe>\n<\/div><\/figure>\n\n\n\n<p><\/p>\n\n\n\n<h2 class=\"wp-block-heading\">Analicemos la tasa real de mortalidad por infecci\u00f3n de COVID<\/h2>\n\n\n\n<p>Un estudio que analiz\u00f3 la tasa de mortalidad por infecci\u00f3n (IFR) estratificada por edad de COVID-19 entre la poblaci\u00f3n no anciana encontr\u00f3 que la tasa era extremadamente baja entre los j\u00f3venes.<\/p>\n\n\n\n<p>\u201cLa IFR mediana fue de 0,0003 % de 0 a 19 a\u00f1os, 0,002 % de 20 a 29 a\u00f1os, 0,011 % de 30 a 39 a\u00f1os, 0,035 % de 40 a 49 a\u00f1os, 0,123 % de 50 a 59 a\u00f1os y 0,506 % de 60 a\u00f1os. \u201369 a\u00f1os\u201d, afirma el estudio realizado en 29 pa\u00edses. &#8220;A nivel mundial, la IFR previa a la vacunaci\u00f3n puede haber sido tan baja como 0,03 por ciento y 0,07 por ciento para personas de 0 a 59 y de 0 a 69 a\u00f1os, respectivamente&#8221;.<\/p>\n\n\n\n<p><a href=\"https:\/\/www.zerohedge.com\/covid-19\/lets-discuss-real-covid-infection-fatality-rate\">https:\/\/www.zerohedge.com\/covid-19\/lets-discuss-real-covid-infection-fatality-rate<\/a><\/p>\n\n\n\n<h2 class=\"wp-block-heading\">Vacunas COVID vinculadas a co\u00e1gulos de globo ocular intratables, revela estudio masivo<\/h2>\n\n\n\n<p>Una importante revista cient\u00edfica ha publicado una investigaci\u00f3n que vincula las vacunas contra el COVID con la oclusi\u00f3n vascular de la retina, con individuos vacunados con un riesgo &#8220;significativamente&#8221; mayor de desarrollar co\u00e1gulos sangu\u00edneos que los individuos no vacunados.<\/p>\n\n\n\n<p>El art\u00edculo publicado en Nature recopil\u00f3 datos sobre unas 95.156.967 personas.<\/p>\n\n\n\n<p>&#8220;El riesgo general de oclusi\u00f3n vascular retiniana en la cohorte vacunada fue 2,19 veces mayor que en la cohorte no vacunada a los 2 a\u00f1os&#8221;, observ\u00f3 el art\u00edculo de Nature, y &#8220;no se detect\u00f3 disparidad entre la marca y la dosis de las vacunas&#8221;.<\/p>\n\n\n\n<p><a href=\"https:\/\/thenationalpulse.com\/2023\/05\/05\/top-scientific-journal-publishes-reseach-linking-covid-vaccines-eyeball-blood-clots\/\">https:\/\/thenationalpulse.com\/2023\/05\/05\/top-scientific-journal-publishes-reseach-linking-covid-vaccines-eyeball-blood-clots\/<\/a><\/p>\n\n\n\n<p><a href=\"https:\/\/www.nature.com\/articles\/s41541-023-00661-7\">https:\/\/www.nature.com\/articles\/s41541-023-00661-7<\/a><\/p>\n\n\n\n<h2 class=\"wp-block-heading\">Vacunados con booster se infectan cuatro veces m\u00e1s a menudo que no vacunados: UKHSA deja de informar<\/h2>\n\n\n\n<p>Los datos ingleses mostraron que las personas vacunadas tienen un riesgo significativamente mayor de infecci\u00f3n. Desafortunadamente, el estudio se detuvo despu\u00e9s de que se public\u00f3 este impactante resultado.<\/p>\n\n\n\n<figure class=\"wp-block-image size-large\"><img loading=\"lazy\" decoding=\"async\" width=\"1024\" height=\"712\" src=\"https:\/\/www.salud101.cc\/wp-content\/uploads\/2023\/05\/image-1024x712.png\" alt=\"\" class=\"wp-image-738\" srcset=\"https:\/\/www.salud101.cc\/wp-content\/uploads\/2023\/05\/image-1024x712.png 1024w, https:\/\/www.salud101.cc\/wp-content\/uploads\/2023\/05\/image-300x209.png 300w, https:\/\/www.salud101.cc\/wp-content\/uploads\/2023\/05\/image-768x534.png 768w, https:\/\/www.salud101.cc\/wp-content\/uploads\/2023\/05\/image-1536x1068.png 1536w, https:\/\/www.salud101.cc\/wp-content\/uploads\/2023\/05\/image.png 1576w\" sizes=\"auto, (max-width: 1024px) 100vw, 1024px\" \/><\/figure>\n\n\n\n<p><a href=\"https:\/\/www.transparenztest.de\/post\/geboosterte-teils-vierfach-haeufiger-infiziert-als-ungeimpfte-ukhsa-stoppt-berichterstattung\">https:\/\/www.transparenztest.de\/post\/geboosterte-teils-vierfach-haeufiger-infiziert-als-ungeimpfte-ukhsa-stoppt-berichterstattung<\/a><\/p>\n\n\n\n<h2 class=\"wp-block-heading\">Atleta muere por coagulo<\/h2>\n\n\n\n<p>El atleta de la Universidad Estatal de Colorado, Colton Kaase, de 19 a\u00f1os, fue encontrado muerto en su autom\u00f3vil estacionado en el campus de la Universidad el 6 de junio de 2023. <\/p>\n\n\n\n<p>En general pueden seguir la siguiente cuenta de Twitter que va identificando las muertes por vacunas: <a href=\"https:\/\/twitter.com\/MakisMD\">https:\/\/twitter.com\/MakisMD<\/a> <\/p>\n\n\n\n<figure class=\"wp-block-image size-large\"><img loading=\"lazy\" decoding=\"async\" width=\"1024\" height=\"491\" src=\"https:\/\/www.salud101.cc\/wp-content\/uploads\/2023\/06\/image-1024x491.png\" alt=\"\" class=\"wp-image-744\" srcset=\"https:\/\/www.salud101.cc\/wp-content\/uploads\/2023\/06\/image-1024x491.png 1024w, https:\/\/www.salud101.cc\/wp-content\/uploads\/2023\/06\/image-300x144.png 300w, https:\/\/www.salud101.cc\/wp-content\/uploads\/2023\/06\/image-768x368.png 768w, https:\/\/www.salud101.cc\/wp-content\/uploads\/2023\/06\/image-1536x736.png 1536w, https:\/\/www.salud101.cc\/wp-content\/uploads\/2023\/06\/image.png 1830w\" sizes=\"auto, (max-width: 1024px) 100vw, 1024px\" \/><\/figure>\n\n\n\n<h2 class=\"wp-block-heading\">Jamie Foxx qued\u00f3 paralizado y ciego por un co\u00e1gulo de sangre despu\u00e9s de recibir la vacuna COVID-19<\/h2>\n\n\n\n<figure class=\"wp-block-image size-large\"><img loading=\"lazy\" decoding=\"async\" width=\"473\" height=\"1024\" src=\"https:\/\/www.salud101.cc\/wp-content\/uploads\/2023\/06\/image-1-473x1024.png\" alt=\"\" class=\"wp-image-748\" srcset=\"https:\/\/www.salud101.cc\/wp-content\/uploads\/2023\/06\/image-1-473x1024.png 473w, https:\/\/www.salud101.cc\/wp-content\/uploads\/2023\/06\/image-1-139x300.png 139w, https:\/\/www.salud101.cc\/wp-content\/uploads\/2023\/06\/image-1-768x1662.png 768w, https:\/\/www.salud101.cc\/wp-content\/uploads\/2023\/06\/image-1-710x1536.png 710w, https:\/\/www.salud101.cc\/wp-content\/uploads\/2023\/06\/image-1-946x2048.png 946w, https:\/\/www.salud101.cc\/wp-content\/uploads\/2023\/06\/image-1.png 1170w\" sizes=\"auto, (max-width: 473px) 100vw, 473px\" \/><\/figure>\n\n\n\n<h2 class=\"wp-block-heading\">El reporte que Pfizer quer\u00eda ocultar por 75 a\u00f1os presente un n\u00famero significativo de Eventos Adversos<\/h2>\n\n\n\n<p>An\u00e1lisis acumulado de informes de eventos adversos posteriores a la autorizaci\u00f3n de PF-07302048 (BNT162B2)<\/p>\n\n\n\n<div data-wp-interactive=\"core\/file\" class=\"wp-block-file\"><object data-wp-bind--hidden=\"!state.hasPdfPreview\" hidden class=\"wp-block-file__embed\" data=\"https:\/\/www.salud101.cc\/wp-content\/uploads\/2023\/08\/5.3.6-postmarketing-experience.pdf\" type=\"application\/pdf\" style=\"width:100%;height:600px\" aria-label=\"Embed of 5.3.6-postmarketing-experience.\"><\/object><a id=\"wp-block-file--media-097af0d1-39ec-4364-93c9-f1603b0e7b62\" href=\"https:\/\/www.salud101.cc\/wp-content\/uploads\/2023\/08\/5.3.6-postmarketing-experience.pdf\">5.3.6-postmarketing-experience<\/a><a href=\"https:\/\/www.salud101.cc\/wp-content\/uploads\/2023\/08\/5.3.6-postmarketing-experience.pdf\" class=\"wp-block-file__button wp-element-button\" download aria-describedby=\"wp-block-file--media-097af0d1-39ec-4364-93c9-f1603b0e7b62\">Download<\/a><\/div>\n\n\n\n<p><a href=\"https:\/\/phmpt.org\/wp-content\/uploads\/2021\/11\/5.3.6-postmarketing-experience.pdf\">https:\/\/phmpt.org\/wp-content\/uploads\/2021\/11\/5.3.6-postmarketing-experience.pdf<\/a><\/p>\n\n\n\n<h2 class=\"wp-block-heading\">Video de Elon Musk sobre efectividad de las &#8220;Vacunas&#8221;<\/h2>\n\n\n\n<p>En este video se ve como la historia (mentira) de la efectividad cambia en el tiempo.<\/p>\n\n\n\n<figure class=\"wp-block-video\"><video height=\"480\" style=\"aspect-ratio: 542 \/ 480;\" width=\"542\" controls src=\"https:\/\/www.salud101.cc\/wp-content\/uploads\/2023\/09\/VaxEfficacyDown.mp4\"><\/video><\/figure>\n\n\n\n<p><a href=\"https:\/\/x.com\/elonmusk\/status\/1706676593261785178\">https:\/\/x.com\/elonmusk\/status\/1706676593261785178<\/a><\/p>\n\n\n\n<h2 class=\"wp-block-heading\">John Campbell: Exceso de muertes<\/h2>\n\n\n\n<p>Se confirma exceso de muertes en 2023 <a href=\"https:\/\/youtu.be\/_6xBiyidQ9g?si=kmYP3CYaBZa8kE4s\">https:\/\/youtu.be\/_6xBiyidQ9g?si=kmYP3CYaBZa8kE4s<\/a> v\u00eda<br>@YouTube. Es hora de entablar una conversaci\u00f3n internacional abierta, basada en los hechos.<\/p>\n\n\n\n<figure class=\"wp-block-embed is-type-video is-provider-youtube wp-block-embed-youtube wp-embed-aspect-16-9 wp-has-aspect-ratio\"><div class=\"wp-block-embed__wrapper\">\n<iframe loading=\"lazy\" title=\"Excess deaths in 2023 confirmed\" width=\"960\" height=\"540\" src=\"https:\/\/www.youtube.com\/embed\/_6xBiyidQ9g?feature=oembed\" frameborder=\"0\" allow=\"accelerometer; autoplay; clipboard-write; encrypted-media; gyroscope; picture-in-picture; web-share\" allowfullscreen><\/iframe>\n<\/div><\/figure>\n\n\n\n<h2 class=\"wp-block-heading\">Incremento de diagnosticos CIE-10 ligados a la vacuna<\/h2>\n\n\n\n<p>Una comparaci\u00f3n de los c\u00f3digos de diagn\u00f3stico BfS de los hospitales muestra que la introducci\u00f3n de la vacuna COVID en 2021 se correlaciona con un aumento dr\u00e1stico de numerosos diagn\u00f3sticos de enfermedades (diagn\u00f3sticos principales de los casos de pacientes hospitalizados).<\/p>\n\n\n\n<figure class=\"wp-block-image size-full\"><img loading=\"lazy\" decoding=\"async\" width=\"1000\" height=\"587\" src=\"https:\/\/www.salud101.cc\/wp-content\/uploads\/2023\/09\/image.png\" alt=\"\" class=\"wp-image-806\" srcset=\"https:\/\/www.salud101.cc\/wp-content\/uploads\/2023\/09\/image.png 1000w, https:\/\/www.salud101.cc\/wp-content\/uploads\/2023\/09\/image-300x176.png 300w, https:\/\/www.salud101.cc\/wp-content\/uploads\/2023\/09\/image-768x451.png 768w\" sizes=\"auto, (max-width: 1000px) 100vw, 1000px\" \/><figcaption class=\"wp-element-caption\">Miocardidtis<\/figcaption><\/figure>\n\n\n\n<figure class=\"wp-block-image size-full\"><img loading=\"lazy\" decoding=\"async\" width=\"1000\" height=\"927\" src=\"https:\/\/www.salud101.cc\/wp-content\/uploads\/2023\/09\/image-1.png\" alt=\"\" class=\"wp-image-807\" srcset=\"https:\/\/www.salud101.cc\/wp-content\/uploads\/2023\/09\/image-1.png 1000w, https:\/\/www.salud101.cc\/wp-content\/uploads\/2023\/09\/image-1-300x278.png 300w, https:\/\/www.salud101.cc\/wp-content\/uploads\/2023\/09\/image-1-768x712.png 768w\" sizes=\"auto, (max-width: 1000px) 100vw, 1000px\" \/><figcaption class=\"wp-element-caption\">Varios tipos de cancer<\/figcaption><\/figure>\n\n\n\n<figure class=\"wp-block-image size-full\"><img loading=\"lazy\" decoding=\"async\" width=\"1008\" height=\"622\" src=\"https:\/\/www.salud101.cc\/wp-content\/uploads\/2023\/09\/image-2.png\" alt=\"\" class=\"wp-image-808\" srcset=\"https:\/\/www.salud101.cc\/wp-content\/uploads\/2023\/09\/image-2.png 1008w, https:\/\/www.salud101.cc\/wp-content\/uploads\/2023\/09\/image-2-300x185.png 300w, https:\/\/www.salud101.cc\/wp-content\/uploads\/2023\/09\/image-2-768x474.png 768w\" sizes=\"auto, (max-width: 1008px) 100vw, 1008px\" \/><figcaption class=\"wp-element-caption\">Embolia, paro cardiaco, infarto cerebral<\/figcaption><\/figure>\n\n\n\n<p><a href=\"https:\/\/www.wissenschaftstehtauf.ch\/Schweizer_Zahlen_Eintauchen_in_die_Covid_und_Post_Impfstatistiken.pdf\">https:\/\/www.wissenschaftstehtauf.ch\/Schweizer_Zahlen_Eintauchen_in_die_Covid_und_Post_Impfstatistiken.pdf<\/a> (PDF)<\/p>\n\n\n\n<div data-wp-interactive=\"core\/file\" class=\"wp-block-file\"><object data-wp-bind--hidden=\"!state.hasPdfPreview\" hidden class=\"wp-block-file__embed\" data=\"https:\/\/www.salud101.cc\/wp-content\/uploads\/2023\/09\/Schweizer_Zahlen_Eintauchen_in_die_Covid_und_Post_Impfstatistiken.pdf\" type=\"application\/pdf\" style=\"width:100%;height:600px\" aria-label=\"Embed of Schweizer_Zahlen_Eintauchen_in_die_Covid_und_Post_Impfstatistiken.\"><\/object><a id=\"wp-block-file--media-567c7c22-b1e8-4f6e-9c48-c60d729af618\" href=\"https:\/\/www.salud101.cc\/wp-content\/uploads\/2023\/09\/Schweizer_Zahlen_Eintauchen_in_die_Covid_und_Post_Impfstatistiken.pdf\">Schweizer_Zahlen_Eintauchen_in_die_Covid_und_Post_Impfstatistiken<\/a><a href=\"https:\/\/www.salud101.cc\/wp-content\/uploads\/2023\/09\/Schweizer_Zahlen_Eintauchen_in_die_Covid_und_Post_Impfstatistiken.pdf\" class=\"wp-block-file__button wp-element-button\" download aria-describedby=\"wp-block-file--media-567c7c22-b1e8-4f6e-9c48-c60d729af618\">Download<\/a><\/div>\n\n\n\n<h2 class=\"wp-block-heading\">Estudios coreanos indican lo que el gobierno oculta<\/h2>\n\n\n\n<p><strong>Conclusiones<\/strong> <strong>1<\/strong>: \u201cEste estudio demostr\u00f3 los eventos adversos hematol\u00f3gicos asociados con la vacunaci\u00f3n COVID-19 utilizando datos del mundo real. La tasa de incidencia acumulada de anemia nutricional, anemia apl\u00e1sica y defectos de coagulaci\u00f3n aument\u00f3 significativa y constantemente durante los 3 meses posteriores a la vacunaci\u00f3n contra la COVID-19 en comparaci\u00f3n con el grupo no vacunado\u201d.<\/p>\n\n\n\n<p><a href=\"https:\/\/www.medrxiv.org\/content\/10.1101\/2023.11.15.23298565v1.full.pdf\">https:\/\/www.medrxiv.org\/content\/10.1101\/2023.11.15.23298565v1.full.pdf<\/a><\/p>\n\n\n\n<p><strong>Conclusiones<\/strong> <strong>2<\/strong>: <em>\u201c<\/em>Las tasas de incidencia acumulada de estas afecciones tres meses despu\u00e9s de la vacunaci\u00f3n contra la COVID-19 fueron significativamente m\u00e1s altas en sujetos vacunados que en sujetos no vacunados, excepto en el caso de la endometriosis.<em>\u201d<\/em><\/p>\n\n\n\n<p><a href=\"https:\/\/www.medrxiv.org\/content\/10.1101\/2023.11.15.23298566v1.full.pdf\">https:\/\/www.medrxiv.org\/content\/10.1101\/2023.11.15.23298566v1.full.pdf<\/a><\/p>\n\n\n\n<p><strong>Conclusiones 3<\/strong>: \u201cSe descubri\u00f3 que las personas que recibieron vacunas COVID-19, ya sea de ARNm, de vector viral o de mezcla y combinaci\u00f3n, ten\u00edan m\u00e1s probabilidades de ser diagnosticadas con trastornos musculoesquel\u00e9ticos inflamatorios en comparaci\u00f3n con los que no las recibieron. Nuestros resultados proporcionan informaci\u00f3n detallada sobre las reacciones adversas tras la vacunaci\u00f3n COVID-19. Esta informaci\u00f3n ser\u00e1 \u00fatil para aclarar las reacciones adversas a las vacunas COVID-19 y educar a las personas sobre el riesgo potencial de trastornos musculoesquel\u00e9ticos inflamatorios seg\u00fan su estado de vacunaci\u00f3n\u201d.<\/p>\n\n\n\n<p><a href=\"https:\/\/www.medrxiv.org\/content\/10.1101\/2023.11.14.23298544v1.full.pdf\">https:\/\/www.medrxiv.org\/content\/10.1101\/2023.11.14.23298544v1.full.pdf<\/a><\/p>\n\n\n\n<h2 class=\"wp-block-heading\">Procesos celulares inesperados tras la vacuna Covid<\/h2>\n\n\n\n<figure class=\"wp-block-image size-large\"><img loading=\"lazy\" decoding=\"async\" width=\"1024\" height=\"597\" src=\"https:\/\/www.salud101.cc\/wp-content\/uploads\/2023\/12\/image-1-1024x597.png\" alt=\"\" class=\"wp-image-831\" srcset=\"https:\/\/www.salud101.cc\/wp-content\/uploads\/2023\/12\/image-1-1024x597.png 1024w, https:\/\/www.salud101.cc\/wp-content\/uploads\/2023\/12\/image-1-300x175.png 300w, https:\/\/www.salud101.cc\/wp-content\/uploads\/2023\/12\/image-1-768x448.png 768w, https:\/\/www.salud101.cc\/wp-content\/uploads\/2023\/12\/image-1.png 1193w\" sizes=\"auto, (max-width: 1024px) 100vw, 1024px\" \/><\/figure>\n\n\n\n<p><a href=\"https:\/\/www.faz.net\/aktuell\/wissen\/medizin-ernaehrung\/corona-impfstoff-von-biontech-sorgt-fuer-unerwartete-zellvorgaenge-19364838.html\">https:\/\/www.faz.net\/aktuell\/wissen\/medizin-ernaehrung\/corona-impfstoff-von-biontech-sorgt-fuer-unerwartete-zellvorgaenge-19364838.html<\/a><\/p>\n\n\n\n<h2 class=\"wp-block-heading\">Conclusiones<\/h2>\n\n\n\n<p>En conclusi\u00f3n podemos observar que la vacuna no solo no ayudo en nada durante la pandemia sino que incluso empeoro los resultados al exponer a riesgos adicionales a los pacientes desafortunados que decidieron tomarla basados en informaci\u00f3n incompleta y manipulada de sus respectivos gobiernos y medios de comunicacion. <\/p>\n\n\n\n<p>No voy a seguir avanzando esta pagina porque creo que ha quedado claramente respondido y sustentado el punto y quiero darle tiempo a temas adicionales que ir\u00e1n apareciendo en esta p\u00e1gina, entre ellos ver si podemos o no mejorar la situaci\u00f3n de los ya vacunados y sobre todo de los que presentan s\u00edntomas negativos. A los que les interese seguir encontrando informaci\u00f3n (no hay d\u00eda que yo no vea alguna noticia de una o mas muertes relacionadas a las vacunas), busquen los grupos en Telegram y siguan al Dr. McCullough <a href=\"https:\/\/twitter.com\/P_McCulloughMD\">https:\/\/twitter.com\/P_McCulloughMD<\/a> y al Dr. William Makis https:\/\/twitter.com\/MakisMD en Twitter.<\/p>\n\n\n\n<p>A los da\u00f1ados, usen esta informaci\u00f3n para denunciar a sus respectivas autoridades del gobierno y sus medicos pero tambi\u00e9n de forma personal, pues fueron ellos los que, con informaci\u00f3n incompleta o algunas veces incluso falsa, los obligaron a vacunarse.<\/p>\n\n\n\n<p>Fuerza, y espero todos puedan restituir su salud.<\/p>\n\n\n\n<p><\/p>\n","protected":false},"excerpt":{"rendered":"<p>Aca encontrar\u00e1 pacientes que reportan eventos adversos por ser conejillos de indias de las grandes farmac\u00e9uticas. Este listado es solo una peque\u00f1a muestra y lo seguire actualizando. \u00daltima actualizaci\u00f3n: 19. Diciembre 2023 Pero antes, si sufriste un da\u00f1o a consecuencia de la vacuna puedes reportarlo en el Informed Consent Action Network. Lisa Shaw, la presentadora<\/p>\n","protected":false},"author":1,"featured_media":0,"parent":0,"menu_order":0,"comment_status":"closed","ping_status":"closed","template":"","meta":{"_monsterinsights_skip_tracking":false,"_monsterinsights_sitenote_active":false,"_monsterinsights_sitenote_note":"","_monsterinsights_sitenote_category":0,"footnotes":""},"class_list":["post-294","page","type-page","status-publish","hentry"],"_links":{"self":[{"href":"https:\/\/www.salud101.cc\/index.php\/wp-json\/wp\/v2\/pages\/294","targetHints":{"allow":["GET"]}}],"collection":[{"href":"https:\/\/www.salud101.cc\/index.php\/wp-json\/wp\/v2\/pages"}],"about":[{"href":"https:\/\/www.salud101.cc\/index.php\/wp-json\/wp\/v2\/types\/page"}],"author":[{"embeddable":true,"href":"https:\/\/www.salud101.cc\/index.php\/wp-json\/wp\/v2\/users\/1"}],"replies":[{"embeddable":true,"href":"https:\/\/www.salud101.cc\/index.php\/wp-json\/wp\/v2\/comments?post=294"}],"version-history":[{"count":90,"href":"https:\/\/www.salud101.cc\/index.php\/wp-json\/wp\/v2\/pages\/294\/revisions"}],"predecessor-version":[{"id":832,"href":"https:\/\/www.salud101.cc\/index.php\/wp-json\/wp\/v2\/pages\/294\/revisions\/832"}],"wp:attachment":[{"href":"https:\/\/www.salud101.cc\/index.php\/wp-json\/wp\/v2\/media?parent=294"}],"curies":[{"name":"wp","href":"https:\/\/api.w.org\/{rel}","templated":true}]}}