{"id":259,"date":"2021-06-06T16:03:01","date_gmt":"2021-06-06T21:03:01","guid":{"rendered":"https:\/\/www.salud101.cc\/?page_id=259"},"modified":"2021-08-16T15:35:52","modified_gmt":"2021-08-16T20:35:52","slug":"encierros-y-quarentenas-inutiles","status":"publish","type":"page","link":"https:\/\/www.salud101.cc\/index.php\/encierros-y-quarentenas-inutiles\/","title":{"rendered":"Encierros y quarentenas in\u00fatiles"},"content":{"rendered":"\n<p>En la historia del mundo siempre se han utilizado las quarentenas para la poblacion infectada, nunca en la sana. El uso y abuso de estas politicas actules solo sirven para afirmar el poder autocratico en muchos paises como en Peru, pues no logran resultados positivos en la salud, y mas bien deterioran no solo la economia, sino tambien la salud que tanto quieren proteger. Mas alla de eso, existen derechos constitucionales que el gobierno actual esta eliminando y debe exigirsele la responsabilidad a los individuos que tomaron estas decisiones contrarias al estado de derecho.<\/p>\n\n\n\n<p>Poco a poco vienen saliendo estudios que demuestran fehacientemente la inutilidad de estas medidas, que deben ser anuladas de inmediato.<\/p>\n\n\n\n<h2 class=\"wp-block-heading\">Un estudio alem\u00e1n encuentra que los encierros &#8220;no tuvo ning\u00fan efecto&#8221; para detener la propagaci\u00f3n del COVID<\/h2>\n\n\n\n<p>Un nuevo e importante estudio realizado por cient\u00edficos alemanes de la Universidad de M\u00fanich ha descubierto que los encierros no tuvieron ning\u00fan efecto en la reducci\u00f3n de la tasa de infecci\u00f3n por coronavirus en el pa\u00eds.<\/p>\n\n\n\n<p>El estudio encontr\u00f3 que, en las tres ocasiones antes de que Alemania impusiera sus cierres en noviembre, diciembre y abril, las tasas de infecci\u00f3n ya hab\u00edan comenzado a caer.<\/p>\n\n\n\n<p>La tasa R, el n\u00famero que indica a cu\u00e1ntas otras personas transmite el virus una persona infectada, ya estaba por debajo de 1 antes de que entraran en vigor las restricciones a la movilidad de las personas.<\/p>\n\n\n\n<p><a href=\"https:\/\/www.zerohedge.com\/covid-19\/german-study-finds-lockdown-had-no-effect-stopping-spread-covid\">https:\/\/www.zerohedge.com\/covid-19\/german-study-finds-lockdown-had-no-effect-stopping-spread-covid<\/a><\/p>\n\n\n\n<h2 class=\"wp-block-heading\">Un estudio con revisi\u00f3n por pares muestra que los encierros por COVID no tienen beneficios en comparaci\u00f3n con las medidas voluntarias<\/h2>\n\n\n\n<p>El estudio compar\u00f3 pa\u00edses que hab\u00edan impuesto encierros obligatorios, como Inglaterra, Francia, Alemania, Ir\u00e1n, Italia, Pa\u00edses Bajos, Espa\u00f1a y Estados Unidos, con aquellos que hab\u00edan confiado en el p\u00fablico para seguir medidas voluntarias, como Suecia y Corea del Sur.<\/p>\n\n\n\n<p>Despu\u00e9s de analizar los datos, los investigadores no encontraron &#8220;ning\u00fan efecto beneficioso claro y significativo de [medidas m\u00e1s restrictivas] sobre el crecimiento de casos en ning\u00fan pa\u00eds&#8221;.<\/p>\n\n\n\n<figure class=\"wp-block-embed is-type-wp-embed is-provider-summit-news wp-block-embed-summit-news\"><div class=\"wp-block-embed__wrapper\">\n<blockquote class=\"wp-embedded-content\" data-secret=\"XaHsnI70bb\"><a href=\"https:\/\/summit.news\/2021\/01\/15\/peer-reviewed-study-shows-covid-lockdowns-have-no-benefits-compared-to-voluntary-measures\/\">Peer Reviewed Study Shows COVID Lockdowns Have No Benefits Compared to Voluntary Measures<\/a><\/blockquote><iframe loading=\"lazy\" class=\"wp-embedded-content\" sandbox=\"allow-scripts\" security=\"restricted\" style=\"position: absolute; clip: rect(1px, 1px, 1px, 1px);\" title=\"&#8220;Peer Reviewed Study Shows COVID Lockdowns Have No Benefits Compared to Voluntary Measures&#8221; &#8212; Summit News\" src=\"https:\/\/summit.news\/2021\/01\/15\/peer-reviewed-study-shows-covid-lockdowns-have-no-benefits-compared-to-voluntary-measures\/embed\/#?secret=XaHsnI70bb\" data-secret=\"XaHsnI70bb\" width=\"600\" height=\"338\" frameborder=\"0\" marginwidth=\"0\" marginheight=\"0\" scrolling=\"no\"><\/iframe>\n<\/div><\/figure>\n\n\n\n<h2 class=\"wp-block-heading\">Estudio: El encierro &#8220;destruir\u00e1 al menos siete veces m\u00e1s a\u00f1os de vida humana&#8221; de lo que salva<\/h2>\n\n\n\n<p>Un estudio ha encontrado que la orden de encierro o &#8220;quedarse en casa&#8221; en los Estados Unidos &#8220;destruir\u00e1 al menos siete veces m\u00e1s a\u00f1os de vida humana&#8221; de lo que salva y que es &#8220;probable&#8221; que este n\u00famero sea m\u00e1s de 90 veces mayor.<\/p>\n\n\n\n<figure class=\"wp-block-embed is-type-wp-embed is-provider-summit-news wp-block-embed-summit-news\"><div class=\"wp-block-embed__wrapper\">\n<blockquote class=\"wp-embedded-content\" data-secret=\"SvGsZ2Yzvx\"><a href=\"https:\/\/summit.news\/2020\/05\/26\/study-lockdown-will-destroy-at-least-seven-times-more-years-of-human-life-than-it-saves\/\">Study: Lockdown &#8220;Will Destroy at Least Seven Times More Years of Human Life&#8221; Than it Saves<\/a><\/blockquote><iframe loading=\"lazy\" class=\"wp-embedded-content\" sandbox=\"allow-scripts\" security=\"restricted\" style=\"position: absolute; clip: rect(1px, 1px, 1px, 1px);\" title=\"&#8220;Study: Lockdown &#8220;Will Destroy at Least Seven Times More Years of Human Life&#8221; Than it Saves&#8221; &#8212; Summit News\" src=\"https:\/\/summit.news\/2020\/05\/26\/study-lockdown-will-destroy-at-least-seven-times-more-years-of-human-life-than-it-saves\/embed\/#?secret=SvGsZ2Yzvx\" data-secret=\"SvGsZ2Yzvx\" width=\"600\" height=\"338\" frameborder=\"0\" marginwidth=\"0\" marginheight=\"0\" scrolling=\"no\"><\/iframe>\n<\/div><\/figure>\n\n\n\n<h2 class=\"wp-block-heading\">Cient\u00edficos de datos del MIT: Encierros no est\u00e1n correlacionados con menos muertes (pero est\u00e1n correlacionados con m\u00e1s desempleo)<\/h2>\n\n\n\n<p>En mayo, Youyang Gu, un ingeniero y cient\u00edfico de datos capacitado en el MIT, public\u00f3 datos que mostraban que las restricciones gubernamentales no estaban correlacionadas con una menor mortalidad por COVID en Estados Unidos. Sin embargo, las restricciones gubernamentales se correlacionaron con un mayor desempleo.<\/p>\n\n\n\n<figure class=\"wp-block-embed is-type-wp-embed is-provider-activist-post wp-block-embed-activist-post\"><div class=\"wp-block-embed__wrapper\">\n<blockquote class=\"wp-embedded-content\" data-secret=\"xuSkfY3rVK\"><a href=\"https:\/\/www.activistpost.com\/2021\/06\/mit-data-scientist-lockdowns-not-correlated-with-fewer-deaths-but-are-correlated-with-more-unemployment.html\">MIT Data Scientist: Lockdowns Not Correlated With Fewer Deaths (But Are Correlated With More Unemployment)<\/a><\/blockquote><iframe loading=\"lazy\" class=\"wp-embedded-content\" sandbox=\"allow-scripts\" security=\"restricted\" style=\"position: absolute; clip: rect(1px, 1px, 1px, 1px);\" title=\"&#8220;MIT Data Scientist: Lockdowns Not Correlated With Fewer Deaths (But Are Correlated With More Unemployment)&#8221; &#8212; Activist Post\" src=\"https:\/\/www.activistpost.com\/2021\/06\/mit-data-scientist-lockdowns-not-correlated-with-fewer-deaths-but-are-correlated-with-more-unemployment.html\/embed#?secret=xuSkfY3rVK\" data-secret=\"xuSkfY3rVK\" width=\"600\" height=\"338\" frameborder=\"0\" marginwidth=\"0\" marginheight=\"0\" scrolling=\"no\"><\/iframe>\n<\/div><\/figure>\n\n\n\n<h2 class=\"wp-block-heading\">Los encierros no controlan el coronavirus: la evidencia<\/h2>\n\n\n\n<p>El uso de encierros universales en caso de aparici\u00f3n de un nuevo pat\u00f3geno no tiene precedentes. Ha sido un experimento cient\u00edfico en tiempo real, con la mayor parte de la poblaci\u00f3n humana utilizada como ratas de laboratorio. Los costos son enormes.<\/p>\n\n\n\n<p>La pregunta es si los encierros funcionaron para controlar el virus de una manera cient\u00edficamente verificable. Seg\u00fan los siguientes 35 estudios, la respuesta es no y por una variedad de razones: datos incorrectos, sin correlaciones, sin demostraci\u00f3n causal, excepciones an\u00f3malas, etc. No existe una relaci\u00f3n entre los encierros (o cualquier otra cosa que la gente quiera llamarlos para enmascarar su verdadera naturaleza) y el control de virus.<\/p>\n\n\n\n<figure class=\"wp-block-embed is-type-wp-embed is-provider-aier wp-block-embed-aier\"><div class=\"wp-block-embed__wrapper\">\n<blockquote class=\"wp-embedded-content\" data-secret=\"MiFTiqYO2J\"><a href=\"https:\/\/www.aier.org\/article\/lockdowns-do-not-control-the-coronavirus-the-evidence\/\">Lockdowns Do Not Control the Coronavirus: The Evidence<\/a><\/blockquote><iframe loading=\"lazy\" class=\"wp-embedded-content\" sandbox=\"allow-scripts\" security=\"restricted\" style=\"position: absolute; clip: rect(1px, 1px, 1px, 1px);\" title=\"&#8220;Lockdowns Do Not Control the Coronavirus: The Evidence&#8221; &#8212; AIER\" src=\"https:\/\/www.aier.org\/article\/lockdowns-do-not-control-the-coronavirus-the-evidence\/embed\/#?secret=MiFTiqYO2J\" data-secret=\"MiFTiqYO2J\" width=\"600\" height=\"338\" frameborder=\"0\" marginwidth=\"0\" marginheight=\"0\" scrolling=\"no\"><\/iframe>\n<\/div><\/figure>\n\n\n\n<h2 class=\"wp-block-heading\">Documental alem\u00e1n sobre los derechos de los ni\u00f1os<\/h2>\n\n\n\n<figure class=\"wp-block-embed is-type-video is-provider-youtube wp-block-embed-youtube wp-embed-aspect-16-9 wp-has-aspect-ratio\"><div class=\"wp-block-embed__wrapper\">\n<iframe loading=\"lazy\" title=\"LOCKDOWN KINDERRECHTE | Dokumentarfilm\" width=\"960\" height=\"540\" src=\"https:\/\/www.youtube.com\/embed\/CDDl1gTceoo?feature=oembed\" frameborder=\"0\" allow=\"accelerometer; autoplay; clipboard-write; encrypted-media; gyroscope; picture-in-picture\" allowfullscreen><\/iframe>\n<\/div><\/figure>\n\n\n\n<p><a href=\"https:\/\/corona-blog.net\/2021\/04\/22\/dokumentarfilm-lockdown-kinderrechte\/\">https:\/\/corona-blog.net\/2021\/04\/22\/dokumentarfilm-lockdown-kinderrechte\/<\/a><\/p>\n\n\n\n<h2 class=\"wp-block-heading\">Un estudio encuentra que los ni\u00f1os nacidos durante el encierro han perdido puntos de coeficiente intelectual y han deteriorado su funcionamiento cognitivo<\/h2>\n\n\n\n<p>Un nuevo estudio ha descubierto que los puntajes medios de CI de los ni\u00f1os peque\u00f1os nacidos durante la pandemia se han desplomado hasta en 22 puntos, mientras que el rendimiento verbal, motor y cognitivo se ha visto afectado como resultado del bloqueo.<\/p>\n\n\n\n<p><a href=\"https:\/\/www.zerohedge.com\/covid-19\/study-finds-children-born-during-lockdown-have-lost-iq-points-impaired-cognitive\">https:\/\/www.zerohedge.com\/covid-19\/study-finds-children-born-during-lockdown-have-lost-iq-points-impaired-cognitive<\/a><\/p>\n\n\n\n<p><a href=\"https:\/\/www.theguardian.com\/world\/2021\/aug\/12\/children-born-during-pandemic-have-lower-iqs-us-study-finds\">https:\/\/www.theguardian.com\/world\/2021\/aug\/12\/children-born-during-pandemic-have-lower-iqs-us-study-finds<\/a><\/p>\n\n\n\n<p><\/p>\n","protected":false},"excerpt":{"rendered":"<p>En la historia del mundo siempre se han utilizado las quarentenas para la poblacion infectada, nunca en la sana. El uso y abuso de estas politicas actules solo sirven para afirmar el poder autocratico en muchos paises como en Peru, pues no logran resultados positivos en la salud, y mas bien deterioran no solo la<\/p>\n","protected":false},"author":1,"featured_media":0,"parent":0,"menu_order":0,"comment_status":"closed","ping_status":"closed","template":"","meta":{"_monsterinsights_skip_tracking":false,"_monsterinsights_sitenote_active":false,"_monsterinsights_sitenote_note":"","_monsterinsights_sitenote_category":0,"footnotes":""},"class_list":["post-259","page","type-page","status-publish","hentry"],"_links":{"self":[{"href":"https:\/\/www.salud101.cc\/index.php\/wp-json\/wp\/v2\/pages\/259","targetHints":{"allow":["GET"]}}],"collection":[{"href":"https:\/\/www.salud101.cc\/index.php\/wp-json\/wp\/v2\/pages"}],"about":[{"href":"https:\/\/www.salud101.cc\/index.php\/wp-json\/wp\/v2\/types\/page"}],"author":[{"embeddable":true,"href":"https:\/\/www.salud101.cc\/index.php\/wp-json\/wp\/v2\/users\/1"}],"replies":[{"embeddable":true,"href":"https:\/\/www.salud101.cc\/index.php\/wp-json\/wp\/v2\/comments?post=259"}],"version-history":[{"count":6,"href":"https:\/\/www.salud101.cc\/index.php\/wp-json\/wp\/v2\/pages\/259\/revisions"}],"predecessor-version":[{"id":444,"href":"https:\/\/www.salud101.cc\/index.php\/wp-json\/wp\/v2\/pages\/259\/revisions\/444"}],"wp:attachment":[{"href":"https:\/\/www.salud101.cc\/index.php\/wp-json\/wp\/v2\/media?parent=259"}],"curies":[{"name":"wp","href":"https:\/\/api.w.org\/{rel}","templated":true}]}}