{"id":156,"date":"2021-03-20T10:52:08","date_gmt":"2021-03-20T15:52:08","guid":{"rendered":"https:\/\/www.salud101.cc\/?page_id=156"},"modified":"2024-01-02T10:22:36","modified_gmt":"2024-01-02T15:22:36","slug":"mascaras-poca-efectividad-y-alto-riesgo","status":"publish","type":"page","link":"https:\/\/www.salud101.cc\/index.php\/mascaras-poca-efectividad-y-alto-riesgo\/","title":{"rendered":"M\u00e1scaras, ninguna efectividad y alto riesgo"},"content":{"rendered":"\n<h2 class=\"wp-block-heading\" id=\"cdc-center-for-disease-control\">CDC (Center for Disease Control)<\/h2>\n\n\n\n<p>El \u00faltimo estudio de la CDC &#8220;<a href=\"https:\/\/www.cdc.gov\/mmwr\/volumes\/70\/wr\/mm7010e3.htm\">Association of State-Issued Mask Mandates and Allowing On-Premises Restaurant Dining with County-Level COVID-19 Case and Death Growth Rates \u2014 United States, March 1\u2013December 31, 2020<\/a>&#8221; concluye en su resumen que la obligaci\u00f3n de uso de m\u00e1scaras en general reduce los contagios y muertes y que el permitir los restaurantes aumenta los contagios. <\/p>\n\n\n\n<p><strong>Sin embargo<\/strong>, si uno va al detalle del estudio y lee las tablas de los resultados, se podr\u00e1 observar que el uso indiscriminado y obligatorio de mascaras tan solo reduce en 1.8% (Tabla 1) el incremento de casos, y solo en 1.9% el incremento de muertes (Atenci\u00f3n: no hablamos de casos totales o muertes totales, solo del incremento de \u00e9stos). En otras palabras, la protecci\u00f3n es insignificante.<\/p>\n\n\n\n<p>Por el lado de los restaurantes se observa (Tabla 2) que las visitas a los restaurantes aumentan el incremento de los casos en 1.1% y aumentan el incremento de las muertes en 3%. En otras palabras, el cierre de restaurantes no genera una reducci\u00f3n significativa de contagios o muertes.<\/p>\n\n\n\n<h2 class=\"wp-block-heading\" id=\"who-oms-organizacion-mundial-de-la-salud\">WHO (OMS &#8211; Organizacion Mundial de la Salud)<\/h2>\n\n\n\n<p>Ahora observemos las <a href=\"https:\/\/www.who.int\/emergencies\/diseases\/novel-coronavirus-2019\/question-and-answers-hub\/q-a-detail\/coronavirus-disease-covid-19-masks\">recomendaciones<\/a> de la OMS sobre el uso de m\u00e1scaras, en especial las preguntas siguientes:<\/p>\n\n\n\n<ol class=\"wp-block-list\">\n<li><strong>Cuando se deben usar las mascaras por el publico en general?<\/strong> &#8220;&#8230;las m\u00e1scaras deben usarse cuando est\u00e9 en lugares con mucha gente, donde no pueda estar al menos a 1 metro de los dem\u00e1s y en habitaciones con ventilaci\u00f3n deficiente o desconocida.&#8221; Asimismo se recomienda su uso &#8220;para lugar p\u00fablicos en interiores, como centros comerciales concurridos, edificios religiosos, restaurantes, escuelas y transporte p\u00fablico&#8230;&#8221; solo &#8220;si no puede mantener la distancia f\u00edsica de los dem\u00e1s.&#8221; Finalmente el uso en exteriores tambi\u00e9n esta recomendad solo si no puede mantener la distancia f\u00edsica.<\/li>\n\n\n\n<li><strong>Debo usar una mascara cuando hago ejercicio?<\/strong> &#8220;Incluso cuando se encuentre en un \u00e1rea de transmisi\u00f3n de COVID-19, <strong>no se deben usar m\u00e1scaras durante una actividad f\u00edsica<\/strong> intensa debido al riesgo de reducir su capacidad respiratoria. No importa qu\u00e9 tan intensamente haga ejercicio, mant\u00e9ngase al menos a 1 metro de distancia de los dem\u00e1s y, si est\u00e1 en un lugar cerrado, aseg\u00farese de que haya una ventilaci\u00f3n adecuada.&#8221;<\/li>\n<\/ol>\n\n\n\n<p>De ambas recomendaciones de la OMS se concluye entonces que no existe una recomendaci\u00f3n de uso indiscriminado y obligatorio de m\u00e1scaras. Es m\u00e1s, en el caso de mascaras durante el ejercicio \u00e9stas resultan perjudiciales.<\/p>\n\n\n\n<h2 class=\"wp-block-heading\" id=\"segun-un-estudio-del-instituto-nacional-de-la-salud-de-ee-uu-las-mascarillas-no-evitan-el-contagio-del-virus-y-tienen-efectos-adversos\">Seg\u00fan un estudio del Instituto Nacional de la Salud de EE. UU. las mascarillas no evitan el contagio del virus y tienen efectos adversos<\/h2>\n\n\n\n<p>Un estudio publicado en el sitio web de los Institutos Nacionales de Salud (NIH por sus siglas en ingl\u00e9s) refuta con certeza la infectividad del uso de mascarillas a la hora de prevenir el contagio del virus PCCh entre personas.<\/p>\n\n\n\n<p>\u201cLos datos sugieren que tanto las mascarillas m\u00e9dicas como las no m\u00e9dicas son ineficaces para bloquear la transmisi\u00f3n de persona a persona de enfermedades virales e infecciosas como el SARS-CoV-2 y el COVID-19, lo que desaconseja el uso de mascarillas\u201d, concluye el estudio.<\/p>\n\n\n\n<p>El extenso&nbsp;estudio <a rel=\"noreferrer noopener\" href=\"https:\/\/www.ncbi.nlm.nih.gov\/pmc\/articles\/PMC7680614\/\" target=\"_blank\">&#8220;Facemasks in the COVID-19 era: A health hypothesis&#8221;<\/a>&nbsp;repasa la efectividad de las mascarillas, los efectos fisiol\u00f3gicos, psicol\u00f3gicos, y adversos a largo plazo en las personas. Traducci\u00f3n al espa\u00f1ol lo encuentran <a href=\"https:\/\/trikooba.com\/la-ineficacia-y-los-peligros-del-uso-de-mascarillas-explicados-en-un-estudio-cientifico\/\">aqu\u00ed<\/a>.<\/p>\n\n\n\n<div class=\"wp-block-file\"><a id=\"wp-block-file--media-65cf62a5-a1a8-4d1c-9bbf-396109ed80bc\" href=\"https:\/\/www.salud101.cc\/wp-content\/uploads\/2021\/04\/Facemasks-in-the-COVID-19-era-A-health-hypothesis.pdf\">Facemasks-in-the-COVID-19-era-A-health-hypothesis<\/a><a href=\"https:\/\/www.salud101.cc\/wp-content\/uploads\/2021\/04\/Facemasks-in-the-COVID-19-era-A-health-hypothesis.pdf\" class=\"wp-block-file__button wp-element-button\" download aria-describedby=\"wp-block-file--media-65cf62a5-a1a8-4d1c-9bbf-396109ed80bc\">Download<\/a><\/div>\n\n\n\n<h2 class=\"wp-block-heading\" id=\"estudio-del-international-journal-of-environmental-research-and-public-health-indica-efectos-nocivos-por-uso-de-mascarillas\">Estudio del International Journal of Environmental Research and Public Health indica efectos nocivos por uso de mascarillas<\/h2>\n\n\n\n<p>El nuevo <a href=\"https:\/\/www.mdpi.com\/1660-4601\/18\/8\/4344\">metaestudio<\/a> publicado el 20 de Abril 2021 sobre mascarillas nos da como resultado que el uso prolongado de las mascarillas puede ser peligroso para la salud (da\u00f1o neurol\u00f3gico, aumento de infecciones, etc.)<\/p>\n\n\n\n<div class=\"wp-block-file\"><a id=\"wp-block-file--media-f21155f2-c1fa-491b-a36d-8fbceec06f37\" href=\"https:\/\/www.salud101.cc\/wp-content\/uploads\/2021\/04\/Is-a-Mask-That-Covers-the-Mouth-and-Nose-Free-from-Undesirable-Side-Effects.pdf\">Is-a-Mask-That-Covers-the-Mouth-and-Nose-Free-from-Undesirable-Side-Effects<\/a><a href=\"https:\/\/www.salud101.cc\/wp-content\/uploads\/2021\/04\/Is-a-Mask-That-Covers-the-Mouth-and-Nose-Free-from-Undesirable-Side-Effects.pdf\" class=\"wp-block-file__button wp-element-button\" download aria-describedby=\"wp-block-file--media-f21155f2-c1fa-491b-a36d-8fbceec06f37\">Download<\/a><\/div>\n\n\n\n<h2 class=\"wp-block-heading\" id=\"primary-doctor-medical-journal\">Primary Doctor Medical Journal<\/h2>\n\n\n\n<p>El estudio &#8220;<a href=\"https:\/\/pdmj.org\/papers\/masks_false_safety_and_real_dangers_part1\/\">Masks, false safety and real dangers Part 1: Friable mask particulate and lung vulnerability<\/a>&#8221; indica que existe un riesgo para la salud por la inhalaci\u00f3n de part\u00edculas que son parte de la mascara que entran a las vias respiratorias y pulm\u00f3n.<\/p>\n\n\n\n<p>La segunda parte del mismo estudio &#8220;<a href=\"https:\/\/pdmj.org\/papers\/masks_false_safety_and_real_dangers_part2\/\">Part 2: Microbial challenges from masks<\/a>&#8221; es a\u00fan mas precupante pues da a conocer los riesgos del uso de las m\u00e1scaras. Explica que &#8220;a\u00fan no se conoce la interacci\u00f3n entre la obstrucci\u00f3n de las v\u00edas respiratorias con la microbiota oral. Los efectos de tales cambios en los pulmones a\u00fan no se conocen.&#8221; Indica que &#8220;las mascarillas mantienen las bacterias en mayor n\u00famero y durante un per\u00edodo de tiempo m\u00e1s prolongado, lo que aumenta el riesgo de que esas bacterias entren en el sistema respiratorio y\/o en la sangre a trav\u00e9s de micro heridas.&#8221; Todo esto puede causar bacteremia, s\u00edndrome de choque t\u00f3xico, artritis s\u00e9ptica y pericarditis. El estudio finalmente concluye que las m\u00e1scaras no han demostrado ser efectivas como medida de prevenci\u00f3n, y que ademas contribuyen a aumentar las infecciones en el tracto respiratorio. <\/p>\n\n\n\n<p>En conclusi\u00f3n, las m\u00e1scaras no previenen las infecciones, y su uso genera un riesgo significativo para la salud de las personas.<\/p>\n\n\n\n<h2 class=\"wp-block-heading\" id=\"annals-of-internal-medicine\">Annals of Internal Medicine<\/h2>\n\n\n\n<p>En su estudio controlado y randomizado &#8220;<a href=\"https:\/\/www.acpjournals.org\/doi\/10.7326\/M20-6817#.YFc2Nprfg04.twitter\">Effectiveness of Adding a Mask Recommendation to Other Public Health Measures to Prevent SARS-CoV-2 Infection in Danish Mask Wearers<\/a>&#8221; publicado en marzo 2021 se concluye que no hay diferencia estadisticamente significativa entre el grupo que usa m\u00e1scaras y el grupo que no las usa.<\/p>\n\n\n\n<h2 class=\"wp-block-heading\" id=\"por-que-las-mascaras-dejaron-de-funcionar-en-japon-y-corea-del-sur\">\u00bfPor qu\u00e9 las m\u00e1scaras dejaron de funcionar en Jap\u00f3n y Corea del Sur?<\/h2>\n\n\n\n<p>An\u00e1lisis de Zerohedge que demuestra que las m\u00e1scaras no traen beneficios contra el COVID.<\/p>\n\n\n\n<p><a href=\"https:\/\/www.zerohedge.com\/markets\/why-did-masks-stop-working-japan-and-south-korea\">https:\/\/www.zerohedge.com\/markets\/why-did-masks-stop-working-japan-and-south-korea<\/a><\/p>\n\n\n\n<h2 class=\"wp-block-heading\">Estudio de JAMA de 2019 confirma que las mascaras N95 no son mejores que las quirurgicas<\/h2>\n\n\n\n<p>Ademas sabemos que las mascarillas m\u00e9dicas no hacen nada. Entonces los N95 no hacen nada. Si N95 es la hip\u00f3tesis nula, la intervenci\u00f3n con mascarilla m\u00e9dica tuvo OR=.86 con IC del 95% de .7 a 1.07 (p=.18).<\/p>\n\n\n\n<figure class=\"wp-block-image size-large\"><img loading=\"lazy\" decoding=\"async\" width=\"1024\" height=\"578\" src=\"https:\/\/www.salud101.cc\/wp-content\/uploads\/2023\/08\/image-1024x578.png\" alt=\"\" class=\"wp-image-781\" srcset=\"https:\/\/www.salud101.cc\/wp-content\/uploads\/2023\/08\/image-1024x578.png 1024w, https:\/\/www.salud101.cc\/wp-content\/uploads\/2023\/08\/image-300x169.png 300w, https:\/\/www.salud101.cc\/wp-content\/uploads\/2023\/08\/image-768x434.png 768w, https:\/\/www.salud101.cc\/wp-content\/uploads\/2023\/08\/image-1536x867.png 1536w, https:\/\/www.salud101.cc\/wp-content\/uploads\/2023\/08\/image-2048x1156.png 2048w\" sizes=\"auto, (max-width: 1024px) 100vw, 1024px\" \/><\/figure>\n\n\n\n<p><a href=\"https:\/\/jamanetwork.com\/journals\/jama\/fullarticle\/2749214\">https:\/\/jamanetwork.com\/journals\/jama\/fullarticle\/2749214<\/a><\/p>\n\n\n\n<figure class=\"wp-block-embed is-type-rich is-provider-twitter wp-block-embed-twitter\"><div class=\"wp-block-embed__wrapper\">\n<blockquote class=\"twitter-tweet\" data-width=\"550\" data-dnt=\"true\"><p lang=\"en\" dir=\"ltr\">Let&#39;s be clear&#8230; this 2019 study published in JAMA showed surgical masks worked better than N95!!! But we know that medical masks do nothing. So N95s do nothing. If N95 is the null hypothesis, the medical mask intervention had OR=.86 with 95% CI of .7 to 1.07 (p=.18). <br><br>In\u2026 <a href=\"https:\/\/t.co\/e2L7XxMLcw\">https:\/\/t.co\/e2L7XxMLcw<\/a><\/p>&mdash; Steve Kirsch (@stkirsch) <a href=\"https:\/\/twitter.com\/stkirsch\/status\/1694101354028192099?ref_src=twsrc%5Etfw\">August 22, 2023<\/a><\/blockquote><script async src=\"https:\/\/platform.twitter.com\/widgets.js\" charset=\"utf-8\"><\/script>\n<\/div><\/figure>\n\n\n\n<h2 class=\"wp-block-heading\">Las mascarillas faciales pueden aumentar el riesgo de muerte fetal, disfunci\u00f3n testicular y deterioro cognitivo debido a la acumulaci\u00f3n de di\u00f3xido de carbono, afirma un estudio controvertido<\/h2>\n\n\n\n<figure class=\"wp-block-image size-full\"><img loading=\"lazy\" decoding=\"async\" width=\"634\" height=\"387\" src=\"https:\/\/www.salud101.cc\/wp-content\/uploads\/2023\/08\/image-5.png\" alt=\"\" class=\"wp-image-799\" srcset=\"https:\/\/www.salud101.cc\/wp-content\/uploads\/2023\/08\/image-5.png 634w, https:\/\/www.salud101.cc\/wp-content\/uploads\/2023\/08\/image-5-300x183.png 300w\" sizes=\"auto, (max-width: 634px) 100vw, 634px\" \/><\/figure>\n\n\n\n<p><a href=\"https:\/\/www.dailymail.co.uk\/health\/article-11982039\/Face-masks-raise-risk-stillbirths-testicular-issues-cognitive-decline-study-says.html\">https:\/\/www.dailymail.co.uk\/health\/article-11982039\/Face-masks-raise-risk-stillbirths-testicular-issues-cognitive-decline-study-says.html<\/a><\/p>\n\n\n\n<h2 class=\"wp-block-heading\">Un an\u00e1lisis &#8216;gold standard&#8217; de 78 estudios y 1 mill\u00f3n de personas encuentra que cubrirse la cara hizo &#8216;poca o ninguna diferencia&#8217; en las tasas de infecci\u00f3n o mortalidad por Covid<\/h2>\n\n\n\n<figure class=\"wp-block-image size-full\"><img loading=\"lazy\" decoding=\"async\" width=\"634\" height=\"628\" src=\"https:\/\/www.salud101.cc\/wp-content\/uploads\/2023\/08\/image-6.png\" alt=\"\" class=\"wp-image-800\" srcset=\"https:\/\/www.salud101.cc\/wp-content\/uploads\/2023\/08\/image-6.png 634w, https:\/\/www.salud101.cc\/wp-content\/uploads\/2023\/08\/image-6-300x297.png 300w, https:\/\/www.salud101.cc\/wp-content\/uploads\/2023\/08\/image-6-150x150.png 150w\" sizes=\"auto, (max-width: 634px) 100vw, 634px\" \/><\/figure>\n\n\n\n<p><a href=\"https:\/\/www.dailymail.co.uk\/health\/article-11702865\/Masks-make-little-no-difference-Covid-infections-massive-cross-country-meta-analysis-finds.html\">https:\/\/www.dailymail.co.uk\/health\/article-11702865\/Masks-make-little-no-difference-Covid-infections-massive-cross-country-meta-analysis-finds.html<\/a><\/p>\n\n\n\n<h2 class=\"wp-block-heading\" id=\"otros-riesgos-sobre-el-uso-de-mascaras\">Otros riesgos sobre el uso de mascaras<\/h2>\n\n\n\n<p>Existen varios otros estudios e informaci\u00f3n que demuestra los riesgos del uso de m\u00e1scaras, aqui algunos:<\/p>\n\n\n\n<ul class=\"wp-block-list\">\n<li><a href=\"https:\/\/www.horizonworld.de\/mund-nasenschutz-aus-psychologischer-sicht-eine-studie-deckt-die-folgen-auf\/\">Mund-Nasenschutz aus psychologischer Sicht \u2013 eine Studie deckt die Folgen auf<\/a> (<a href=\"http:\/\/www.salud101.cc\/wp-content\/uploads\/2021\/03\/GermanStudyMasksChildren.pdf\">PDF<\/a> del estudio)<\/li>\n\n\n\n<li><a href=\"http:\/\/www.salud101.cc\/wp-content\/uploads\/2022\/02\/Studie_PsychBeschwerdenMasken_DP.pdf\">Studie zu psychologischen und psychovegetativen Beschwerden durch die aktuellen Mund-Nasenschutz-Verordnungen in Deutschland<\/a> (Stand Juni\/Juli 2020) &#8211; Daniela Prousa, Dipl. Psych. \u2013 20.07.2020<\/li>\n\n\n\n<li><a href=\"https:\/\/www.technocracy.news\/masks-are-neither-effective-nor-safe-a-summary-of-the-science\/\">Masks Are Neither Effective Nor Safe: A Summary Of The Science<\/a><\/li>\n\n\n\n<li><a href=\"https:\/\/elcorreodeespana.com\/opinion\/770515050\/La-mascarilla-es-una-grave-amenaza-para-el-desarrollo-de-los-ninos-aseguran-setenta-medicos-belgas-Por-Luys-Coleto.html\">La mascarilla es &#8220;una grave amenaza para el desarrollo de los ni\u00f1os&#8221;, aseguran setenta m\u00e9dicos belgas<\/a><\/li>\n\n\n\n<li><a href=\"https:\/\/www.globalresearch.ca\/medical-doctor-warns-bacterial-pneumonias-rise-mask-wearing\/5725848\">Medical Doctor Warns that \u201cBacterial Pneumonias Are on the Rise\u201d from Mask Wearing<\/a><\/li>\n\n\n\n<li><a href=\"https:\/\/www.globalresearch.ca\/masks-causing-decaying-teeth-receding-gum-lines-sour-breath-reports-ny-dentists\/5725623\">Face Masks Causing \u201cDecaying Teeth, Receding Gum Lines and Seriously Sour Breath\u201d Reports NY Dentists<\/a><\/li>\n\n\n\n<li><a href=\"https:\/\/www.jpost.com\/health-science\/could-wearing-a-mask-for-long-periods-be-detrimental-to-health-628400\">Could wearing a mask for long periods be detrimental to health?<\/a><\/li>\n\n\n\n<li><a href=\"https:\/\/www.americanthinker.com\/articles\/2020\/07\/to_mask_or_not_to_mask.html\">To Mask or Not to Mask?<\/a><\/li>\n\n\n\n<li><a href=\"https:\/\/web.ins.gob.pe\/sites\/default\/files\/Archivos\/authenticated%2C%20administrator%2C%20editor\/publicaciones\/2020-04-15\/RR%2005_mascarillas%20y%20respiradores%20PG%20PS_v1%20rev%20final_1529.pdf\">INS del Peru no encuentra evidencia de la efectividad del uso de mascarillas en individuos sanos<\/a><\/li>\n\n\n\n<li>Este <a href=\"http:\/\/www.salud101.cc\/wp-content\/uploads\/2021\/03\/Mascarillas-si-o-no.pdf\">PDF<\/a> tiene un resumen muy bueno sobre la poca proteccion de las mascarillas y sus efectos negativos para la salud<\/li>\n\n\n\n<li><a href=\"https:\/\/mises.org\/wire\/almost-year-later-theres-still-no-evidence-showing-governments-can-control-spread-covid-19\">Almost a Year Later, There\u2019s Still No Evidence Showing Governments Can Control the Spread of Covid-19<\/a> (Las mascarillas no influyen en los contagios, hospitalizaciones y muertes).<\/li>\n\n\n\n<li>En Weimar, Alemania, decretan ilegal la obligaci\u00f3n de usar m\u00e1scaras <a href=\"https:\/\/www.infranken.de\/ueberregional\/deutschland\/urteil-maskenpflicht-weimar-verwaltungsgericht-haelt-anordnung-fuer-rechtswidrig-art-5191309\">https:\/\/www.infranken.de\/ueberregional\/deutschland\/urteil-maskenpflicht-weimar-verwaltungsgericht-haelt-anordnung-fuer-rechtswidrig-art-5191309<\/a><\/li>\n\n\n\n<li><a href=\"http:\/\/www.salud101.cc\/wp-content\/uploads\/2022\/02\/ijerph-17-06655.pdf\">Comentario: Impacto Fisiol\u00f3gico y Psicol\u00f3gico del uso de mascarillas durante la pandemia de COVID-19<\/a><\/li>\n\n\n\n<li><a href=\"https:\/\/www.mdpi.com\/1660-4601\/18\/8\/4344\">\u00bfUna m\u00e1scara que cubre la boca y la nariz est\u00e1 libre de efectos secundarios indeseables en el uso diario y libre de peligros potenciales?<\/a> (<a href=\"http:\/\/www.salud101.cc\/wp-content\/uploads\/2022\/02\/ijerph-18-04344.pdf\">PDF<\/a>)<\/li>\n<\/ul>\n\n\n\n<h2 class=\"wp-block-heading\" id=\"conclusion\">Conclusi\u00f3n<\/h2>\n\n\n\n<p>De esta informaci\u00f3n no solo podemos concluir que no esta probado que las m\u00e1scaras reduzcan el contagio y muertes, sino que adem\u00e1s representan un grave riesgo para la salud. La obligaci\u00f3n de uso de las mascar\u00e1s en los colegios se puede incluso considerar <a href=\"https:\/\/aflds.org\/news\/post\/psychiatrist-bans-child-masking-and-all-forms-of-child-abuse-in-his-practice\/\">abuso infantil<\/a>. <\/p>\n\n\n\n<p>Por lo tanto, el gobierno del Peru, y muchos en el mundo, estan poniendo en riesgo la salud de sus respectivas poblaciones. A partir de esta investigaci\u00f3n el gobierno debe considerarse informado y de insistir en sus pol\u00edticas destructivas debe de responsabilizarse tanto al gobierno como a las personas en el que toman estas decisiones autoritarias.<\/p>\n\n\n\n<h2 class=\"wp-block-heading\" id=\"novedades\">Novedades<\/h2>\n\n\n\n<h3 class=\"wp-block-heading\" id=\"tribunal-distrital-de-weimar-en-alemania-sentencia-por-libertad-de-los-alumnos\">Tribunal distrital de Weimar en Alemania sentencia por libertad de los alumnos<\/h3>\n\n\n\n<p>El tribunal distrital de Weimar en Alemania en el caso de dos menores ha decretado que el <strong>colegio esta prohibido<\/strong> de:<\/p>\n\n\n\n<ul class=\"wp-block-list\">\n<li>Obligar al uso de mascaras o cualquier forma de proteccion de nariz o boca.<\/li>\n\n\n\n<li>Obligar al distanciamiento social.<\/li>\n\n\n\n<li>Obligar a tests rapidos para detectar SARS-CoV-2.<\/li>\n<\/ul>\n\n\n\n<div class=\"wp-block-file\"><a id=\"wp-block-file--media-94e5700a-bdeb-4f94-a9c8-0a0ba53d1328\" href=\"https:\/\/www.salud101.cc\/wp-content\/uploads\/2021\/04\/Amtsgericht_Weimar_9_F_148_21_EAO_Beschluss_anonym_Maske_2021_04.pdf\">Amtsgericht_Weimar_9_F_148_21_EAO_Beschluss_anonym_Maske_2021_04<\/a><a href=\"https:\/\/www.salud101.cc\/wp-content\/uploads\/2021\/04\/Amtsgericht_Weimar_9_F_148_21_EAO_Beschluss_anonym_Maske_2021_04.pdf\" class=\"wp-block-file__button wp-element-button\" download aria-describedby=\"wp-block-file--media-94e5700a-bdeb-4f94-a9c8-0a0ba53d1328\">Download<\/a><\/div>\n\n\n\n<h3 class=\"wp-block-heading\" id=\"la-cdc-admite-que-calcularon-mal-el-riesgo-de-transmision-de-covid-al-aire-libre\">La CDC admite que calcularon mal el riesgo de transmisi\u00f3n de Covid al aire libre<\/h3>\n\n\n\n<p>El New York Times informa que el Centro para el Control y la Prevenci\u00f3n de Enfermedades se basaban en un estudio defectuoso al declarar un 10% de probabilidad de transmisi\u00f3n de Covid-19 al aire libre. Despu\u00e9s de utilizar el &#8220;error de c\u00e1lculo&#8221; para respaldar los mandatos de m\u00e1scaras al aire libre para m\u00e1s de 300 millones de estadounidenses, la CDC ahora dice que es m\u00e1s como el 1%. Es asombroso que un componente tan clave y controvertido de nuestras pol\u00edticas de Covid no solo se basara en un error de c\u00e1lculo, sino que nunca se cuestionara o reexaminara activamente para descubrir el error.<\/p>\n\n\n\n<figure class=\"wp-block-embed is-type-wp-embed is-provider-jonathan-turley wp-block-embed-jonathan-turley\"><div class=\"wp-block-embed__wrapper\">\n<blockquote class=\"wp-embedded-content\" data-secret=\"umY7bYNTcc\"><a href=\"https:\/\/jonathanturley.org\/2021\/05\/11\/cdc-admits-that-it-miscalculated-the-risk-of-outdoor-covid-transmission\/\">CDC Admits That It Miscalculated The Risk Of Outdoor Covid Transmission<\/a><\/blockquote><iframe loading=\"lazy\" class=\"wp-embedded-content\" sandbox=\"allow-scripts\" security=\"restricted\" style=\"position: absolute; clip: rect(1px, 1px, 1px, 1px);\" title=\"&#8220;CDC Admits That It Miscalculated The Risk Of Outdoor Covid Transmission&#8221; &#8212; JONATHAN TURLEY\" src=\"https:\/\/jonathanturley.org\/2021\/05\/11\/cdc-admits-that-it-miscalculated-the-risk-of-outdoor-covid-transmission\/embed\/#?secret=EbD0dRIEQ1#?secret=umY7bYNTcc\" data-secret=\"umY7bYNTcc\" width=\"600\" height=\"338\" frameborder=\"0\" marginwidth=\"0\" marginheight=\"0\" scrolling=\"no\"><\/iframe>\n<\/div><\/figure>\n\n\n\n<p><a href=\"https:\/\/messaging-custom-newsletters.nytimes.com\/template\/oakv2?abVariantId=2&amp;campaign_id=9&amp;emc=edit_nn_20210511&amp;instance_id=30578&amp;nl=the-morning&amp;productCode=NN&amp;regi_id=61223809&amp;segment_id=57734&amp;te=1&amp;uri=nyt%3A%2F%2Fnewsletter%2Fa1606adc-e1e1-5581-9f2e-aee007a098ea&amp;user_id=62d7d697d0b3a5001308c3122f8093b6\">https:\/\/messaging-custom-newsletters.nytimes.com\/template\/oakv2?abVariantId=2&amp;campaign_id=9&amp;emc=edit_nn_20210511&amp;instance_id=30578&amp;nl=the-morning&amp;productCode=NN&amp;regi_id=61223809&amp;segment_id=57734&amp;te=1&amp;uri=nyt%3A%2F%2Fnewsletter%2Fa1606adc-e1e1-5581-9f2e-aee007a098ea&amp;user_id=62d7d697d0b3a5001308c3122f8093b6<\/a><\/p>\n\n\n\n<h3 class=\"wp-block-heading\" id=\"los-expertos-avalan-las-tesis-de-simon-y-defienden-terminar-con-la-mascarilla-al-aire-libre\">Los expertos avalan las tesis de Sim\u00f3n y defienden terminar con la mascarilla al aire libre<\/h3>\n\n\n\n<p>&#8220;En exteriores no hace pr\u00e1cticamente ning\u00fan papel, contagiarse al aire libre es remotamente improbable&#8221;, indica el investigador de la Fundaci\u00f3n Fisabio, Salvador Peir\u00f3<\/p>\n\n\n\n<p><a href=\"https:\/\/www.diariodemallorca.es\/sociedad\/2021\/05\/19\/expertos-avalan-tesis-simon-defienden-51994111.html?utm_source=twitter&amp;utm_medium=social&amp;utm_campaign=dogtrack\">https:\/\/www.diariodemallorca.es\/sociedad\/2021\/05\/19\/expertos-avalan-tesis-simon-defienden-51994111.html?utm_source=twitter&amp;utm_medium=social&amp;utm_campaign=dogtrack<\/a><\/p>\n\n\n\n<h3 class=\"wp-block-heading\" id=\"un-estudio-publicado-discretamente-en-nih-gov-demuestra-que-las-mascarillas-faciales-son-absolutamente-inutiles-contra-covid-actualizado\">Un estudio publicado discretamente en NIH.gov demuestra que las mascarillas faciales son absolutamente in\u00fatiles contra Covid [Actualizado]<\/h3>\n\n\n\n<p><strong>Conclusi\u00f3n:<\/strong> La evidencia cient\u00edfica existente desaf\u00eda la seguridad y eficacia del uso de mascarilla como intervenci\u00f3n preventiva para COVID-19. Los datos sugieren que tanto las mascarillas m\u00e9dicas como las no m\u00e9dicas son <strong>ineficaces<\/strong> para bloquear la transmisi\u00f3n de persona a persona de enfermedades virales e infecciosas como el SARS-CoV-2 y COVID-19, lo que respalda el <strong>no uso<\/strong> de mascarillas. Se ha demostrado que el uso de mascarillas tiene efectos fisiol\u00f3gicos y psicol\u00f3gicos adversos sustanciales. Estos incluyen hipoxia, hipercapnia, dificultad para respirar, aumento de la acidez y toxicidad, activaci\u00f3n de la respuesta al miedo y al estr\u00e9s, aumento de las hormonas del estr\u00e9s, inmunosupresi\u00f3n, fatiga, dolores de cabeza, disminuci\u00f3n del rendimiento cognitivo, predisposici\u00f3n a enfermedades virales e infecciosas, estr\u00e9s cr\u00f3nico, ansiedad y depresi\u00f3n. Las consecuencias a largo plazo del uso de mascarilla pueden causar deterioro de la salud, desarrollo y progresi\u00f3n de enfermedades cr\u00f3nicas y muerte prematura. Los gobiernos, los responsables de la formulaci\u00f3n de pol\u00edticas y las organizaciones de salud deben utilizar un enfoque basado en pruebas cient\u00edficas con respecto al uso de mascarillas, cuando este \u00faltimo se considere una intervenci\u00f3n preventiva para la salud p\u00fablica.<\/p>\n\n\n\n<p><a href=\"https:\/\/americanconservativemovement.com\/2021\/04\/17\/stanford-study-quietly-published-at-nih-gov-proves-face-masks-are-absolutely-worthless-against-covid\/\">https:\/\/americanconservativemovement.com\/2021\/04\/17\/stanford-study-quietly-published-at-nih-gov-proves-face-masks-are-absolutely-worthless-against-covid\/<\/a><\/p>\n\n\n\n<h2 class=\"wp-block-heading\" id=\"proteccion-o-peligro-mas-de-50-articulos-cientificos-que-hablan-en-contra-del-uso-de-cubrebocas-y-nariz\">\u00bfProtecci\u00f3n o peligro? M\u00e1s de 50 art\u00edculos cient\u00edficos que hablan en contra del uso de cubrebocas y nariz<\/h2>\n\n\n\n<p><a href=\"https:\/\/corona-blog.net\/schutz_oder_gefahr_ueber_50_studien-welche-gegen-das-tragen-von-mund-nasen-bedeckungen-sprechen\/\">https:\/\/corona-blog.net\/schutz_oder_gefahr_ueber_50_studien-welche-gegen-das-tragen-von-mund-nasen-bedeckungen-sprechen\/<\/a><\/p>\n\n\n\n<h2 class=\"wp-block-heading\" id=\"otro-estudio-sobre-el-cubrebocas-el-uso-prolongado-de-mascarillas-presenta-riesgos-considerables-para-la-salud\">Otro estudio sobre el cubrebocas: el uso prolongado de mascarillas presenta riesgos considerables para la salud<\/h2>\n\n\n\n<p>El equipo de investigaci\u00f3n evalu\u00f3 109 estudios internacionales sobre m\u00e1scaras y public\u00f3 los resultados en una revista especializada de renombre. Resultado: valores de CO<sub>2<\/sub> alarmantemente altos, falta de ox\u00edgeno, deterioro de la capacidad de pensar, deterioro del coraz\u00f3n y la circulaci\u00f3n son solo algunos de los problemas de usar una m\u00e1scara durante un per\u00edodo de tiempo m\u00e1s largo.<\/p>\n\n\n\n<p><a href=\"https:\/\/corona-blog.net\/2021\/06\/27\/weitere-studie-zur-mund-nasen-bedeckung-dauerhaftes-maskentragen-birgt-erhebliche-gesundheitsrisiken\/\">https:\/\/corona-blog.net\/2021\/06\/27\/weitere-studie-zur-mund-nasen-bedeckung-dauerhaftes-maskentragen-birgt-erhebliche-gesundheitsrisiken\/<\/a><\/p>\n\n\n\n<p><a href=\"https:\/\/www.mdpi.com\/1660-4601\/18\/8\/4344\">https:\/\/www.mdpi.com\/1660-4601\/18\/8\/4344<\/a><\/p>\n\n\n\n<h2 class=\"wp-block-heading\" id=\"el-covid-19-y-el-rsv-virus-sincitial-respiratorio-forman-un-doble-golpe-llevando-a-los-hospitales-de-ninos-al-borde-del-abismo\">El COVID-19 y el RSV (virus sincitial respiratorio) forman un doble golpe, llevando a los hospitales de ni\u00f1os al borde del abismo<\/h2>\n\n\n\n<p>Los hospitales pedi\u00e1tricos dicen que la afluencia de pacientes j\u00f3venes con virus respiratorio sincitial se est\u00e1 combinando con el aumento de COVID-19 para llevarlos a su capacidad m\u00e1xima. Pero en un giro ir\u00f3nico, algunos expertos dicen que el aumento de RSV puede estar impulsado en parte por los esfuerzos de mitigaci\u00f3n para frenar la propagaci\u00f3n de COVID-19.<\/p>\n\n\n\n<p><a href=\"https:\/\/www.washingtonexaminer.com\/news\/covid-19-and-rsv-form-wicked-one-two-punch-bringing-childrens-hospitals-to-the-brink\">https:\/\/www.washingtonexaminer.com\/news\/covid-19-and-rsv-form-wicked-one-two-punch-bringing-childrens-hospitals-to-the-brink<\/a><\/p>\n\n\n\n<h2 class=\"wp-block-heading\" id=\"las-mascaras-son-una-incubadora-de-bacterias\">Las Mascaras son una incubadora de bacterias<\/h2>\n\n\n\n<figure class=\"wp-block-image size-large\"><img loading=\"lazy\" decoding=\"async\" width=\"1024\" height=\"847\" src=\"https:\/\/www.salud101.cc\/wp-content\/uploads\/2021\/09\/image-2-1024x847.png\" alt=\"\" class=\"wp-image-519\" srcset=\"https:\/\/www.salud101.cc\/wp-content\/uploads\/2021\/09\/image-2-1024x847.png 1024w, https:\/\/www.salud101.cc\/wp-content\/uploads\/2021\/09\/image-2-300x248.png 300w, https:\/\/www.salud101.cc\/wp-content\/uploads\/2021\/09\/image-2-768x635.png 768w, https:\/\/www.salud101.cc\/wp-content\/uploads\/2021\/09\/image-2.png 1125w\" sizes=\"auto, (max-width: 1024px) 100vw, 1024px\" \/><\/figure>\n\n\n\n<p>Las m\u00e1scaras son una placa Petri que obstruye la respiraci\u00f3n (funci\u00f3n corporal importante) y multiplica las bacterias. Aqui los padres enviaron la mascara para analisis por un laboratorio y se ven los resultados: Streptococco Pneumoniae, Mycobacterium Tuberculosis, Neisseria Meningitidis, E. Coli., etc.<\/p>\n\n\n\n<h2 class=\"wp-block-heading\">Desentra\u00f1ando el papel del uso obligatorio de cubrebocas para el control del SARS-CoV-2 en las escuelas: un estudio cuasi-experimental anidado en una cohorte de base poblacional en Catalu\u00f1a (Espa\u00f1a)<\/h2>\n\n\n\n<p>Interpretaci\u00f3n: los mandatos de FCM (m\u00e1scaras) en las escuelas no se asociaron con una menor incidencia o transmisi\u00f3n de SARS-CoV-2, lo que sugiere que esta intervenci\u00f3n no fue efectiva. En cambio, la dependencia de la edad fue el factor m\u00e1s importante para explicar el riesgo de transmisi\u00f3n para los ni\u00f1os que asisten a la escuela.<\/p>\n\n\n\n<p><a href=\"https:\/\/papers.ssrn.com\/sol3\/papers.cfm?abstract_id=4046809\">https:\/\/papers.ssrn.com\/sol3\/papers.cfm?abstract_id=4046809<\/a><\/p>\n\n\n\n<p><\/p>\n\n\n\n<h2 class=\"wp-block-heading\">El principal asesor de Covid de la Casa Blanca admite: &#8220;Ning\u00fan estudio en el mundo muestra que las m\u00e1scaras funcionan&#8221;<\/h2>\n\n\n\n<p>El video viral muestra al principal asesor de Covid de la Casa Blanca, el Dr. Ashish Jha, admitiendo que no hay estudios que muestren que las m\u00e1scaras faciales funcionan.<\/p>\n\n\n\n<p>\u201cNo hay ning\u00fan estudio en el mundo que demuestre que las m\u00e1scaras funcionan tan bien\u201d, dijo Jha a The Philadelphia Inquirer a principios de este mes.<\/p>\n\n\n\n<p><a href=\"https:\/\/davidicke.com\/2023\/01\/02\/top-white-house-covid-advisor-admits-no-study-in-the-world-shows-masks-work\/\">https:\/\/davidicke.com\/2023\/01\/02\/top-white-house-covid-advisor-admits-no-study-in-the-world-shows-masks-work\/<\/a><\/p>\n\n\n\n<figure class=\"wp-block-embed is-type-rich is-provider-twitter wp-block-embed-twitter\"><div class=\"wp-block-embed__wrapper\">\n<blockquote class=\"twitter-tweet\" data-width=\"550\" data-dnt=\"true\"><p lang=\"en\" dir=\"ltr\">\u26a0\ufe0f\u201dTHERE\u2019S NO STUDY IN THE WORLD THAT SHOW THAT MASKS WORK\u201d<br><br>White House Covid Advisor, Dr. Jha, finally admits on a recent zoom call <a href=\"https:\/\/t.co\/AxdFhF6Mco\">pic.twitter.com\/AxdFhF6Mco<\/a><\/p>&mdash; Sergeant News Network (@Sgtnewsnetwork) <a href=\"https:\/\/twitter.com\/Sgtnewsnetwork\/status\/1608482380267900934?ref_src=twsrc%5Etfw\">December 29, 2022<\/a><\/blockquote><script async src=\"https:\/\/platform.twitter.com\/widgets.js\" charset=\"utf-8\"><\/script>\n<\/div><\/figure>\n\n\n\n<h2 class=\"wp-block-heading\">Hilo de Twitter que resume la locura de las mascaras<\/h2>\n\n\n\n<figure class=\"wp-block-embed is-type-rich is-provider-twitter wp-block-embed-twitter\"><div class=\"wp-block-embed__wrapper\">\n<blockquote class=\"twitter-tweet\" data-width=\"550\" data-dnt=\"true\"><p lang=\"en\" dir=\"ltr\">\ud83e\uddf5THREAD: Proof that masks worked during Covid. <a href=\"https:\/\/t.co\/MY6YckRsOT\">pic.twitter.com\/MY6YckRsOT<\/a><\/p>&mdash; Dr. Simon Goddek (@goddeketal) <a href=\"https:\/\/twitter.com\/goddeketal\/status\/1654570633878011909?ref_src=twsrc%5Etfw\">May 5, 2023<\/a><\/blockquote><script async src=\"https:\/\/platform.twitter.com\/widgets.js\" charset=\"utf-8\"><\/script>\n<\/div><\/figure>\n\n\n\n<h2 class=\"wp-block-heading\">Un nuevo estudio confirma que la CDC y otros &#8216;expertos&#8217; da\u00f1aron a los ni\u00f1os por nada<\/h2>\n\n\n\n<p>&#8220;<strong>Conclusiones<\/strong>: La eficacia en el mundo real de la obligaci\u00f3n de utilizar mascarillas para ni\u00f1os contra la transmisi\u00f3n o infecci\u00f3n del SARS-CoV-2 no se ha demostrado con evidencia de alta calidad. El conjunto actual de datos cient\u00edficos no respalda el uso de mascarillas en los ni\u00f1os para protegerlos contra el COVID-19.&#8221;<\/p>\n\n\n\n<p><a href=\"https:\/\/dailysceptic.org\/2023\/12\/16\/new-study-confirms-cdc-and-other-experts-hurt-children-for-nothing\/\">https:\/\/dailysceptic.org\/2023\/12\/16\/new-study-confirms-cdc-and-other-experts-hurt-children-for-nothing\/<\/a><\/p>\n\n\n\n<p><a href=\"https:\/\/adc.bmj.com\/content\/early\/2023\/12\/06\/archdischild-2023-326215\">https:\/\/adc.bmj.com\/content\/early\/2023\/12\/06\/archdischild-2023-326215<\/a><\/p>\n\n\n\n<p><a href=\"https:\/\/www.welt.de\/wissenschaft\/article248884692\/Corona-Maskenpflicht-fuer-Kinder-Forscher-finden-keinen-Beweis-fuer-Wirksamkeit.html\">https:\/\/www.welt.de\/wissenschaft\/article248884692\/Corona-Maskenpflicht-fuer-Kinder-Forscher-finden-keinen-Beweis-fuer-Wirksamkeit.html<\/a><\/p>\n\n\n\n<h2 class=\"wp-block-heading\">Juez se decide por el inter\u00e9s superior del ni\u00f1o<\/h2>\n\n\n\n<p>Una escuela libre (privada) neg\u00f3 el acceso a clases a un ni\u00f1o sano porque no pod\u00eda llevar una mascarilla FFP2 por motivos de salud. Tampoco se llev\u00f3 a cabo la evaluaci\u00f3n de riesgos requerida en relaci\u00f3n con los hisopos de prueba. Al ni\u00f1o se le neg\u00f3 el acceso a los terrenos de la escuela. Por lo tanto, los padres redujeron el dinero pagado a la escuela, tras lo cual la escuela demand\u00f3 a los padres por el pago. La demanda fue desestimada.<\/p>\n\n\n\n<figure class=\"wp-block-embed is-type-wp-embed is-provider-mwgfd wp-block-embed-mwgfd\"><div class=\"wp-block-embed__wrapper\">\n<blockquote class=\"wp-embedded-content\" data-secret=\"yLTYsMyOI2\"><a href=\"https:\/\/www.mwgfd.org\/2023\/12\/endlich-fuer-das-kindeswohl-entschieden-amtsgericht-halle\/\">Endlich! F\u00fcr das Kindeswohl entschieden &#8211; Amtsgericht Halle<\/a><\/blockquote><iframe loading=\"lazy\" class=\"wp-embedded-content\" sandbox=\"allow-scripts\" security=\"restricted\" style=\"position: absolute; clip: rect(1px, 1px, 1px, 1px);\" title=\"&#8222;Endlich! F\u00fcr das Kindeswohl entschieden &#8211; Amtsgericht Halle&#8220; &#8212; MWGFD\" src=\"https:\/\/www.mwgfd.org\/2023\/12\/endlich-fuer-das-kindeswohl-entschieden-amtsgericht-halle\/embed\/#?secret=6WhGSbXhdA#?secret=yLTYsMyOI2\" data-secret=\"yLTYsMyOI2\" width=\"600\" height=\"338\" frameborder=\"0\" marginwidth=\"0\" marginheight=\"0\" scrolling=\"no\"><\/iframe>\n<\/div><\/figure>\n\n\n\n<p>AG Halle (Saale): sentencia anunciada 98 C 2116\/21 del 14 de diciembre de 2023. Dado a conocer por <a href=\"https:\/\/t.me\/HolgerFischerRA\">RA Holger Fischer<\/a>. <a href=\"http:\/\/www.salud101.cc\/wp-content\/uploads\/2024\/01\/Urteil-AG-Halle.pdf\" target=\"_blank\" rel=\"noreferrer noopener\">Resoluci\u00f3n del Juez<\/a>.<\/p>\n\n\n\n<h2 class=\"wp-block-heading\">Conclusi\u00f3n<\/h2>\n\n\n\n<p>Las m\u00e1scaras no sirven para evitar infecciones respiratorias en general, y su uso cont\u00ednuo es da\u00f1ino desde el punto de visto f\u00edsico como psicol\u00f3gico. Debemos eliminar esta pr\u00e1ctica cuanto antes.<\/p>\n\n\n\n<p><\/p>\n","protected":false},"excerpt":{"rendered":"<p>CDC (Center for Disease Control) El \u00faltimo estudio de la CDC &#8220;Association of State-Issued Mask Mandates and Allowing On-Premises Restaurant Dining with County-Level COVID-19 Case and Death Growth Rates \u2014 United States, March 1\u2013December 31, 2020&#8221; concluye en su resumen que la obligaci\u00f3n de uso de m\u00e1scaras en general reduce los contagios y muertes y<\/p>\n","protected":false},"author":2,"featured_media":0,"parent":0,"menu_order":0,"comment_status":"closed","ping_status":"closed","template":"","meta":{"_monsterinsights_skip_tracking":false,"_monsterinsights_sitenote_active":false,"_monsterinsights_sitenote_note":"","_monsterinsights_sitenote_category":0,"footnotes":""},"class_list":["post-156","page","type-page","status-publish","hentry"],"_links":{"self":[{"href":"https:\/\/www.salud101.cc\/index.php\/wp-json\/wp\/v2\/pages\/156","targetHints":{"allow":["GET"]}}],"collection":[{"href":"https:\/\/www.salud101.cc\/index.php\/wp-json\/wp\/v2\/pages"}],"about":[{"href":"https:\/\/www.salud101.cc\/index.php\/wp-json\/wp\/v2\/types\/page"}],"author":[{"embeddable":true,"href":"https:\/\/www.salud101.cc\/index.php\/wp-json\/wp\/v2\/users\/2"}],"replies":[{"embeddable":true,"href":"https:\/\/www.salud101.cc\/index.php\/wp-json\/wp\/v2\/comments?post=156"}],"version-history":[{"count":52,"href":"https:\/\/www.salud101.cc\/index.php\/wp-json\/wp\/v2\/pages\/156\/revisions"}],"predecessor-version":[{"id":843,"href":"https:\/\/www.salud101.cc\/index.php\/wp-json\/wp\/v2\/pages\/156\/revisions\/843"}],"wp:attachment":[{"href":"https:\/\/www.salud101.cc\/index.php\/wp-json\/wp\/v2\/media?parent=156"}],"curies":[{"name":"wp","href":"https:\/\/api.w.org\/{rel}","templated":true}]}}